{"id":5879,"date":"2026-05-20T14:35:08","date_gmt":"2026-05-20T12:35:08","guid":{"rendered":"https:\/\/www.fintamuzeum.hu\/?page_id=5879"},"modified":"2026-06-02T08:48:51","modified_gmt":"2026-06-02T06:48:51","slug":"zalezsak-ilona-grafikus","status":"publish","type":"page","link":"https:\/\/www.fintamuzeum.hu\/?page_id=5879","title":{"rendered":"Zalezs\u00e1k Ilona grafikus"},"content":{"rendered":"\n<figure class=\"wp-block-image size-large is-resized\"><a href=\"https:\/\/www.fintamuzeum.hu\/wp-content\/uploads\/2026\/05\/zalezsak_ilona_foto_cl_lo-1.jpg\"><img loading=\"lazy\" decoding=\"async\" width=\"698\" height=\"1024\" src=\"https:\/\/www.fintamuzeum.hu\/wp-content\/uploads\/2026\/05\/zalezsak_ilona_foto_cl_lo-1-698x1024.jpg\" alt=\"\" class=\"wp-image-5883\" style=\"width:429px;height:auto\" srcset=\"https:\/\/www.fintamuzeum.hu\/wp-content\/uploads\/2026\/05\/zalezsak_ilona_foto_cl_lo-1-698x1024.jpg 698w, https:\/\/www.fintamuzeum.hu\/wp-content\/uploads\/2026\/05\/zalezsak_ilona_foto_cl_lo-1-204x300.jpg 204w, https:\/\/www.fintamuzeum.hu\/wp-content\/uploads\/2026\/05\/zalezsak_ilona_foto_cl_lo-1-768x1127.jpg 768w, https:\/\/www.fintamuzeum.hu\/wp-content\/uploads\/2026\/05\/zalezsak_ilona_foto_cl_lo-1-1047x1536.jpg 1047w, https:\/\/www.fintamuzeum.hu\/wp-content\/uploads\/2026\/05\/zalezsak_ilona_foto_cl_lo-1.jpg 1200w\" sizes=\"auto, (max-width: 698px) 100vw, 698px\" \/><\/a><\/figure>\n\n\n\n<p class=\"has-medium-font-size\">Magamr\u00f3l:<\/p>\n\n\n\n<ul class=\"wp-block-list\">\n<li>Sz\u0151nyben sz\u00fclettem, a Dun\u00e1nt\u00falon n\u0151ttem fel.<\/li>\n\n\n\n<li>M\u00f3ron \u00e9retts\u00e9giztem, majd Szegeden magyar-rajz szakon szereztem tan\u00e1ri diplom\u00e1t.<\/li>\n\n\n\n<li>1969-t\u0151l T\u00farkev\u00e9n tan\u00edtottam, majd a k\u00f6zm\u0171vel\u0151d\u00e9sben dolgoztam.<\/li>\n\n\n\n<li>Alap\u00edt\u00f3 tagja lettem a \u201eKevi K\u00f6r\u201d alkot\u00f3 k\u00f6z\u00f6ss\u00e9g\u00e9nek.<\/li>\n\n\n\n<li>1980-86 k\u00f6z\u00f6tt a z\u00e1nkai Nemzetk\u00f6zi Gyermekalkot\u00e1sok Gal\u00e9ri\u00e1j\u00e1nak munkat\u00e1rsa, majd vezet\u0151je voltam.<\/li>\n\n\n\n<li>1987-t\u0151l a kisv\u00e1rdai Bessenyei Gy\u00f6rgy Gimn\u00e1zium tan\u00e1ra lettem, rajz tagozatot ind\u00edtottam. Sok tehets\u00e9ges tan\u00edtv\u00e1nyom v\u00e1lasztotta a m\u0171v\u00e9szeti-p\u00e1ly\u00e1t.<\/li>\n\n\n\n<li>K\u00f6zben tanultam \u2013 2002-ben az Iparm\u0171v\u00e9szeti Egyetem alkalmazott grafikus szak\u00e1n diplom\u00e1ztam.<\/li>\n\n\n\n<li>A v\u00e1ros k\u00f6zm\u0171vel\u0151d\u00e9si \u00e9let\u00e9ben mindv\u00e9gig r\u00e9szt vettem, alap\u00edt\u00f3 tagja lettem az Els\u0151 Kisv\u00e1rdai K\u00e9pz\u0151m\u0171v\u00e9szeti M\u0171helynek.<br>Rendszeresen ki\u00e1ll\u00edtok, illusztr\u00e1lok.<\/li>\n\n\n\n<li>T\u00f6bb alkot\u00f3k\u00f6z\u00f6ss\u00e9g tagja vagyok, csoportos ki\u00e1ll\u00edt\u00e1sok r\u00e9sztvev\u0151je vagyok.<\/li>\n\n\n\n<li>Kisv\u00e1rd\u00e1n \u00e9lek, nyugd\u00edjas vagyok, de nem t\u00e9tlenkedem:<br>el\u0151ad\u00e1sokat tartok,<br>t\u00e1rlatvezet\u00e9seket,<br>zs\u0171riz\u00e9seket,<br>ki\u00e1ll\u00edt\u00e1smegnyit\u00f3kat tartok.<\/li>\n\n\n\n<li>2004-ben a TIT Orsz\u00e1gos eln\u00f6ks\u00e9g\u00e9t\u0151l elismer\u00e9sk\u00e9nt Aranykoszor\u00fas TIT jelv\u00e9nyt kaptam.<\/li>\n<\/ul>\n\n\n\n<p class=\"has-medium-font-size\">Csoportos ki\u00e1ll\u00edt\u00e1sokon val\u00f3 r\u00e9szv\u00e9teleim:<br>1969-1980:<\/p>\n\n\n\n<ul class=\"wp-block-list\">\n<li>Kevi K\u00f6ri ki\u00e1ll\u00edt\u00e1sok<\/li>\n\n\n\n<li>Finta M\u00fazeum \u0150szi \u00e9s Tavaszi T\u00e1rlatai<br>1986-2008-ig:<\/li>\n\n\n\n<li>EKKM ki\u00e1ll\u00edt\u00e1sai \u2013 Kisv\u00e1rda<\/li>\n\n\n\n<li>R\u00e9tk\u00f6zi M\u00fazeum \u0150szi \u00e9s Tavaszi Ki\u00e1ll\u00edt\u00e1sai<\/li>\n<\/ul>\n\n\n\n<p class=\"has-medium-font-size\">Egy\u00e9ni ki\u00e1ll\u00edt\u00e1saim:<\/p>\n\n\n\n<p>1978 \u2013 Tata, M\u0171vel\u0151d\u00e9si K\u00f6zpont<br>1979 \u2013 M\u00f3r, Lamberg Kast\u00e9ly<br>1980 \u2013 Sz\u00e9kesfeh\u00e9rv\u00e1r \u2013 Alba Regia Gal\u00e9ria<br>1998 \u2013 Kuszankovszkij \u2013 Finnorsz\u00e1g<br>2002 \u2013 Kisv\u00e1rda, M\u0171vel\u0151d\u00e9si K\u00f6zpont<br>2003 \u2013 M\u00e1t\u00e9szalka \u2013 Szatm\u00e1r M\u00fazeum<br>1998 \u2013 T\u00farkeve, Finta M\u00fazeum (B\u00e9l\u00e1val k\u00f6z\u00f6sen)<br>2002 \u2013 Pusztav\u00e1m, M\u0171vel\u0151d\u00e9si K\u00f6zpont<br>2002 &#8211; Kisv\u00e1rda, V\u00e1rosi K\u00f6nyvt\u00e1r<br>&#8211; Tornyosp\u00e1lca, \u00c1ltal\u00e1nos Iskola<br>&#8211; Ajak, \u00c1ltal\u00e1nos Iskola<br>2003 \u2013 J\u00e1szber\u00e9ny, Lehel Vez\u00e9r Gimn\u00e1zium<br>2004, 2014 \u2013 Kir\u00e1lyhelmec \u2013 Szlov\u00e1kia<br>2015, 2016 \u2013 Kisv\u00e1rda \u2013 R\u00e9tk\u00f6zi M\u00fazeum<br>2015 \u2013 Ny\u00edrb\u00e1tor, Kultur\u00e1lis K\u00f6zpont<br>2016-t\u00f3l t\u00f6bb vid\u00e9ki iskol\u00e1ban gyerekeknek sz\u00f3l\u00f3 illusztr\u00e1ci\u00f3kkal szerepeltem \u2013 nagy \u00f6r\u00f6m\u00f6mre!<br>4 v\u00e1rosi antol\u00f3gi\u00e1ban jelentek meg k\u00e9peim \u2013 a mai napig kedvelt foglalkoz\u00e1som az illusztr\u00e1l\u00e1s \u2013 rem\u00e9lem, m\u00e9g sok\u00e1ig!<\/p>\n\n\n\n<figure class=\"wp-block-embed is-type-video is-provider-youtube wp-block-embed-youtube wp-embed-aspect-16-9 wp-has-aspect-ratio\"><div class=\"wp-block-embed__wrapper\">\n<iframe loading=\"lazy\" title=\"Zalezs\u00e1k Ilona - grafikus\" width=\"640\" height=\"360\" src=\"https:\/\/www.youtube.com\/embed\/a4zeTLAClQ8?feature=oembed\" frameborder=\"0\" allow=\"accelerometer; autoplay; clipboard-write; encrypted-media; gyroscope; picture-in-picture; web-share\" referrerpolicy=\"strict-origin-when-cross-origin\" allowfullscreen><\/iframe>\n<\/div><\/figure>\n","protected":false},"excerpt":{"rendered":"<p>Magamr\u00f3l: Csoportos ki\u00e1ll\u00edt\u00e1sokon val\u00f3 r\u00e9szv\u00e9teleim:1969-1980: Egy\u00e9ni ki\u00e1ll\u00edt\u00e1saim: 1978 \u2013 Tata, M\u0171vel\u0151d\u00e9si K\u00f6zpont1979 \u2013 M\u00f3r, Lamberg Kast\u00e9ly1980 \u2013 Sz\u00e9kesfeh\u00e9rv\u00e1r \u2013 Alba Regia Gal\u00e9ria1998 \u2013 Kuszankovszkij \u2013 Finnorsz\u00e1g2002 \u2013 Kisv\u00e1rda, M\u0171vel\u0151d\u00e9si K\u00f6zpont2003 \u2013 M\u00e1t\u00e9szalka \u2013 Szatm\u00e1r M\u00fazeum1998 \u2013 T\u00farkeve, Finta M\u00fazeum (B\u00e9l\u00e1val &hellip; <a href=\"https:\/\/www.fintamuzeum.hu\/?page_id=5879\">Egy kattint\u00e1s ide a folytat\u00e1shoz&#8230;. <span class=\"meta-nav\">&rarr;<\/span><\/a><\/p>\n","protected":false},"author":2,"featured_media":0,"parent":32,"menu_order":0,"comment_status":"closed","ping_status":"closed","template":"","meta":{"footnotes":""},"class_list":["post-5879","page","type-page","status-publish","hentry"],"_links":{"self":[{"href":"https:\/\/www.fintamuzeum.hu\/index.php?rest_route=\/wp\/v2\/pages\/5879","targetHints":{"allow":["GET"]}}],"collection":[{"href":"https:\/\/www.fintamuzeum.hu\/index.php?rest_route=\/wp\/v2\/pages"}],"about":[{"href":"https:\/\/www.fintamuzeum.hu\/index.php?rest_route=\/wp\/v2\/types\/page"}],"author":[{"embeddable":true,"href":"https:\/\/www.fintamuzeum.hu\/index.php?rest_route=\/wp\/v2\/users\/2"}],"replies":[{"embeddable":true,"href":"https:\/\/www.fintamuzeum.hu\/index.php?rest_route=%2Fwp%2Fv2%2Fcomments&post=5879"}],"version-history":[{"count":6,"href":"https:\/\/www.fintamuzeum.hu\/index.php?rest_route=\/wp\/v2\/pages\/5879\/revisions"}],"predecessor-version":[{"id":5907,"href":"https:\/\/www.fintamuzeum.hu\/index.php?rest_route=\/wp\/v2\/pages\/5879\/revisions\/5907"}],"up":[{"embeddable":true,"href":"https:\/\/www.fintamuzeum.hu\/index.php?rest_route=\/wp\/v2\/pages\/32"}],"wp:attachment":[{"href":"https:\/\/www.fintamuzeum.hu\/index.php?rest_route=%2Fwp%2Fv2%2Fmedia&parent=5879"}],"curies":[{"name":"wp","href":"https:\/\/api.w.org\/{rel}","templated":true}]}}