{"id":5501,"date":"2024-12-05T09:42:06","date_gmt":"2024-12-05T08:42:06","guid":{"rendered":"http:\/\/www.fintamuzeum.hu\/?page_id=5501"},"modified":"2025-01-13T08:09:54","modified_gmt":"2025-01-13T07:09:54","slug":"allas-palyazat","status":"publish","type":"page","link":"https:\/\/www.fintamuzeum.hu\/?page_id=5501","title":{"rendered":"\u00c1ll\u00e1s p\u00e1ly\u00e1zat"},"content":{"rendered":"\n<h5 class=\"wp-block-heading\">T\u00daRKEVE V\u00c1ROSI \u00d6NKORM\u00c1NYZAT Finta M\u00fazeum p\u00e1ly\u00e1zatot hirdet Munkaviszony (MT) keret\u00e9ben<\/h5>\n\n\n\n<h3 class=\"wp-block-heading\">M\u00fazeum igazgat\u00f3<\/h3>\n\n\n\n<p>Munkak\u00f6r\/feladatk\u00f6r bet\u00f6lt\u00e9s\u00e9re.<\/p>\n\n\n\n<p><strong>Tev\u00e9kenys\u00e9gi k\u00f6r (ell\u00e1tand\u00f3 feladatok):<\/strong>&nbsp;&nbsp;A m\u00fazeumigazgat\u00f3 a vonatkoz\u00f3 jogszab\u00e1lyokban, az int\u00e9zm\u00e9ny Alap\u00edt\u00f3 Okirat\u00e1ban, Szervezeti \u00e9s M\u0171k\u00f6d\u00e9si Szab\u00e1lyzat\u00e1ban meghat\u00e1rozottak szerint felel\u0151s az int\u00e9zm\u00e9ny alapfeladatainak ell\u00e1t\u00e1s\u00e1nak koordin\u00e1l\u00e1s\u00e1\u00e9rt, k\u00f6lts\u00e9gvet\u00e9si gazd\u00e1lkod\u00e1s\u00e1\u00e9rt, a szakszer\u0171 \u00e9s t\u00f6rv\u00e9nyes m\u0171k\u00f6dtet\u00e9s\u00e9\u00e9rt, a szakmai feladatell\u00e1t\u00e1s\u00e9rt. Az int\u00e9zm\u00e9nyvezet\u0151 egyszem\u00e9lyi felel\u0151s vezet\u0151je az int\u00e9zm\u00e9nynek, a feladatell\u00e1t\u00e1shoz biztos\u00edtott \u00f6nkorm\u00e1nyzati vagyon haszn\u00e1lat\u00e1nak \u00e9s meg\u0151rz\u00e9s\u00e9nek. Az int\u00e9zm\u00e9nyvezet\u0151 feladata az int\u00e9zm\u00e9ny alkalmazottai felett a munk\u00e1ltat\u00f3i jogok gyakorl\u00e1sa.<\/p>\n\n\n\n<p><strong>Bet\u00f6ltend\u0151 \u00e1ll\u00e1s szakmacsoportja:<\/strong>&nbsp;&nbsp;kult\u00fara <\/p>\n\n\n\n<p><strong>FEOR besorol\u00e1s:<\/strong>&nbsp;&nbsp;1335 Kultur\u00e1lis tev\u00e9kenys\u00e9get folytat\u00f3 egys\u00e9g vezet\u0151je <strong>Bet\u00f6ltend\u0151 \u00e1ll\u00e1s munkak\u00f6r\u00e9nek szakter\u00fclete (munkak\u00f6rcsal\u00e1d):<\/strong>&nbsp;&nbsp;Egy\u00e9b <strong>Bet\u00f6ltend\u0151 \u00e1ll\u00e1s jogviszonya:<\/strong>&nbsp;&nbsp;Munkaviszony (MT)<\/p>\n\n\n\n<p><strong>Foglalkoztat\u00e1s id\u0151tartama, munkaideje, munkarendje, form\u00e1ja:<\/strong><br>Hat\u00e1rozott id\u0151 &#8211; legfeljebb 5 \u00e9vre sz\u00f3l\u00f3 vezet\u0151i megb\u00edz\u00e1s, Teljes munkaid\u0151<\/p>\n\n\n\n<p><strong>Munkav\u00e9gz\u00e9s helye:<\/strong>&nbsp;&nbsp;T\u00farkeve<\/p>\n\n\n\n<p><strong>A munkav\u00e9gz\u00e9s pontos helye:<\/strong>&nbsp;Finta M\u00fazeum, 5420 T\u00farkeve, Attila u. 1., \u00e9s a int\u00e9zm\u00e9ny telephelye: Vad\u00e1sz P\u00e1l Ki\u00e1ll\u00edt\u00f3terem, T\u00farkeve, Kossuth u. 6.<\/p>\n\n\n\n<p><strong>\u00c1ll\u00e1shirdet\u0151 szervezet bemutat\u00e1sa:<\/strong>&nbsp;&nbsp;A m\u00fazeumigazgat\u00f3 a vonatkoz\u00f3 jogszab\u00e1lyokban, az int\u00e9zm\u00e9ny Alap\u00edt\u00f3 Okirat\u00e1ban, Szervezeti \u00e9s M\u0171k\u00f6d\u00e9si Szab\u00e1lyzat\u00e1ban meghat\u00e1rozottak szerint felel\u0151s az int\u00e9zm\u00e9ny alapfeladatainak ell\u00e1t\u00e1s\u00e1nak koordin\u00e1l\u00e1s\u00e1\u00e9rt, k\u00f6lts\u00e9gvet\u00e9si gazd\u00e1lkod\u00e1s\u00e1\u00e9rt, a szakszer\u0171 \u00e9s t\u00f6rv\u00e9nyes m\u0171k\u00f6dtet\u00e9s\u00e9\u00e9rt, a szakmai feladatell\u00e1t\u00e1s\u00e9rt. Az int\u00e9zm\u00e9nyvezet\u0151 egyszem\u00e9lyi felel\u0151s vezet\u0151je az int\u00e9zm\u00e9nynek, a feladatell\u00e1t\u00e1shoz biztos\u00edtott \u00f6nkorm\u00e1nyzati vagyon haszn\u00e1lat\u00e1nak \u00e9s meg\u0151rz\u00e9s\u00e9nek. Az int\u00e9zm\u00e9nyvezet\u0151 feladata az int\u00e9zm\u00e9ny a<\/p>\n\n\n\n<p><strong>A munk\u00e1ltat\u00f3val, \u00e1ll\u00e1ssal kapcsolatos egy\u00e9b l\u00e9nyeges inform\u00e1ci\u00f3 (pl. jogviszony l\u00e9tes\u00edt\u00e9s felt\u00e9telei; pr\u00f3baid\u0151; illetm\u00e9ny\/fizet\u00e9s, speci\u00e1lis adatv\u00e9delmi t\u00e1j\u00e9koztat\u00e1s, szervezet honlap c\u00edme stb.):<\/strong>&nbsp;&nbsp;A munkab\u00e9r meg\u00e1llap\u00edt\u00e1sa a munka t\u00f6rv\u00e9nyk\u00f6nyv\u00e9r\u0151l sz\u00f3l\u00f3 2012. \u00e9vi I. t\u00f6rv\u00e9ny alapj\u00e1n, a felek k\u00f6z\u00f6tti megegyez\u00e9s szerint t\u00f6rt\u00e9nik. Hat\u00e1rozatlan idej\u0171 jogviszony. \u00daj munkaviszony l\u00e9tes\u00edt\u00e9se eset\u00e9n 3 h\u00f3nap pr\u00f3baid\u0151 ker\u00fcl kik\u00f6t\u00e9sre. Egy\u00e9b B2 komplex nyelvvizsg\u00e1t is elfogadunk.<\/p>\n\n\n\n<h5 class=\"wp-block-heading\">Felt\u00e9telek, el\u0151ny\u00f6k<\/h5>\n\n\n\n<h4 class=\"wp-block-heading\"><strong><em>P\u00e1ly\u00e1zati felt\u00e9telek<\/em><\/strong><\/h4>\n\n\n\n<p><strong>Jog\u00e1ll\u00e1sb\u00f3l fakad\u00f3 jogszab\u00e1lyi k\u00f6vetelm\u00e9nyek:<\/strong> <\/p>\n\n\n\n<ul class=\"wp-block-list\"><li>B\u00fcntetlen el\u0151\u00e9let<\/li><li>Cselekv\u0151k\u00e9pess\u00e9g<\/li><li>Magyar \u00e1llampolg\u00e1rs\u00e1g<\/li><li>Vagyonnyilatkozatt\u00e9teli elj\u00e1r\u00e1s lefolytat\u00e1sa<\/li><\/ul>\n\n\n\n<p><strong>Elv\u00e1rt v\u00e9gzetts\u00e9g\/k\u00e9pes\u00edt\u00e9s:<\/strong><\/p>\n\n\n\n<ul class=\"wp-block-list\"><li>7. Mesterk\u00e9pz\u00e9s MSc fokozatra \u00e9p\u00fcl\u0151 szakir\u00e1ny\u00fa szakk\u00e9pzetts\u00e9g, Hum\u00e1n tudom\u00e1nyok \u00e9s m\u0171v\u00e9szetek, m.n.s., Szakk\u00e9pzetts\u00e9gi, szakk\u00e9pes\u00edt\u00e9si felt\u00e9teleknek val\u00f3 megfelel\u00e9s<\/li><\/ul>\n\n\n\n<p><strong>Elv\u00e1rt szakmai tapasztalat id\u0151tartama (\u00e9v):<\/strong>&nbsp;&nbsp;3<\/p>\n\n\n\n<p><strong>Elv\u00e1rt vezet\u0151i tapasztalat id\u0151tartama (\u00e9v):<\/strong>&nbsp;&nbsp;1<\/p>\n\n\n\n<p><strong>Egy\u00e9b p\u00e1ly\u00e1zati felt\u00e9tel meghat\u00e1roz\u00e1sa:<\/strong> &nbsp;&nbsp; \u00c1llamh\u00e1ztart\u00e1si \u00e9s vezet\u00e9si ismereteket ny\u00fajt\u00f3, legal\u00e1bb 120 \u00f3r\u00e1s k\u00e9pz\u00e9s igazolt elv\u00e9gz\u00e9se, ennek hi\u00e1ny\u00e1ban sz\u00e1nd\u00e9knyilatkozat, hogy a vezet\u0151 \u00e1ll\u00e1s\u00fa munkav\u00e1llal\u00f3i munkak\u00f6r bet\u00f6lt\u00e9s\u00e9t k\u00f6vet\u0151 k\u00e9t \u00e9ven bel\u00fcl k\u00f6teles a k\u00e9pz\u00e9st elv\u00e9gezni, \u00e9s az azt igazol\u00f3 okiratot be kell mutatni<\/p>\n\n\n\n<p><strong>Elv\u00e1rt nyelvtud\u00e1s (idegennyelv megnevez\u00e9se):<\/strong> &nbsp;&nbsp;angol, B2 (k\u00f6z\u00e9pfok), Komplex vizsga (C)<\/p>\n\n\n\n<p><strong>J\u00e1rm\u0171vezet\u0151i enged\u00e9ly kateg\u00f3ria:<\/strong>&nbsp;&nbsp;B<\/p>\n\n\n\n<h4 class=\"wp-block-heading\"><strong><em>P\u00e1ly\u00e1zat elb\u00edr\u00e1l\u00e1sa sor\u00e1n el\u0151nyt jelent<\/em><\/strong><\/h4>\n\n\n\n<p><strong>A p\u00e1ly\u00e1zat elb\u00edr\u00e1l\u00e1sa sor\u00e1n el\u0151nyt jelent\u0151 &#8211; okm\u00e1nnyal igazolt &#8211; nyelvtud\u00e1s (idegennyelv megnevez\u00e9se):<\/strong> &nbsp;&nbsp;angol, B2 (k\u00f6z\u00e9pfok), Komplex vizsga (C)<\/p>\n\n\n\n<p><strong>A p\u00e1ly\u00e1zat elb\u00edr\u00e1l\u00e1sa sor\u00e1n el\u0151nyt jelent a szakmai tapasztalat?:<\/strong>&nbsp;&nbsp;Igen<\/p>\n\n\n\n<p><strong>A p\u00e1ly\u00e1zat elb\u00edr\u00e1l\u00e1sa sor\u00e1n el\u0151nyt jelent a vezet\u0151i tapasztalat?:<\/strong>&nbsp;&nbsp;Igen<\/p>\n\n\n\n<p><strong>A p\u00e1ly\u00e1zat elb\u00edr\u00e1l\u00e1sa sor\u00e1n el\u0151nyt jelent\u0151 j\u00e1rm\u0171vezet\u0151i enged\u00e9ly kateg\u00f3ria:<\/strong>&nbsp;&nbsp;B<\/p>\n\n\n\n<p><strong>A p\u00e1ly\u00e1zat elb\u00edr\u00e1l\u00e1sa sor\u00e1n el\u0151nyt jelent\u0151 szem\u00e9lyes kompetenci\u00e1k:<\/strong> <\/p>\n\n\n\n<ul class=\"wp-block-list\"><li>\u00d6n\u00e1ll\u00f3s\u00e1g (alap)<\/li><li>K\u00f6vetkezetess\u00e9g, kisz\u00e1m\u00edthat\u00f3s\u00e1g (vezet\u0151i)<\/li><li>C\u00e9l- \u00e9s feladat-orient\u00e1lts\u00e1g (vezet\u0151i)<\/li><li>D\u00f6nt\u00e9si k\u00e9pess\u00e9g, felel\u0151ss\u00e9gv\u00e1llal\u00e1s (vezet\u0151i)<\/li><li>Munkat\u00e1rsak motiv\u00e1l\u00e1sa (vezet\u0151i)<\/li><\/ul>\n\n\n\n<p><strong>A p\u00e1ly\u00e1zat r\u00e9szek\u00e9nt beny\u00fajtand\u00f3 igazol\u00e1sok, al\u00e1t\u00e1maszt\u00f3 dokumentumok:<\/strong><\/p>\n\n\n\n<ul class=\"wp-block-list\"><li>Nyelvtud\u00e1st igazol\u00f3 dokumentum(ok) m\u00e1solata<\/li><li>vagyonnyilatkozat-t\u00e9teli k\u00f6telezetts\u00e9g teljes\u00edt\u00e9se<\/li><li>F\u00e9nyk\u00e9ppel ell\u00e1tott szakmai \u00f6n\u00e9letrajz<\/li><li>H\u00e1rom h\u00f3napn\u00e1l nem r\u00e9gebbi erk\u00f6lcsi bizony\u00edtv\u00e1ny<\/li><li>Hozz\u00e1j\u00e1rul\u00f3 nyilatkozat p\u00e1ly\u00e1zati anyagba betekint\u00e9sr\u0151l<\/li><li>vezet\u0151i program<\/li><\/ul>\n\n\n\n<p><strong>A p\u00e1ly\u00e1zat beny\u00fajt\u00e1s\u00e1nak hat\u00e1rideje:<\/strong>&nbsp;&nbsp;2025.01.05. 00:00<\/p>\n\n\n\n<p><strong>P\u00e1ly\u00e1zat beny\u00fajt\u00e1s\u00e1nak m\u00f3dja:<\/strong><br>Postai \u00faton, a p\u00e1ly\u00e1zatnak a T\u00farkeve V\u00e1rosi \u00d6nkorm\u00e1nyzat, Sallai R\u00f3bert Benedek polg\u00e1rmester c\u00edm\u00e9re t\u00f6rt\u00e9n\u0151 megk\u00fcld\u00e9s\u00e9vel (5420 T\u00farkeve, Pet\u0151fi t\u00e9r 1.) K\u00e9rj\u00fck a bor\u00edt\u00e9kon felt\u00fcntetni a beoszt\u00e1s megnevez\u00e9s\u00e9t: \u201eFinta M\u00fazeum igazgat\u00f3i p\u00e1ly\u00e1zat\u201d<\/p>\n\n\n\n<p><strong>A p\u00e1ly\u00e1zat elb\u00edr\u00e1l\u00e1s\u00e1nak m\u00f3dja:<\/strong>&nbsp;&nbsp;Az \u00e9rv\u00e9nyes p\u00e1ly\u00e1zatot beny\u00fajt\u00f3 p\u00e1ly\u00e1z\u00f3t a p\u00e1ly\u00e1zati hat\u00e1rid\u0151 lej\u00e1rt\u00e1t k\u00f6vet\u0151 harminc napon bel\u00fcl a munk\u00e1ltat\u00f3i jogk\u00f6r gyakorl\u00f3ja \u00e1ltal l\u00e9trehozott, \u2013 a m\u00fazeum alapfeladatait \u00e9rint\u0151en szak\u00e9rtelemmel rendelkez\u0151 tagokb\u00f3l \u00e1ll\u00f3 \u2013bizotts\u00e1g hallgatja meg. A megb\u00edz\u00e1sr\u00f3l a bizotts\u00e1gi v\u00e9lem\u00e9nyez\u00e9st k\u00f6vet\u0151en T\u00farkeve V\u00e1rosi \u00d6nkorm\u00e1nyzat K\u00e9pvisel\u0151-test\u00fclete d\u00f6nt, fenntartva a jogot arra, hogy a p\u00e1ly\u00e1zati elj\u00e1r\u00e1st eredm\u00e9nytelenn\u00e9 nyilv\u00e1n\u00edtsa. A p\u00e1ly\u00e1zat elb\u00edr\u00e1l\u00e1s\u00e1nak eredm\u00e9ny\u00e9r\u0151l valamennyi p\u00e1ly\u00e1z\u00f3 \u00edr\u00e1sban \u00e9rtes\u00edt\u00e9st kap. A p\u00e1ly\u00e1zatr\u00f3l b\u0151vebb felvil\u00e1gos\u00edt\u00e1s k\u00e9rhet\u0151: Sallai R\u00f3bert Benedek polg\u00e1rmester. Telefon: 56\/222-111, email: polgarmester@turkeve.hu<\/p>\n\n\n\n<p><strong>A p\u00e1ly\u00e1zat elb\u00edr\u00e1l\u00e1s\u00e1nak hat\u00e1rideje:<\/strong>&nbsp;&nbsp;2025.01.24. 00:00<\/p>\n\n\n\n<p><strong>A p\u00e1ly\u00e1zati ki\u00edr\u00e1s tov\u00e1bbi k\u00f6zz\u00e9t\u00e9tel\u00e9nek helye:<\/strong><\/p>\n\n\n\n<p><a href=\"https:\/\/turkeve.hu\/\">www.turkeve.hu<\/a><\/p>\n\n\n\n<p><a href=\"https:\/\/kozszolgallas.ksz.gov.hu\/JobAd\/Info\/92325\">kozszolgallas.ksz.gov.hu<\/a><\/p>\n\n\n\n<p><strong>\u00c1ll\u00e1s tervezett bet\u00f6lt\u00e9s\u00e9nek id\u0151pontja:<\/strong>&nbsp;&nbsp;2025.02.01.<\/p>\n\n\n\n<p><strong>Publik\u00e1l\u00e1s tervezett id\u0151pontja:<\/strong>&nbsp;&nbsp;2024.12.05.<\/p>\n","protected":false},"excerpt":{"rendered":"<p>T\u00daRKEVE V\u00c1ROSI \u00d6NKORM\u00c1NYZAT Finta M\u00fazeum p\u00e1ly\u00e1zatot hirdet Munkaviszony (MT) keret\u00e9ben M\u00fazeum igazgat\u00f3 Munkak\u00f6r\/feladatk\u00f6r bet\u00f6lt\u00e9s\u00e9re. Tev\u00e9kenys\u00e9gi k\u00f6r (ell\u00e1tand\u00f3 feladatok):&nbsp;&nbsp;A m\u00fazeumigazgat\u00f3 a vonatkoz\u00f3 jogszab\u00e1lyokban, az int\u00e9zm\u00e9ny Alap\u00edt\u00f3 Okirat\u00e1ban, Szervezeti \u00e9s M\u0171k\u00f6d\u00e9si Szab\u00e1lyzat\u00e1ban meghat\u00e1rozottak szerint felel\u0151s az int\u00e9zm\u00e9ny alapfeladatainak ell\u00e1t\u00e1s\u00e1nak koordin\u00e1l\u00e1s\u00e1\u00e9rt, k\u00f6lts\u00e9gvet\u00e9si gazd\u00e1lkod\u00e1s\u00e1\u00e9rt, &hellip; <a href=\"https:\/\/www.fintamuzeum.hu\/?page_id=5501\">Egy kattint\u00e1s ide a folytat\u00e1shoz&#8230;. <span class=\"meta-nav\">&rarr;<\/span><\/a><\/p>\n","protected":false},"author":2,"featured_media":0,"parent":0,"menu_order":0,"comment_status":"closed","ping_status":"closed","template":"","meta":{"footnotes":""},"class_list":["post-5501","page","type-page","status-publish","hentry"],"_links":{"self":[{"href":"https:\/\/www.fintamuzeum.hu\/index.php?rest_route=\/wp\/v2\/pages\/5501","targetHints":{"allow":["GET"]}}],"collection":[{"href":"https:\/\/www.fintamuzeum.hu\/index.php?rest_route=\/wp\/v2\/pages"}],"about":[{"href":"https:\/\/www.fintamuzeum.hu\/index.php?rest_route=\/wp\/v2\/types\/page"}],"author":[{"embeddable":true,"href":"https:\/\/www.fintamuzeum.hu\/index.php?rest_route=\/wp\/v2\/users\/2"}],"replies":[{"embeddable":true,"href":"https:\/\/www.fintamuzeum.hu\/index.php?rest_route=%2Fwp%2Fv2%2Fcomments&post=5501"}],"version-history":[{"count":5,"href":"https:\/\/www.fintamuzeum.hu\/index.php?rest_route=\/wp\/v2\/pages\/5501\/revisions"}],"predecessor-version":[{"id":5526,"href":"https:\/\/www.fintamuzeum.hu\/index.php?rest_route=\/wp\/v2\/pages\/5501\/revisions\/5526"}],"wp:attachment":[{"href":"https:\/\/www.fintamuzeum.hu\/index.php?rest_route=%2Fwp%2Fv2%2Fmedia&parent=5501"}],"curies":[{"name":"wp","href":"https:\/\/api.w.org\/{rel}","templated":true}]}}