{"id":4718,"date":"2021-09-17T10:27:43","date_gmt":"2021-09-17T08:27:43","guid":{"rendered":"http:\/\/www.fintamuzeum.hu\/?page_id=4718"},"modified":"2021-09-17T10:28:32","modified_gmt":"2021-09-17T08:28:32","slug":"140-eve-szuletett-finta-sandor","status":"publish","type":"page","link":"https:\/\/www.fintamuzeum.hu\/?page_id=4718","title":{"rendered":"140 \u00e9ve sz\u00fcletett Finta S\u00e1ndor"},"content":{"rendered":"\n<p>&#8222;&#8230;Egyes egyed\u00fcl, \u0151ser\u0151mb\u0151l lettem m\u0171v\u00e9ssz\u00e9 \u2013 tan\u00edt\u00f3 mester \u00e9s v\u00e9s\u0151k n\u00e9lk\u00fcl. Rabl\u00e1ncaimat t\u00e9ptem sz\u00e9jjel, s azokb\u00f3l kov\u00e1csoltam v\u00e9s\u0151ket. &#8211; S az anyag, mint valami megb\u0171v\u00f6lt l\u00e9nynek, az els\u0151 kalap\u00e1cs\u00fct\u00e9sre engedelmeskedett. \u00c9nn\u00e1lam nincsen kezdet, s nincsen \u00e1tmenet, Lettem, s ezzel meg van mondva t\u00f6rt\u00e9netem.&#8221;<\/p>\n\n\n\n<div class=\"wp-block-image\"><figure class=\"alignleft size-large is-resized\"><img loading=\"lazy\" decoding=\"async\" src=\"https:\/\/www.fintamuzeum.hu\/wp-content\/uploads\/2021\/09\/finta_sandor_kalapbanlo.jpg\" alt=\"\" class=\"wp-image-4720\" width=\"188\" height=\"265\" srcset=\"https:\/\/www.fintamuzeum.hu\/wp-content\/uploads\/2021\/09\/finta_sandor_kalapbanlo.jpg 425w, https:\/\/www.fintamuzeum.hu\/wp-content\/uploads\/2021\/09\/finta_sandor_kalapbanlo-213x300.jpg 213w\" sizes=\"auto, (max-width: 188px) 100vw, 188px\" \/><\/figure><\/div>\n\n\n\n<div class=\"wp-block-group alignwide\"><div class=\"wp-block-group__inner-container is-layout-flow wp-block-group-is-layout-flow\">\n<p>Finta S\u00e1ndor 1881-ben sz\u00fcletett T\u00farkev\u00e9n. Tanulm\u00e1nyait m\u0171szaki vonalon v\u00e9gezte. Az iskol\u00e1k elv\u00e9gz\u00e9se ut\u00e1n vas\u00fati tisztk\u00e9nt kezdett el dolgozni. Egy a l\u00e1nytestv\u00e9r\u00e9t \u00e9rt s\u00e9relem megtorl\u00e1sa miatt t\u00edz \u00e9vet kellett elt\u00f6ltenie a szamos\u00fajv\u00e1ri fegyh\u00e1zban. Itt fedezte fel m\u0171v\u00e9szi tehets\u00e9g\u00e9t a b\u00f6rt\u00f6n igazgat\u00f3ja, aki \u00e1llami megrendel\u00e9sek elv\u00e9gz\u00e9s\u00e9t is lehet\u0151v\u00e9 tette sz\u00e1m\u00e1ra. Id\u0151k\u00f6zben a sajt\u00f3 is felfedezte a \u201erab m\u0171v\u00e9szt\u201d, aki ez\u00e1ltal orsz\u00e1gos ismerts\u00e9gre tett szert. R\u00f6viddel ezut\u00e1n kit\u00f6rt a vil\u00e1gh\u00e1bor\u00fa \u00e9s besorozt\u00e1k. A szerb fronton megsebes\u00fclt. Ezt k\u00f6vet\u0151en, mint szobr\u00e1szm\u0171v\u00e9szt m\u00e1r nem k\u00fcldt\u00e9k vissza a t\u0171zvonalba. M\u0171v\u00e9szeti munk\u00e1kkal \u00e9s hadi eml\u00e9kek \u00e1ll\u00edt\u00e1s\u00e1val b\u00edzt\u00e1k meg. Az orsz\u00e1g els\u0151 h\u00e1bor\u00fas eml\u00e9km\u0171v\u00e9t Hatvan v\u00e1rosa sz\u00e1m\u00e1ra k\u00e9sz\u00edtette el. Ezt k\u00f6vett\u00e9k Nyitra, P\u00f6sty\u00e9n, Heves, Kecskem\u00e9t hadi eml\u00e9kei.<\/p>\n\n\n\n\n<iframe width='465' height='350' frameborder='0' allowfullscreen src='https:\/\/filmhiradokonline.hu\/player.php?id=5404' ><\/iframe>\n\n\n\n<p><br>Finta S\u00e1ndor 1920-ban m\u00e1sodik feles\u00e9g\u00e9vel Braz\u00edli\u00e1ba utazott. Hamarosan megnyert egy nyilv\u00e1nos p\u00e1ly\u00e1zatot, melyet a Rio de Janeiro-i sportklubok \u00edrtak ki az \u201eEr\u0151\u201d szobr\u00e1nak megmint\u00e1z\u00e1s\u00e1ra. Braz\u00edlia sz\u00e1z \u00e9ves f\u00fcggetlens\u00e9g\u00e9nek \u00e9vfordul\u00f3ja k\u00f6zeledt\u00e9vel 1921-ben p\u00e1ly\u00e1zatot ny\u00fajtott be a Corcovado-hegy gr\u00e1nitt\u00f6mbj\u00e9n fel\u00e1ll\u00edtand\u00f3 Krisztus szobor megmint\u00e1z\u00e1s\u00e1ra.<br>Kor\u00e1bbi sikereinek \u00e9s a m\u00e9g hazulr\u00f3l hozott v\u00e1zlatok, f\u00e9nyk\u00e9pek alapj\u00e1n megb\u00edzt\u00e1k a magyar m\u0171v\u00e9szt a centen\u00e1riumi vil\u00e1gki\u00e1ll\u00edt\u00e1s szobr\u00e1szati munk\u00e1latainak vezet\u00e9s\u00e9vel. Alkalmaz\u00e1sa alatt elk\u00e9sz\u00edtette a ki\u00e1ll\u00edt\u00e1s monument\u00e1lis f\u0151kapuj\u00e1t, a bej\u00e1rat k\u00e9t oldal\u00e1ra a k\u00e9t magyar vez\u00e9r: Botond \u00e9s Lehel hatalmas alakj\u00e1t. Emellett ir\u00e1ny\u00edtotta a szobr\u00e1szati, d\u00edsz\u00edt\u0151 munk\u00e1kat \u00e9s rengeteg v\u00e1zlatot k\u00e9sz\u00edtett. Poz\u00edci\u00f3ja egyre t\u00f6bb megrendel\u00e9st biztos\u00edtott sz\u00e1m\u00e1ra. 1922 november\u00e9ben megnyitott centen\u00e1riumi k\u00e9pz\u0151m\u0171v\u00e9szeti ki\u00e1ll\u00edt\u00e1son 19 k\u00fcl\u00f6nb\u00f6z\u0151 alkot\u00e1sa szerepelt.<br>A Rio de Janeir\u00f3-i magyar konzul\u00e1tus n\u00e9gy h\u00f3nappal k\u00e9s\u0151bb \u00e1ll\u00edtotta ki az \u00fatlevelet Finta S\u00e1ndor szobr\u00e1szm\u0171v\u00e9sz \u00e9s feles\u00e9ge K\u00e1ntor Katalin iparm\u0171v\u00e9sz sz\u00e1m\u00e1ra, amellyel az USA-ba indultak. A m\u0171v\u00e9szh\u00e1zasp\u00e1r Ellis Island-re ker\u00fcl az Egyes\u00fclt \u00c1llamok bev\u00e1ndorl\u00e1si szab\u00e1lyainak \u00e9rtelm\u00e9ben, de Magyarorsz\u00e1g bev\u00e1ndorl\u00e1si kv\u00f3t\u00e1ja ekkorra kimer\u00fclt. A sajt\u00f3 k\u00e9pes tud\u00f3s\u00edt\u00e1st k\u00f6z\u00f6lt a vil\u00e1gki\u00e1ll\u00edt\u00e1s szobr\u00e1szigazgat\u00f3j\u00e1r\u00f3l \u00e9s iparm\u0171v\u00e9sz feles\u00e9g\u00e9r\u0151l, akiket nem fogadott be Amerika. A speci\u00e1lis k\u00e9pess\u00e9geiket ellen\u0151rz\u0151 bizotts\u00e1g v\u00e9g\u00fcl megfelel\u0151nek tal\u00e1lta Finta S\u00e1ndor m\u0171v\u00e9szi tev\u00e9kenys\u00e9g\u00e9t, aki feles\u00e9g\u00e9vel New Yorkban telepedett le. Itt alap\u00edtotta meg a Finta Studi\u00f3t, ahol m\u0171hely\u00fck hamarosan az ottani magyars\u00e1g tal\u00e1lkoz\u00f3helye lett. Ekkoriban kezdett foglalkozni Walt Whitman verseinek illusztr\u00e1l\u00e1s\u00e1val is. 1925-ben a New York-i \u00cdr\u00f3k Klubj\u00e1nak p\u00e1ly\u00e1zat\u00e1ra elk\u00e9sz\u00edtette a Walt Whitman eml\u00e9k\u00e9rmet. Mec\u00e9n\u00e1sok megb\u00edz\u00e1s\u00e1b\u00f3l 1927-ben elk\u00e9sz\u00edtette Patrick Cardinal Hayes b\u00edboros \u00e9rsek portr\u00e9j\u00e1t, ami a Metropolitan M\u00fazeumban kapott helyet. Amerika els\u0151 m\u00fazeum\u00e1ban ekkort\u00f3l Munk\u00e1csy Mih\u00e1ly mellett \u0151 a m\u00e1sodik magyar, akinek a m\u0171ve a gy\u0171jtem\u00e9nybe ker\u00fclt. Az \u00e9vtized v\u00e9g\u00e9n a M\u0171v\u00e9szeti Akad\u00e9mia rendes tagj\u00e1v\u00e1 v\u00e1lasztotta.<br>Finta S\u00e1ndor tev\u00e9kenys\u00e9ge a harmincas \u00e9vekben a szobr\u00e1szat mellett az irodalomra is kiterjedt. T\u00f6bb reg\u00e9nye \u00e9s novell\u00e1ja is megjelent, melyeknek az illusztr\u00e1ci\u00f3it is maga k\u00e9sz\u00edtette. Az \u00edr\u00f3i fant\u00e1zi\u00e1val jelent\u0151s m\u00e9rt\u00e9kben t\u00e1mogatott saj\u00e1t \u00e9lm\u00e9nyein alapul\u00f3 reg\u00e9nyei a legh\u00edresebbek. \u201eA kisbojt\u00e1r\u201d az \u00edr\u00f3 ecsegpusztai gyermekkor\u00e1t bemutat\u00f3 m\u0171 az els\u0151. Az \u00e1tdogozott angol nyelv\u0171 v\u00e1ltozatot azonban k\u00e9t \u00e9vvel k\u00e9s\u0151bb a legh\u00edresebb New York-i kiad\u00f3k egyike, a Harper &amp; Brothers jelentette meg. T\u00edz \u00e9ven bel\u00fcl tizenk\u00e9t kiad\u00e1st \u00e9rt meg. 1939-ben l\u00e1tott napvil\u00e1got \u201eA nagy majom titka\u201d, ami az id\u0151k\u00f6zben feln\u0151tt \u00e9s szobr\u00e1szm\u0171v\u00e9ssz\u00e9 lett kisbojt\u00e1r Braz\u00edliai kalandjait mutatja be. A tril\u00f3gia m\u00e1sodik r\u00e9sze harmadikk\u00e9nt 1940-ben jelent meg \u201eTestv\u00e9reim \u00e9s \u00e9n\u201d c\u00edmmel. Ez a Finta fiv\u00e9rek iskol\u00e1skori nagyv\u00e1radi \u00e9lm\u00e9nyeit mutatja be. A New York-i K\u00f6zoktat\u00e1si Tan\u00e1cs a k\u00f6vetkez\u0151 \u00e9vben k\u00f6telez\u0151 olvasm\u00e1nynak nyilv\u00e1n\u00edtotta. Id\u0151k\u00f6zben 1934-ben a \u201eChico\u201d c\u00edm\u0171 elbesz\u00e9l\u00e9se elnyerte az \u00e9v angol nyelv\u0171 novell\u00e1ja d\u00edjat, majd \u00f6t \u00e9vvel k\u00e9s\u0151bb irodalmi tev\u00e9kenys\u00e9g\u00e9\u00e9rt az Edgar Allan Poe Irodalmi T\u00e1rsas\u00e1g tiszteletbeli tagj\u00e1v\u00e1 v\u00e1lasztotta.<br>Az Amerikai Egyes\u00fclt \u00c1llamok kiemelked\u0151 egy\u00e9nis\u00e9gei mellett igyekezett a magyar t\u00f6rt\u00e9nelem \u00e9s irodalom nagy szem\u00e9lyis\u00e9geit is megform\u00e1zni. Kov\u00e1cs Mih\u00e1ly az Amerikai F\u00fcggetlens\u00e9gi H\u00e1bor\u00faban h\u0151si hal\u00e1lt halt j\u00e1szkun husz\u00e1r alakj\u00e1t t\u00f6bb alkalommal is megmint\u00e1zta. 1930-ban leplezt\u00e9k le Pet\u0151fi S\u00e1ndor mellszobr\u00e1t a clevelandi k\u00f6zk\u00f6nyvt\u00e1rban. Hat \u00e9vvel k\u00e9s\u0151bb II. R\u00e1k\u00f3czi Ferenc szobr\u00e1nak fel\u00e1ll\u00edt\u00e1s\u00e1n dolgozott, amit a Connecticut \u00c1llambeli Bridgeportba terveztek. Ennek tanulm\u00e1nya is elk\u00e9sz\u00fclt, de a szobor m\u00e9gsem val\u00f3sult meg. Hasonl\u00f3 sorsra jutott az amerikai polg\u00e1rh\u00e1bor\u00fa eml\u00e9km\u0171ve is, ami Los Angelesben ker\u00fclt volna fel\u00e1ll\u00edt\u00e1sra. Ennek a modellje az 1941. \u00e9vi ki\u00e1ll\u00edt\u00e1son szobr\u00e1szati d\u00edjat is kapott. Mad\u00e1ch Imre szobra 1950-ben fel\u00e1ll\u00edt\u00e1sra ker\u00fclt a Clevelandi Gordon Parkban. N\u00e9gy \u00e9vvel k\u00e9s\u0151bb Kossuth Lajos mellszobr\u00e1t leplezt\u00e9k le St. Louis-ban.<br>Hetven\u00f6t \u00e9ves kor\u00e1ra az Egyes\u00fclt \u00c1llamokban el\u00e9rhet\u0151 legt\u00f6bb elismer\u00e9s \u00e9s d\u00edjaz\u00e1st megszerezte. A Fest\u0151k \u00e9s Szobr\u00e1szok Klubja t\u00f6bb alkalommal kit\u00fcntette. A K\u00e9pz\u0151m\u0171v\u00e9szeti Akad\u00e9mia \u201eversenyen fel\u00fcl \u00e1ll\u00f3nak\u201d min\u0151s\u00edtette. Tagja volt a K\u00f6lt\u0151k Akad\u00e9mi\u00e1j\u00e1nak, a Politikai Tudom\u00e1nyok Akad\u00e9mi\u00e1j\u00e1nak \u00e9s aleln\u00f6ke a Sz\u00e9pm\u0171v\u00e9szeti Akad\u00e9mi\u00e1nak. Ekkorra gondoskodni k\u00edv\u00e1nt hagyat\u00e9k\u00e1r\u00f3l \u00e9s m\u0171veinek ut\u00f3\u00e9let\u00e9r\u0151l. 1957-t\u0151l intenz\u00edv levelez\u00e9st folytatott Dr. Gy\u00f6rffy Lajossal a T\u00farkevei M\u00fazeum igazgat\u00f3j\u00e1val. \u0150 m\u00e1r 1936-ban v\u00e1rosi tisztvisel\u0151k\u00e9nt is szorgalmazta az els\u0151 Finta M\u00fazeum \u00fcgy\u00e9t. Biztos\u00edtotta a szobr\u00e1szt, hogy az int\u00e9zm\u00e9ny az \u0151 \u00e9s testv\u00e9rei hagyat\u00e9k\u00e1t befogadja \u00e9s meg\u0151rzi az ut\u00f3kornak. Finta S\u00e1ndor a k\u00f6vetkez\u0151 \u00e9vben elhunyt. Szobrait \u00e9s gondosan rendszerezett dokumentumait feles\u00e9ge a Magyar \u00c1llam seg\u00edts\u00e9g\u00e9vel juttatta vissza sz\u00fcl\u0151v\u00e1ros\u00e1ba 1962-ben. A m\u00e1r megl\u00e9v\u0151 m\u00fazeum\u00e9p\u00fclet az ezt k\u00f6vet\u0151 \u00e9vekben Szolnok Megye akkori legmodernebb ki\u00e1ll\u00edt\u00f3csarnok\u00e1val b\u0151v\u00fclt. Itt ker\u00fclt ki\u00e1ll\u00edt\u00e1sra a k\u00e9t id\u0151sebb Finta testv\u00e9r anyaga 1967-t\u0151l, ami \u00e9vtizedekkel k\u00e9s\u0151bb S\u00e1muel hagyat\u00e9k\u00e1val eg\u00e9sz\u00fclt ki. Az int\u00e9zm\u00e9ny ekkor vette fel a m\u0171v\u00e9sztestv\u00e9rek nev\u00e9t. Innent\u0151l Magyarorsz\u00e1g els\u0151 szoborm\u00fazeumak\u00e9nt v\u00e1rja l\u00e1togat\u00f3it.<\/p>\n<\/div><\/div>\n\n\n\t\t\t\t\t\t<div class=\"gallery_box_single\">\n\t\t\t\t\t\t\t\t\t\t\t\t\t\t\t<div class=\"gallery gllr_grid\" data-gllr-columns=\"3\" data-gllr-border-width=\"10\">\n\t\t\t\t\t\t\t\t\t\t\t\t\t\t\t\t\t\t\t\t<div class=\"gllr_image_row\">\n\t\t\t\t\t\t\t\t\t\t\t\t\t\t\t\t\t\t\t\t\t<div class=\"gllr_image_block\">\n\t\t\t\t\t\t\t\t\t\t\t\t<p style=\"\n\t\t\t\t\t\t\t\t\t\t\t\twidth:170px;height:170px;\t\t\t\t\t\t\t\t\t\t\t\t\">\n\t\t\t\t\t\t\t\t\t\t\t\t\t\t\t\t\t\t\t\t\t\t\t\t\t\t\t\t<a data-fancybox=\"gallery_fancybox_4712\" href=\"https:\/\/www.fintamuzeum.hu\/wp-content\/uploads\/2021\/09\/DSC_2529.jpg\" title=\"\" >\n\t\t\t\t\t\t\t\t\t\t\t\t\t\t\t\t<img decoding=\"async\" width=&quot;150&quot; height=&quot;150&quot; style=\"width:150px; height:150px; border-width: 10px; border-color:#F1F1F1;border: 10px solid #F1F1F1\" alt=\"\" title=\"\" src=\"https:\/\/www.fintamuzeum.hu\/wp-content\/uploads\/2021\/09\/DSC_2529-150x150.jpg\" rel=\"https:\/\/www.fintamuzeum.hu\/wp-content\/uploads\/2021\/09\/DSC_2529.jpg\" \/>\t\t\t\t\t\t\t\t\t\t\t\t\t\t\t<\/a>\n\t\t\t\t\t\t\t\t\t\t\t\t\t\t\t\t\t\t\t\t\t\t\t\t\t\t<\/p>\n\t\t\t\t\t\t\t\t\t\t\t\t\t\t\t\t\t\t\t\t\t\t\t\t\t<div \n\t\t\t\t\t\t\t\t\t\t\t\t\tstyle=\"width:170px;\"\t\t\t\t\t\t\t\t\t\t\t\t\tclass=\"gllr_single_image_text gllr_single_image_text_under\">&nbsp;<\/div>\n\t\t\t\t\t\t\t\t\t\t\t\t\t\t\t\t\t\t\t\t\t\t\t<\/div><!-- .gllr_image_block -->\n\t\t\t\t\t\t\t\t\t\t\t\t\t\t\t\t\t\t\t\t\t<div class=\"gllr_image_block\">\n\t\t\t\t\t\t\t\t\t\t\t\t<p style=\"\n\t\t\t\t\t\t\t\t\t\t\t\twidth:170px;height:170px;\t\t\t\t\t\t\t\t\t\t\t\t\">\n\t\t\t\t\t\t\t\t\t\t\t\t\t\t\t\t\t\t\t\t\t\t\t\t\t\t\t\t<a data-fancybox=\"gallery_fancybox_4712\" href=\"https:\/\/www.fintamuzeum.hu\/wp-content\/uploads\/2021\/09\/DSC_2524.jpg\" title=\"\" >\n\t\t\t\t\t\t\t\t\t\t\t\t\t\t\t\t<img decoding=\"async\" width=&quot;150&quot; height=&quot;150&quot; style=\"width:150px; height:150px; border-width: 10px; border-color:#F1F1F1;border: 10px solid #F1F1F1\" alt=\"\" title=\"\" src=\"https:\/\/www.fintamuzeum.hu\/wp-content\/uploads\/2021\/09\/DSC_2524-150x150.jpg\" rel=\"https:\/\/www.fintamuzeum.hu\/wp-content\/uploads\/2021\/09\/DSC_2524.jpg\" \/>\t\t\t\t\t\t\t\t\t\t\t\t\t\t\t<\/a>\n\t\t\t\t\t\t\t\t\t\t\t\t\t\t\t\t\t\t\t\t\t\t\t\t\t\t<\/p>\n\t\t\t\t\t\t\t\t\t\t\t\t\t\t\t\t\t\t\t\t\t\t\t\t\t<div \n\t\t\t\t\t\t\t\t\t\t\t\t\tstyle=\"width:170px;\"\t\t\t\t\t\t\t\t\t\t\t\t\tclass=\"gllr_single_image_text gllr_single_image_text_under\">&nbsp;<\/div>\n\t\t\t\t\t\t\t\t\t\t\t\t\t\t\t\t\t\t\t\t\t\t\t<\/div><!-- .gllr_image_block -->\n\t\t\t\t\t\t\t\t\t\t\t\t\t\t\t\t\t\t\t\t\t<div class=\"gllr_image_block\">\n\t\t\t\t\t\t\t\t\t\t\t\t<p style=\"\n\t\t\t\t\t\t\t\t\t\t\t\twidth:170px;height:170px;\t\t\t\t\t\t\t\t\t\t\t\t\">\n\t\t\t\t\t\t\t\t\t\t\t\t\t\t\t\t\t\t\t\t\t\t\t\t\t\t\t\t<a data-fancybox=\"gallery_fancybox_4712\" href=\"https:\/\/www.fintamuzeum.hu\/wp-content\/uploads\/2021\/09\/DSC_2569.jpg\" title=\"\" >\n\t\t\t\t\t\t\t\t\t\t\t\t\t\t\t\t<img decoding=\"async\" width=&quot;150&quot; height=&quot;150&quot; style=\"width:150px; height:150px; border-width: 10px; border-color:#F1F1F1;border: 10px solid #F1F1F1\" alt=\"\" title=\"\" src=\"https:\/\/www.fintamuzeum.hu\/wp-content\/uploads\/2021\/09\/DSC_2569-150x150.jpg\" rel=\"https:\/\/www.fintamuzeum.hu\/wp-content\/uploads\/2021\/09\/DSC_2569.jpg\" \/>\t\t\t\t\t\t\t\t\t\t\t\t\t\t\t<\/a>\n\t\t\t\t\t\t\t\t\t\t\t\t\t\t\t\t\t\t\t\t\t\t\t\t\t\t<\/p>\n\t\t\t\t\t\t\t\t\t\t\t\t\t\t\t\t\t\t\t\t\t\t\t\t\t<div \n\t\t\t\t\t\t\t\t\t\t\t\t\tstyle=\"width:170px;\"\t\t\t\t\t\t\t\t\t\t\t\t\tclass=\"gllr_single_image_text gllr_single_image_text_under\">&nbsp;<\/div>\n\t\t\t\t\t\t\t\t\t\t\t\t\t\t\t\t\t\t\t\t\t\t\t<\/div><!-- .gllr_image_block -->\n\t\t\t\t\t\t\t\t\t\t\t\t\t\t\t\t\t\t\t\t\t<\/div><!-- .gllr_image_row -->\n\t\t\t\t\t\t\t\t\t\t\t\t\t\t\t\t\t\t\t\t\t\t<div class=\"gllr_image_row\">\n\t\t\t\t\t\t\t\t\t\t\t\t\t\t\t\t\t\t\t\t\t<div class=\"gllr_image_block\">\n\t\t\t\t\t\t\t\t\t\t\t\t<p style=\"\n\t\t\t\t\t\t\t\t\t\t\t\twidth:170px;height:170px;\t\t\t\t\t\t\t\t\t\t\t\t\">\n\t\t\t\t\t\t\t\t\t\t\t\t\t\t\t\t\t\t\t\t\t\t\t\t\t\t\t\t<a data-fancybox=\"gallery_fancybox_4712\" href=\"https:\/\/www.fintamuzeum.hu\/wp-content\/uploads\/2021\/09\/DSC_2564.jpg\" title=\"\" >\n\t\t\t\t\t\t\t\t\t\t\t\t\t\t\t\t<img decoding=\"async\" width=&quot;150&quot; height=&quot;150&quot; style=\"width:150px; height:150px; border-width: 10px; border-color:#F1F1F1;border: 10px solid #F1F1F1\" alt=\"\" title=\"\" src=\"https:\/\/www.fintamuzeum.hu\/wp-content\/uploads\/2021\/09\/DSC_2564-150x150.jpg\" rel=\"https:\/\/www.fintamuzeum.hu\/wp-content\/uploads\/2021\/09\/DSC_2564.jpg\" \/>\t\t\t\t\t\t\t\t\t\t\t\t\t\t\t<\/a>\n\t\t\t\t\t\t\t\t\t\t\t\t\t\t\t\t\t\t\t\t\t\t\t\t\t\t<\/p>\n\t\t\t\t\t\t\t\t\t\t\t\t\t\t\t\t\t\t\t\t\t\t\t\t\t<div \n\t\t\t\t\t\t\t\t\t\t\t\t\tstyle=\"width:170px;\"\t\t\t\t\t\t\t\t\t\t\t\t\tclass=\"gllr_single_image_text gllr_single_image_text_under\">&nbsp;<\/div>\n\t\t\t\t\t\t\t\t\t\t\t\t\t\t\t\t\t\t\t\t\t\t\t<\/div><!-- .gllr_image_block -->\n\t\t\t\t\t\t\t\t\t\t\t\t\t\t\t\t\t\t\t\t\t<div class=\"gllr_image_block\">\n\t\t\t\t\t\t\t\t\t\t\t\t<p style=\"\n\t\t\t\t\t\t\t\t\t\t\t\twidth:170px;height:170px;\t\t\t\t\t\t\t\t\t\t\t\t\">\n\t\t\t\t\t\t\t\t\t\t\t\t\t\t\t\t\t\t\t\t\t\t\t\t\t\t\t\t<a data-fancybox=\"gallery_fancybox_4712\" href=\"https:\/\/www.fintamuzeum.hu\/wp-content\/uploads\/2021\/09\/DSC_2549.jpg\" title=\"\" >\n\t\t\t\t\t\t\t\t\t\t\t\t\t\t\t\t<img decoding=\"async\" width=&quot;150&quot; height=&quot;150&quot; style=\"width:150px; height:150px; border-width: 10px; border-color:#F1F1F1;border: 10px solid #F1F1F1\" alt=\"\" title=\"\" src=\"https:\/\/www.fintamuzeum.hu\/wp-content\/uploads\/2021\/09\/DSC_2549-150x150.jpg\" rel=\"https:\/\/www.fintamuzeum.hu\/wp-content\/uploads\/2021\/09\/DSC_2549.jpg\" \/>\t\t\t\t\t\t\t\t\t\t\t\t\t\t\t<\/a>\n\t\t\t\t\t\t\t\t\t\t\t\t\t\t\t\t\t\t\t\t\t\t\t\t\t\t<\/p>\n\t\t\t\t\t\t\t\t\t\t\t\t\t\t\t\t\t\t\t\t\t\t\t\t\t<div \n\t\t\t\t\t\t\t\t\t\t\t\t\tstyle=\"width:170px;\"\t\t\t\t\t\t\t\t\t\t\t\t\tclass=\"gllr_single_image_text gllr_single_image_text_under\">&nbsp;<\/div>\n\t\t\t\t\t\t\t\t\t\t\t\t\t\t\t\t\t\t\t\t\t\t\t<\/div><!-- .gllr_image_block -->\n\t\t\t\t\t\t\t\t\t\t\t\t\t\t\t\t\t\t\t\t\t<div class=\"gllr_image_block\">\n\t\t\t\t\t\t\t\t\t\t\t\t<p style=\"\n\t\t\t\t\t\t\t\t\t\t\t\twidth:170px;height:170px;\t\t\t\t\t\t\t\t\t\t\t\t\">\n\t\t\t\t\t\t\t\t\t\t\t\t\t\t\t\t\t\t\t\t\t\t\t\t\t\t\t\t<a data-fancybox=\"gallery_fancybox_4712\" href=\"https:\/\/www.fintamuzeum.hu\/wp-content\/uploads\/2021\/09\/DSC_2583.jpg\" title=\"\" >\n\t\t\t\t\t\t\t\t\t\t\t\t\t\t\t\t<img decoding=\"async\" width=&quot;150&quot; height=&quot;150&quot; style=\"width:150px; height:150px; border-width: 10px; border-color:#F1F1F1;border: 10px solid #F1F1F1\" alt=\"\" title=\"\" src=\"https:\/\/www.fintamuzeum.hu\/wp-content\/uploads\/2021\/09\/DSC_2583-150x150.jpg\" rel=\"https:\/\/www.fintamuzeum.hu\/wp-content\/uploads\/2021\/09\/DSC_2583.jpg\" \/>\t\t\t\t\t\t\t\t\t\t\t\t\t\t\t<\/a>\n\t\t\t\t\t\t\t\t\t\t\t\t\t\t\t\t\t\t\t\t\t\t\t\t\t\t<\/p>\n\t\t\t\t\t\t\t\t\t\t\t\t\t\t\t\t\t\t\t\t\t\t\t\t\t<div \n\t\t\t\t\t\t\t\t\t\t\t\t\tstyle=\"width:170px;\"\t\t\t\t\t\t\t\t\t\t\t\t\tclass=\"gllr_single_image_text gllr_single_image_text_under\">&nbsp;<\/div>\n\t\t\t\t\t\t\t\t\t\t\t\t\t\t\t\t\t\t\t\t\t\t\t<\/div><!-- .gllr_image_block -->\n\t\t\t\t\t\t\t\t\t\t\t\t\t\t\t\t\t\t\t\t\t<\/div><!-- .gllr_image_row -->\n\t\t\t\t\t\t\t\t\t\t\t\t\t\t\t\t\t\t\t<\/div><!-- .gallery.clearfix -->\n\t\t\t\t\t\t\t\t\t\t\t\t\t\t<\/div><!-- .gallery_box_single -->\n\t\t\t\t\t\t<div class=\"gllr_clear\"><\/div>\n\t\t\t\t\t\t\n","protected":false},"excerpt":{"rendered":"<p>&#8222;&#8230;Egyes egyed\u00fcl, \u0151ser\u0151mb\u0151l lettem m\u0171v\u00e9ssz\u00e9 \u2013 tan\u00edt\u00f3 mester \u00e9s v\u00e9s\u0151k n\u00e9lk\u00fcl. Rabl\u00e1ncaimat t\u00e9ptem sz\u00e9jjel, s azokb\u00f3l kov\u00e1csoltam v\u00e9s\u0151ket. &#8211; S az anyag, mint valami megb\u0171v\u00f6lt l\u00e9nynek, az els\u0151 kalap\u00e1cs\u00fct\u00e9sre engedelmeskedett. \u00c9nn\u00e1lam nincsen kezdet, s nincsen \u00e1tmenet, Lettem, s ezzel meg &hellip; <a href=\"https:\/\/www.fintamuzeum.hu\/?gallery=140-eve-szuletett-finta-sandor\">Egy kattint\u00e1s ide a folytat\u00e1shoz&#8230;. <span class=\"meta-nav\">&rarr;<\/span><\/a><\/p>\n","protected":false},"author":2,"featured_media":0,"parent":32,"menu_order":0,"comment_status":"closed","ping_status":"closed","template":"","meta":{"footnotes":""},"class_list":["post-4718","page","type-page","status-publish","hentry"],"_links":{"self":[{"href":"https:\/\/www.fintamuzeum.hu\/index.php?rest_route=\/wp\/v2\/pages\/4718","targetHints":{"allow":["GET"]}}],"collection":[{"href":"https:\/\/www.fintamuzeum.hu\/index.php?rest_route=\/wp\/v2\/pages"}],"about":[{"href":"https:\/\/www.fintamuzeum.hu\/index.php?rest_route=\/wp\/v2\/types\/page"}],"author":[{"embeddable":true,"href":"https:\/\/www.fintamuzeum.hu\/index.php?rest_route=\/wp\/v2\/users\/2"}],"replies":[{"embeddable":true,"href":"https:\/\/www.fintamuzeum.hu\/index.php?rest_route=%2Fwp%2Fv2%2Fcomments&post=4718"}],"version-history":[{"count":2,"href":"https:\/\/www.fintamuzeum.hu\/index.php?rest_route=\/wp\/v2\/pages\/4718\/revisions"}],"predecessor-version":[{"id":4721,"href":"https:\/\/www.fintamuzeum.hu\/index.php?rest_route=\/wp\/v2\/pages\/4718\/revisions\/4721"}],"up":[{"embeddable":true,"href":"https:\/\/www.fintamuzeum.hu\/index.php?rest_route=\/wp\/v2\/pages\/32"}],"wp:attachment":[{"href":"https:\/\/www.fintamuzeum.hu\/index.php?rest_route=%2Fwp%2Fv2%2Fmedia&parent=4718"}],"curies":[{"name":"wp","href":"https:\/\/api.w.org\/{rel}","templated":true}]}}