{"id":4635,"date":"2021-06-16T15:17:29","date_gmt":"2021-06-16T13:17:29","guid":{"rendered":"http:\/\/www.fintamuzeum.hu\/?page_id=4635"},"modified":"2021-06-16T15:23:25","modified_gmt":"2021-06-16T13:23:25","slug":"fehervari-bela","status":"publish","type":"page","link":"https:\/\/www.fintamuzeum.hu\/?page_id=4635","title":{"rendered":"Feh\u00e9rv\u00e1ri B\u00e9la (1945-2001)"},"content":{"rendered":"\n<div class=\"wp-block-media-text alignwide is-stacked-on-mobile\" style=\"grid-template-columns:33% auto\"><figure class=\"wp-block-media-text__media\"><img loading=\"lazy\" decoding=\"async\" width=\"603\" height=\"900\" src=\"https:\/\/www.fintamuzeum.hu\/wp-content\/uploads\/2021\/06\/fehervaribelaportre.jpg\" alt=\"\" class=\"wp-image-4636\" srcset=\"https:\/\/www.fintamuzeum.hu\/wp-content\/uploads\/2021\/06\/fehervaribelaportre.jpg 603w, https:\/\/www.fintamuzeum.hu\/wp-content\/uploads\/2021\/06\/fehervaribelaportre-201x300.jpg 201w\" sizes=\"auto, (max-width: 603px) 100vw, 603px\" \/><\/figure><div class=\"wp-block-media-text__content\">\n<p class=\"has-small-font-size\"><em>\u201eSzerencs\u00e9s embernek \u00e9rzem magam. Mert a l\u00e1t\u00f3k k\u00f6z\u00f6tt lehetek. De ez a mesters\u00e9g nekem ablakot nyit a term\u00e9szetre \u00e9s a benne \u00e9l\u0151 emberekre. Tal\u00e1n ez a magyar\u00e1zata, hogy legsz\u00edvesebben t\u00e1jat \u00e9s portr\u00e9t festek, noha az ut\u00f3bbir\u00f3l alig van tudom\u00e1sa k\u00f6rnyezetemnek. Realist\u00e1nak vallom magam, akkor is, ha k\u00eds\u00e9rleteim n\u00e9ha k\u00e9tked\u00e9st keltenek. Val\u00f3j\u00e1ban szabad emberk\u00e9nt akarok dolgozni, annak a bizalomnak a l\u00e9gk\u00f6r\u00e9ben, amit \u00e9n is k\u00f6telez\u0151nek \u00e9rzek megadni.<br>Nem a becsv\u00e1gy hajt, ink\u00e1bb az \u00f6nkifejez\u00e9s k\u00ednz\u00f3, m\u00e9gis sz\u00e9p k\u00e9nyszere. Ez\u00e9rt \u2013 alkalmank\u00e9nt \u2013 m\u00e1s m\u0171fajban is pr\u00f3b\u00e1lkozom.<br>A fest\u00e9szet sz\u00e1momra kommunik\u00e1ci\u00f3s eszk\u00f6z. Z\u00e1rk\u00f3zott \u00e9nem egyik sz\u00f3sz\u00f3l\u00f3ja. \u00c1ltala vit\u00e1ra bocs\u00e1tom magam.<br>Az igaz sz\u00e9pnek vagyok az elk\u00f6telezettje. T\u00e9ved\u00e9seim a keveset tud\u00f3 botl\u00e1sai.\u201d<\/em><\/p>\n<\/div><\/div>\n\n\n\n<p>Az Orosh\u00e1za melletti Szentetorny\u00e1n sz\u00fcletett 1945. m\u00e1jus 7-\u00e9n f\u00f6ldm\u0171ves sz\u00fcl\u0151k \u00f6t\u00f6dik gyermeke\u00adk\u00e9nt. Ott \u00e9s Orosh\u00e1z\u00e1n v\u00e9gezte iskol\u00e1it, s \u00e9rdekl\u0151d\u00e9se a m\u0171v\u00e9szi p\u00e1lya fel\u00e9 vonzotta. A K\u00e9pz\u0151m\u0171v\u00e9szeti F\u0151\u00adiskol\u00e1n tett &#8211; akkor sikertelen &#8211; felv\u00e9teli ut\u00e1n Budapesten egy r\u00e1kospalotai m\u0171helyben \u00f6nt\u0151munk\u00e1s lett. A szegedi tan\u00e1rk\u00e9pz\u0151 f\u0151iskolai sikeres felv\u00e9teli vizsga \u00e9s a k\u00f6telez\u0151 egy\u00e9ves sorkatonai szolg\u00e1lat ut\u00e1n ugyanott kapott magyar-rajz szakos diplom\u00e1t 1969-ben. A szin\u00adt\u00e9n magyar-rajz szakos tan\u00e1r feles\u00e9g\u00e9vel T\u00farkev\u00e9n te\u00adlepedtek le, h\u00e1zass\u00e1gukb\u00f3l k\u00e9t fi\u00fa sz\u00fcletett.<br>Feh\u00e9rv\u00e1ri B\u00e9la 14 \u00e9vet t\u00f6lt\u00f6tt T\u00farkev\u00e9n, ahol m\u00e9g jobban kibontakozott irodalmi \u00e9s k\u00e9pz\u0151m\u0171v\u00e9szeti tev\u00e9kenys\u00e9ge. Alap\u00edt\u00f3 tagja \u00e9s rendszeres ki\u00e1ll\u00edt\u00f3ja volt a Kevi K\u00f6rnek. Lapot szerkesztett, irodalmi p\u00e1ly\u00e1zatokon vett r\u00e9szt, de ha a sors \u00fagy hozta, nem riadt vissza a m\u00fazeu\u00admi ki\u00e1ll\u00edt\u00e1sok rendez\u00e9s\u00e9t\u0151l, az install\u00e1ci\u00f3 saj\u00e1t k\u00e9zzel val\u00f3 elk\u00e9sz\u00edt\u00e9s\u00e9t\u0151l sem. 1978-t\u00f3l f\u00e9l\u00e1ll\u00e1s\u00adban, 1980-t\u00f3l f\u0151\u00e1ll\u00e1sban volt a t\u00farkevei Finta M\u00fazeum igazgat\u00f3ja, ahonnan 1982 \u0151sz\u00e9n \u201ecs\u00e1b\u00ed\u00adtottuk el&#8221; megyei m\u00fazeumigazgat\u00f3-helyettesnek Ny\u00edregyh\u00e1z\u00e1ra. R\u00f6vid, egy \u00e9ves orosh\u00e1zi ki\u00adt\u00e9r\u0151 ut\u00e1n, imm\u00e1r v\u00e9glegesnek mondhat\u00f3 \u00e1ll\u00e1st v\u00e1lasztott: 1985. janu\u00e1r l-j\u00e9t\u0151l a kisv\u00e1rdai m\u00fa\u00adzeum igazgat\u00f3ja lett. Az \u0151 v\u00e1ll\u00e1ra szakadt akkor a m\u00fazeum \u00faj \u00e9p\u00fcletbe &#8211; az egykori zsinag\u00f3g\u00e1\u00adba &#8211; val\u00f3 \u00e1ttelep\u00edt\u00e9se, berendez\u00e9se, a ki\u00e1ll\u00edt\u00e1sok fel\u00e9p\u00edt\u00e9se. Munk\u00e1ba \u00e1ll\u00e1sa ut\u00e1n \u00e9vente k\u00e9sz\u00fclt el a m\u00fazeumi c\u00e9lokra nem igaz\u00e1n alkalmas hatalmas ter\u00fcleten egy-egy \u00e1lland\u00f3 ki\u00e1ll\u00edt\u00e1s: ko\u00adv\u00e1csm\u0171hely, sz\u00f6v\u0151h\u00e1z. A h\u00edres ajaki festett pitvar mellett 1994-ben igen l\u00e1tv\u00e1nyos, ugyanakkor m\u00e9lyen elgondolkodtat\u00f3 ki\u00e1ll\u00edt\u00e1ssal eml\u00e9kezett meg a tekint\u00e9lyes l\u00e9tsz\u00e1m\u00fa kisv\u00e1rdai zsid\u00f3s\u00e1g 1944-es k\u00e1lv\u00e1ri\u00e1j\u00e1r\u00f3l, majd a m\u00fazeum udvar\u00e1n \u00e9p\u00edtett eml\u00e9km\u0171vel \u00f6r\u00f6k eml\u00e9ket \u00e1ll\u00edtott nekik. De \u0151 alak\u00edtotta \u00e1t, tette \u201elakhat\u00f3v\u00e1&#8221; szinte v\u00e9gig saj\u00e1t er\u0151b\u0151l, koll\u00e9g\u00e1i seg\u00edts\u00e9g\u00e9vel a m\u00fazeum irod\u00e1it is. Ezen \u00f3ri\u00e1si munka &#8211; melynek j\u00f3 r\u00e9sz\u00e9t \u0151 maga v\u00e9gezte el &#8211; mellett is volt ideje a he\u00adlyi m\u0171v\u00e9szeti k\u00f6r megszervez\u00e9s\u00e9re, a v\u00e1ros k\u00f6z\u00e9piskol\u00e1iban m\u0171v\u00e9szeti szakk\u00f6r\u00f6k vezet\u00e9s\u00e9re, s k\u00e9s\u0151bb ugyanott a rajz tan\u00edt\u00e1s\u00e1ra is. Utols\u00f3 ki\u00e1ll\u00edt\u00e1s\u00e1nak megnyit\u00f3j\u00e1ra m\u00e1r nem tudott elmen\u00adni, az \u00e1ltala is szervezett k\u00e9pz\u0151m\u0171v\u00e9szeti k\u00f6r tagjai, bar\u00e1tai \u00e9s tisztel\u0151i n\u00e9lk\u00fcle szembes\u00fclhet\u00adtek rajzaib\u00f3l \u00e1rad\u00f3 fanyar humor\u00e1val, a megtapasztalt \u00e9letb\u00f6lcsess\u00e9ggel, a l\u00e9tez\u0151 vil\u00e1gon val\u00f3 m\u0171v\u00e9szi fel\u00fclemelked\u00e9s\u00e9vel.<br>Hallgatag, kev\u00e9s besz\u00e9d\u0171, higgadt embernek ismert\u00fck meg. Soha sem tett semmit in\u00addulatb\u00f3l vagy haragb\u00f3l. Tal\u00e1n ez\u00e9rt voltunk vele n\u00e9ha t\u00fcrelmetlenebbek, nem v\u00e1rva be j\u00f3l meg\u00adfontolt, \u00e1tgondolt mondatait, v\u00e9lem\u00e9ny\u00e9t. maga pedig soha sem er\u0151szakolta r\u00e1 senkire elk\u00e9p\u00adzel\u00e9seit. Sajnos munk\u00e1j\u00e1t a legut\u00f3bbi id\u0151kig nem k\u00eds\u00e9rte hivatalos elismer\u00e9s, v\u00e1rosa viszont ne\u00admes gesztusk\u00e9nt 2001 nyar\u00e1n, a pedag\u00f3gus napon Kiv\u00e1l\u00f3 K\u00f6ztisztvisel\u0151i kit\u00fcntet\u00e9ssel ismerte el m\u00e1sf\u00e9l \u00e9vtizedes \u00f6nzetlen tev\u00e9kenys\u00e9g\u00e9t. <br><em>Bene J\u00e1nos megeml\u00e9kez\u00e9se a ny\u00edregyh\u00e1zi J\u00f3sa Andr\u00e1s M\u00fazeum \u00e9vk\u00f6nyv\u00e9ben 2002-ben<\/em><\/p>\n\n\n\n<p><\/p>\n","protected":false},"excerpt":{"rendered":"<p>\u201eSzerencs\u00e9s embernek \u00e9rzem magam. Mert a l\u00e1t\u00f3k k\u00f6z\u00f6tt lehetek. De ez a mesters\u00e9g nekem ablakot nyit a term\u00e9szetre \u00e9s a benne \u00e9l\u0151 emberekre. Tal\u00e1n ez a magyar\u00e1zata, hogy legsz\u00edvesebben t\u00e1jat \u00e9s portr\u00e9t festek, noha az ut\u00f3bbir\u00f3l alig van tudom\u00e1sa k\u00f6rnyezetemnek. &hellip; <a href=\"https:\/\/www.fintamuzeum.hu\/?page_id=4635\">Egy kattint\u00e1s ide a folytat\u00e1shoz&#8230;. <span class=\"meta-nav\">&rarr;<\/span><\/a><\/p>\n","protected":false},"author":2,"featured_media":0,"parent":4639,"menu_order":0,"comment_status":"closed","ping_status":"closed","template":"","meta":{"footnotes":""},"class_list":["post-4635","page","type-page","status-publish","hentry"],"_links":{"self":[{"href":"https:\/\/www.fintamuzeum.hu\/index.php?rest_route=\/wp\/v2\/pages\/4635","targetHints":{"allow":["GET"]}}],"collection":[{"href":"https:\/\/www.fintamuzeum.hu\/index.php?rest_route=\/wp\/v2\/pages"}],"about":[{"href":"https:\/\/www.fintamuzeum.hu\/index.php?rest_route=\/wp\/v2\/types\/page"}],"author":[{"embeddable":true,"href":"https:\/\/www.fintamuzeum.hu\/index.php?rest_route=\/wp\/v2\/users\/2"}],"replies":[{"embeddable":true,"href":"https:\/\/www.fintamuzeum.hu\/index.php?rest_route=%2Fwp%2Fv2%2Fcomments&post=4635"}],"version-history":[{"count":5,"href":"https:\/\/www.fintamuzeum.hu\/index.php?rest_route=\/wp\/v2\/pages\/4635\/revisions"}],"predecessor-version":[{"id":4643,"href":"https:\/\/www.fintamuzeum.hu\/index.php?rest_route=\/wp\/v2\/pages\/4635\/revisions\/4643"}],"up":[{"embeddable":true,"href":"https:\/\/www.fintamuzeum.hu\/index.php?rest_route=\/wp\/v2\/pages\/4639"}],"wp:attachment":[{"href":"https:\/\/www.fintamuzeum.hu\/index.php?rest_route=%2Fwp%2Fv2%2Fmedia&parent=4635"}],"curies":[{"name":"wp","href":"https:\/\/api.w.org\/{rel}","templated":true}]}}