{"id":4050,"date":"2020-01-17T08:18:52","date_gmt":"2020-01-17T07:18:52","guid":{"rendered":"http:\/\/www.fintamuzeum.hu\/?page_id=4050"},"modified":"2020-09-14T14:34:48","modified_gmt":"2020-09-14T12:34:48","slug":"szep-menyecskek-varrtak-feher-patyolatbol","status":"publish","type":"page","link":"https:\/\/www.fintamuzeum.hu\/?page_id=4050","title":{"rendered":"Sz\u00e9p menyecsk\u00e9k varrt\u00e1k feh\u00e9r patyolatb\u00f3l"},"content":{"rendered":"<h1>&#8222;Sz\u00e9p menyecsk\u00e9k varrt\u00e1k feh\u00e9r patyolatb\u00f3l&#8221;<\/h1>\n<h2>A magyarorsz\u00e1gi feh\u00e9rh\u00edmz\u00e9sek t\u00edpusai<\/h2>\n<p align=\"justify\"><span style=\"font-family: Times New Roman, serif;\"><span style=\"font-size: medium;\">A Damjanich J\u00e1nos M\u00fazeum ki\u00e1ll\u00edt\u00e1sa az int\u00e9zm\u00e9ny n\u00e9prajzi gy\u0171jtem\u00e9ny\u00e9nek feh\u00e9rh\u00edmz\u00e9ssel d\u00edsz\u00edtett text\u00edli\u00e1ira \u00e9p\u00fcl. \u00d6ssze\u00e1ll\u00edt\u00e1s\u00e1t t\u00f6bb\u00e9ves munka el\u0151zte meg, amelynek sor\u00e1n a muzeol\u00f3gusok feldolgozt\u00e1k a teljes, mintegy 200 darabos t\u00e1rgycsoportot, a t\u00e1rgyakr\u00f3l digit\u00e1lis felv\u00e9teleket k\u00e9sz\u00edtettek, azonos\u00edtott\u00e1k azok alapanyag\u00e1t \u00e9s a k\u00e9sz\u00edt\u00e9s technik\u00e1j\u00e1t. Mindezeket az adatokat egy t\u00e1rgykatal\u00f3gusban \u00f6sszegezt\u00e9k, amely a Damjanich J\u00e1nos M\u00fazeum t\u00e1rgykatal\u00f3gusai c\u00edm\u0171 sorozat ind\u00edt\u00f3 darabja. (Gecse Annabella: Feh\u00e9rh\u00edmz\u00e9ses textilek a Damjanich J\u00e1nos M\u00fazeum gy\u0171jtem\u00e9ny\u00e9b\u0151l. A Damjanich J\u00e1nos M\u00fazeum t\u00e1rgykatal\u00f3gusai 1. Szolnok, Damjanich J\u00e1nos M\u00fazeum, 2018.) <\/span><\/span><\/p>\n<p align=\"justify\"><span style=\"font-family: Times New Roman, serif;\"><span style=\"font-size: medium;\">A ki\u00e1ll\u00edt\u00e1s nem a feh\u00e9rh\u00edmz\u00e9s t\u00e1jank\u00e9nt k\u00fcl\u00f6nb\u00f6z\u0151 helyi v\u00e1ltozatainak bemutat\u00e1s\u00e1t t\u0171zte ki c\u00e9lj\u00e1ul, hanem azt, hogy az ezek k\u00e9sz\u00edt\u00e9se sor\u00e1n haszn\u00e1lt valamennyi technik\u00e1t, \u00f6lt\u00e9st\u00edpust \u00e1ttekintse \u00e9s megismertesse a l\u00e1togat\u00f3kkal. A technik\u00e1k elsaj\u00e1t\u00edt\u00e1s\u00e1nak lehet\u0151s\u00e9g\u00e9t k\u00edn\u00e1lja a ki\u00e1ll\u00edt\u00e1s kieg\u00e9sz\u00edt\u0151je, egy Orsz\u00e1g L\u00e1szl\u00f3 h\u00edmz\u0151vel, a N\u00e9pm\u0171v\u00e9szet Mester\u00e9vel k\u00e9sz\u00edtett 60 perces film, amelyben valamennyi \u00f6lt\u00e9st\u00edpust kivitelez\u00e9s k\u00f6zben l\u00e1thatnak az \u00e9rdekl\u0151d\u0151k. <\/span><\/span><\/p>\n<p align=\"justify\"><span style=\"font-family: Times New Roman, serif;\"><span style=\"font-size: medium;\">A t\u00e1rlat k\u00e9t f\u0151 ir\u00e1nyvonal k\u00f6vet\u00e9s\u00e9vel r\u00e9szletezi a feh\u00e9rh\u00edmz\u00e9st. Tabl\u00f3kon \u00edrja le, magyar\u00e1zza a fogalom \u00e9rtelmez\u00e9s\u00e9t, t\u00f6rt\u00e9net\u00e9t, iskolai oktat\u00e1sban bet\u00f6lt\u00f6tt szerep\u00e9t, \u00e9s a tabl\u00f3sz\u00f6vegekhez igaz\u00edtott tartalm\u00fa vitrinekben, a gy\u0171jtem\u00e9ny t\u00e1rgyaival szeml\u00e9lteti a magyar\u00e1zatokat. A m\u00e1sik ir\u00e1ny a feh\u00e9rh\u00edmz\u00e9s felhaszn\u00e1l\u00e1s\u00e1t, szerep\u00e9t, sokoldal\u00fas\u00e1g\u00e1t mutatja meg, a ki\u00e1ll\u00edt\u00e1s ezen r\u00e9sze a lak\u00e1sbels\u0151, a kelengye, s\u0151t a b\u00f6lcs\u0151 \u00e9s a ravatal feh\u00e9rh\u00edmz\u00e9ses kell\u00e9keit funkci\u00f3jukban l\u00e1ttatja.<\/span><\/span><\/p>\n<p align=\"justify\"><span style=\"font-family: Times New Roman, serif;\"><span style=\"font-size: medium;\">A megyebeli telep\u00fcl\u00e9sekr\u0151l sz\u00e1rmaz\u00f3 gy\u0171jtem\u00e9nyi darabokat a rendez\u0151k n\u00e9h\u00e1ny esetben, a ter\u00fclet\u00fcnk\u00f6n nem jellemz\u0151 technik\u00e1k kedv\u00e9\u00e9rt k\u00f6lcs\u00f6nz\u00f6tt t\u00e1rgyakkal is kieg\u00e9sz\u00edtett\u00e9k. <\/span><\/span><\/p>\n<p align=\"justify\"><span style=\"font-family: Times New Roman, serif;\"><span style=\"font-size: medium;\">A ki\u00e1ll\u00edt\u00e1s a 2018-as szolnoki rendez\u00e9s ut\u00e1n 2019-ben 5 telep\u00fcl\u00e9sen mutatkozott be \u00e9s 7000 f\u00f6l\u00f6tti l\u00e1togat\u00f3t vonzott. <\/span><\/span><\/p>\n<p align=\"justify\"><span style=\"font-family: Times New Roman, serif;\"><span style=\"font-size: medium;\">A forgat\u00f3k\u00f6nyvet \u00edrta \u00e9s a ki\u00e1ll\u00edt\u00e1st rendezte: Gecse Annabella<\/span><\/span><\/p>\n<p align=\"justify\"><span style=\"font-family: Times New Roman, serif;\"><span style=\"font-size: medium;\">Kivitelez\u00e9s: Labancz Borb\u00e1la, Papp \u2013 T\u00f3th Zsanett, Pusk\u00e1s Zolt\u00e1n, Sz\u00e9plaki Szil\u00e1rd.<\/span><\/span><\/p>\n<p align=\"justify\">\t\t\t\t\t\t<div class=\"gallery_box_single\">\n\t\t\t\t\t\t\t\t\t\t\t\t\t\t\t<div class=\"gallery gllr_grid\" data-gllr-columns=\"3\" data-gllr-border-width=\"10\">\n\t\t\t\t\t\t\t\t\t\t\t\t\t\t\t\t\t\t\t\t<div class=\"gllr_image_row\">\n\t\t\t\t\t\t\t\t\t\t\t\t\t\t\t\t\t\t\t\t\t<div class=\"gllr_image_block\">\n\t\t\t\t\t\t\t\t\t\t\t\t<p style=\"\n\t\t\t\t\t\t\t\t\t\t\t\twidth:170px;height:170px;\t\t\t\t\t\t\t\t\t\t\t\t\">\n\t\t\t\t\t\t\t\t\t\t\t\t\t\t\t\t\t\t\t\t\t\t\t\t\t\t\t\t<a data-fancybox=\"gallery_fancybox_4056\" href=\"https:\/\/www.fintamuzeum.hu\/wp-content\/uploads\/2020\/01\/DSC_8548_lo.jpg\" title=\"\" >\n\t\t\t\t\t\t\t\t\t\t\t\t\t\t\t\t<img decoding=\"async\" width=&quot;150&quot; height=&quot;150&quot; style=\"width:150px; height:150px; border-width: 10px; border-color:#F1F1F1;border: 10px solid #F1F1F1\" alt=\"\" title=\"\" src=\"https:\/\/www.fintamuzeum.hu\/wp-content\/uploads\/2020\/01\/DSC_8548_lo-150x150.jpg\" rel=\"https:\/\/www.fintamuzeum.hu\/wp-content\/uploads\/2020\/01\/DSC_8548_lo.jpg\" \/>\t\t\t\t\t\t\t\t\t\t\t\t\t\t\t<\/a>\n\t\t\t\t\t\t\t\t\t\t\t\t\t\t\t\t\t\t\t\t\t\t\t\t\t\t<\/p>\n\t\t\t\t\t\t\t\t\t\t\t\t\t\t\t\t\t\t\t\t\t\t\t\t\t<div \n\t\t\t\t\t\t\t\t\t\t\t\t\tstyle=\"width:170px;\"\t\t\t\t\t\t\t\t\t\t\t\t\tclass=\"gllr_single_image_text gllr_single_image_text_under\">&nbsp;<\/div>\n\t\t\t\t\t\t\t\t\t\t\t\t\t\t\t\t\t\t\t\t\t\t\t<\/div><!-- .gllr_image_block -->\n\t\t\t\t\t\t\t\t\t\t\t\t\t\t\t\t\t\t\t\t\t<div class=\"gllr_image_block\">\n\t\t\t\t\t\t\t\t\t\t\t\t<p style=\"\n\t\t\t\t\t\t\t\t\t\t\t\twidth:170px;height:170px;\t\t\t\t\t\t\t\t\t\t\t\t\">\n\t\t\t\t\t\t\t\t\t\t\t\t\t\t\t\t\t\t\t\t\t\t\t\t\t\t\t\t<a data-fancybox=\"gallery_fancybox_4056\" href=\"https:\/\/www.fintamuzeum.hu\/wp-content\/uploads\/2020\/01\/DSC_8557_lo.jpg\" title=\"\" >\n\t\t\t\t\t\t\t\t\t\t\t\t\t\t\t\t<img decoding=\"async\" width=&quot;150&quot; height=&quot;150&quot; style=\"width:150px; height:150px; border-width: 10px; border-color:#F1F1F1;border: 10px solid #F1F1F1\" alt=\"\" title=\"\" src=\"https:\/\/www.fintamuzeum.hu\/wp-content\/uploads\/2020\/01\/DSC_8557_lo-150x150.jpg\" rel=\"https:\/\/www.fintamuzeum.hu\/wp-content\/uploads\/2020\/01\/DSC_8557_lo.jpg\" \/>\t\t\t\t\t\t\t\t\t\t\t\t\t\t\t<\/a>\n\t\t\t\t\t\t\t\t\t\t\t\t\t\t\t\t\t\t\t\t\t\t\t\t\t\t<\/p>\n\t\t\t\t\t\t\t\t\t\t\t\t\t\t\t\t\t\t\t\t\t\t\t\t\t<div \n\t\t\t\t\t\t\t\t\t\t\t\t\tstyle=\"width:170px;\"\t\t\t\t\t\t\t\t\t\t\t\t\tclass=\"gllr_single_image_text gllr_single_image_text_under\">&nbsp;<\/div>\n\t\t\t\t\t\t\t\t\t\t\t\t\t\t\t\t\t\t\t\t\t\t\t<\/div><!-- .gllr_image_block -->\n\t\t\t\t\t\t\t\t\t\t\t\t\t\t\t\t\t\t\t\t\t<div class=\"gllr_image_block\">\n\t\t\t\t\t\t\t\t\t\t\t\t<p style=\"\n\t\t\t\t\t\t\t\t\t\t\t\twidth:170px;height:170px;\t\t\t\t\t\t\t\t\t\t\t\t\">\n\t\t\t\t\t\t\t\t\t\t\t\t\t\t\t\t\t\t\t\t\t\t\t\t\t\t\t\t<a data-fancybox=\"gallery_fancybox_4056\" href=\"https:\/\/www.fintamuzeum.hu\/wp-content\/uploads\/2020\/01\/DSC_8538_lo.jpg\" title=\"\" >\n\t\t\t\t\t\t\t\t\t\t\t\t\t\t\t\t<img decoding=\"async\" width=&quot;150&quot; height=&quot;150&quot; style=\"width:150px; height:150px; border-width: 10px; border-color:#F1F1F1;border: 10px solid #F1F1F1\" alt=\"\" title=\"\" src=\"https:\/\/www.fintamuzeum.hu\/wp-content\/uploads\/2020\/01\/DSC_8538_lo-150x150.jpg\" rel=\"https:\/\/www.fintamuzeum.hu\/wp-content\/uploads\/2020\/01\/DSC_8538_lo.jpg\" \/>\t\t\t\t\t\t\t\t\t\t\t\t\t\t\t<\/a>\n\t\t\t\t\t\t\t\t\t\t\t\t\t\t\t\t\t\t\t\t\t\t\t\t\t\t<\/p>\n\t\t\t\t\t\t\t\t\t\t\t\t\t\t\t\t\t\t\t\t\t\t\t\t\t<div \n\t\t\t\t\t\t\t\t\t\t\t\t\tstyle=\"width:170px;\"\t\t\t\t\t\t\t\t\t\t\t\t\tclass=\"gllr_single_image_text gllr_single_image_text_under\">&nbsp;<\/div>\n\t\t\t\t\t\t\t\t\t\t\t\t\t\t\t\t\t\t\t\t\t\t\t<\/div><!-- .gllr_image_block -->\n\t\t\t\t\t\t\t\t\t\t\t\t\t\t\t\t\t\t\t\t\t<\/div><!-- .gllr_image_row -->\n\t\t\t\t\t\t\t\t\t\t\t\t\t\t\t\t\t\t\t\t\t\t<div class=\"gllr_image_row\">\n\t\t\t\t\t\t\t\t\t\t\t\t\t\t\t\t\t\t\t\t\t<div class=\"gllr_image_block\">\n\t\t\t\t\t\t\t\t\t\t\t\t<p style=\"\n\t\t\t\t\t\t\t\t\t\t\t\twidth:170px;height:170px;\t\t\t\t\t\t\t\t\t\t\t\t\">\n\t\t\t\t\t\t\t\t\t\t\t\t\t\t\t\t\t\t\t\t\t\t\t\t\t\t\t\t<a data-fancybox=\"gallery_fancybox_4056\" href=\"https:\/\/www.fintamuzeum.hu\/wp-content\/uploads\/2020\/01\/DSC_8554_lo.jpg\" title=\"\" >\n\t\t\t\t\t\t\t\t\t\t\t\t\t\t\t\t<img decoding=\"async\" width=&quot;150&quot; height=&quot;150&quot; style=\"width:150px; height:150px; border-width: 10px; border-color:#F1F1F1;border: 10px solid #F1F1F1\" alt=\"\" title=\"\" src=\"https:\/\/www.fintamuzeum.hu\/wp-content\/uploads\/2020\/01\/DSC_8554_lo-150x150.jpg\" rel=\"https:\/\/www.fintamuzeum.hu\/wp-content\/uploads\/2020\/01\/DSC_8554_lo.jpg\" \/>\t\t\t\t\t\t\t\t\t\t\t\t\t\t\t<\/a>\n\t\t\t\t\t\t\t\t\t\t\t\t\t\t\t\t\t\t\t\t\t\t\t\t\t\t<\/p>\n\t\t\t\t\t\t\t\t\t\t\t\t\t\t\t\t\t\t\t\t\t\t\t\t\t<div \n\t\t\t\t\t\t\t\t\t\t\t\t\tstyle=\"width:170px;\"\t\t\t\t\t\t\t\t\t\t\t\t\tclass=\"gllr_single_image_text gllr_single_image_text_under\">&nbsp;<\/div>\n\t\t\t\t\t\t\t\t\t\t\t\t\t\t\t\t\t\t\t\t\t\t\t<\/div><!-- .gllr_image_block -->\n\t\t\t\t\t\t\t\t\t\t\t\t\t\t\t\t\t\t\t\t\t<div class=\"gllr_image_block\">\n\t\t\t\t\t\t\t\t\t\t\t\t<p style=\"\n\t\t\t\t\t\t\t\t\t\t\t\twidth:170px;height:170px;\t\t\t\t\t\t\t\t\t\t\t\t\">\n\t\t\t\t\t\t\t\t\t\t\t\t\t\t\t\t\t\t\t\t\t\t\t\t\t\t\t\t<a data-fancybox=\"gallery_fancybox_4056\" href=\"https:\/\/www.fintamuzeum.hu\/wp-content\/uploads\/2020\/01\/DSC_8562_lo.jpg\" title=\"\" >\n\t\t\t\t\t\t\t\t\t\t\t\t\t\t\t\t<img decoding=\"async\" width=&quot;150&quot; height=&quot;150&quot; style=\"width:150px; height:150px; border-width: 10px; border-color:#F1F1F1;border: 10px solid #F1F1F1\" alt=\"\" title=\"\" src=\"https:\/\/www.fintamuzeum.hu\/wp-content\/uploads\/2020\/01\/DSC_8562_lo-150x150.jpg\" rel=\"https:\/\/www.fintamuzeum.hu\/wp-content\/uploads\/2020\/01\/DSC_8562_lo.jpg\" \/>\t\t\t\t\t\t\t\t\t\t\t\t\t\t\t<\/a>\n\t\t\t\t\t\t\t\t\t\t\t\t\t\t\t\t\t\t\t\t\t\t\t\t\t\t<\/p>\n\t\t\t\t\t\t\t\t\t\t\t\t\t\t\t\t\t\t\t\t\t\t\t\t\t<div \n\t\t\t\t\t\t\t\t\t\t\t\t\tstyle=\"width:170px;\"\t\t\t\t\t\t\t\t\t\t\t\t\tclass=\"gllr_single_image_text gllr_single_image_text_under\">&nbsp;<\/div>\n\t\t\t\t\t\t\t\t\t\t\t\t\t\t\t\t\t\t\t\t\t\t\t<\/div><!-- .gllr_image_block -->\n\t\t\t\t\t\t\t\t\t\t\t\t\t\t\t\t\t\t\t\t\t<div class=\"gllr_image_block\">\n\t\t\t\t\t\t\t\t\t\t\t\t<p style=\"\n\t\t\t\t\t\t\t\t\t\t\t\twidth:170px;height:170px;\t\t\t\t\t\t\t\t\t\t\t\t\">\n\t\t\t\t\t\t\t\t\t\t\t\t\t\t\t\t\t\t\t\t\t\t\t\t\t\t\t\t<a data-fancybox=\"gallery_fancybox_4056\" href=\"https:\/\/www.fintamuzeum.hu\/wp-content\/uploads\/2020\/01\/DSC_8584_lo.jpg\" title=\"\" >\n\t\t\t\t\t\t\t\t\t\t\t\t\t\t\t\t<img decoding=\"async\" width=&quot;150&quot; height=&quot;150&quot; style=\"width:150px; height:150px; border-width: 10px; border-color:#F1F1F1;border: 10px solid #F1F1F1\" alt=\"\" title=\"\" src=\"https:\/\/www.fintamuzeum.hu\/wp-content\/uploads\/2020\/01\/DSC_8584_lo-150x150.jpg\" rel=\"https:\/\/www.fintamuzeum.hu\/wp-content\/uploads\/2020\/01\/DSC_8584_lo.jpg\" \/>\t\t\t\t\t\t\t\t\t\t\t\t\t\t\t<\/a>\n\t\t\t\t\t\t\t\t\t\t\t\t\t\t\t\t\t\t\t\t\t\t\t\t\t\t<\/p>\n\t\t\t\t\t\t\t\t\t\t\t\t\t\t\t\t\t\t\t\t\t\t\t\t\t<div \n\t\t\t\t\t\t\t\t\t\t\t\t\tstyle=\"width:170px;\"\t\t\t\t\t\t\t\t\t\t\t\t\tclass=\"gllr_single_image_text gllr_single_image_text_under\">&nbsp;<\/div>\n\t\t\t\t\t\t\t\t\t\t\t\t\t\t\t\t\t\t\t\t\t\t\t<\/div><!-- .gllr_image_block -->\n\t\t\t\t\t\t\t\t\t\t\t\t\t\t\t\t\t\t\t\t\t<\/div><!-- .gllr_image_row -->\n\t\t\t\t\t\t\t\t\t\t\t\t\t\t\t\t\t\t\t\t\t\t<div class=\"gllr_image_row\">\n\t\t\t\t\t\t\t\t\t\t\t\t\t\t\t\t\t\t\t\t\t<div class=\"gllr_image_block\">\n\t\t\t\t\t\t\t\t\t\t\t\t<p style=\"\n\t\t\t\t\t\t\t\t\t\t\t\twidth:170px;height:170px;\t\t\t\t\t\t\t\t\t\t\t\t\">\n\t\t\t\t\t\t\t\t\t\t\t\t\t\t\t\t\t\t\t\t\t\t\t\t\t\t\t\t<a data-fancybox=\"gallery_fancybox_4056\" href=\"https:\/\/www.fintamuzeum.hu\/wp-content\/uploads\/2020\/01\/DSC_8573_lo.jpg\" title=\"\" >\n\t\t\t\t\t\t\t\t\t\t\t\t\t\t\t\t<img decoding=\"async\" width=&quot;150&quot; height=&quot;150&quot; style=\"width:150px; height:150px; border-width: 10px; border-color:#F1F1F1;border: 10px solid #F1F1F1\" alt=\"\" title=\"\" src=\"https:\/\/www.fintamuzeum.hu\/wp-content\/uploads\/2020\/01\/DSC_8573_lo-150x150.jpg\" rel=\"https:\/\/www.fintamuzeum.hu\/wp-content\/uploads\/2020\/01\/DSC_8573_lo.jpg\" \/>\t\t\t\t\t\t\t\t\t\t\t\t\t\t\t<\/a>\n\t\t\t\t\t\t\t\t\t\t\t\t\t\t\t\t\t\t\t\t\t\t\t\t\t\t<\/p>\n\t\t\t\t\t\t\t\t\t\t\t\t\t\t\t\t\t\t\t\t\t\t\t\t\t<div \n\t\t\t\t\t\t\t\t\t\t\t\t\tstyle=\"width:170px;\"\t\t\t\t\t\t\t\t\t\t\t\t\tclass=\"gllr_single_image_text gllr_single_image_text_under\">&nbsp;<\/div>\n\t\t\t\t\t\t\t\t\t\t\t\t\t\t\t\t\t\t\t\t\t\t\t<\/div><!-- .gllr_image_block -->\n\t\t\t\t\t\t\t\t\t\t\t\t\t\t\t\t\t\t\t\t\t<div class=\"gllr_image_block\">\n\t\t\t\t\t\t\t\t\t\t\t\t<p style=\"\n\t\t\t\t\t\t\t\t\t\t\t\twidth:170px;height:170px;\t\t\t\t\t\t\t\t\t\t\t\t\">\n\t\t\t\t\t\t\t\t\t\t\t\t\t\t\t\t\t\t\t\t\t\t\t\t\t\t\t\t<a data-fancybox=\"gallery_fancybox_4056\" href=\"https:\/\/www.fintamuzeum.hu\/wp-content\/uploads\/2020\/01\/DSC_8581_lo.jpg\" title=\"\" >\n\t\t\t\t\t\t\t\t\t\t\t\t\t\t\t\t<img decoding=\"async\" width=&quot;150&quot; height=&quot;150&quot; style=\"width:150px; height:150px; border-width: 10px; border-color:#F1F1F1;border: 10px solid #F1F1F1\" alt=\"\" title=\"\" src=\"https:\/\/www.fintamuzeum.hu\/wp-content\/uploads\/2020\/01\/DSC_8581_lo-150x150.jpg\" rel=\"https:\/\/www.fintamuzeum.hu\/wp-content\/uploads\/2020\/01\/DSC_8581_lo.jpg\" \/>\t\t\t\t\t\t\t\t\t\t\t\t\t\t\t<\/a>\n\t\t\t\t\t\t\t\t\t\t\t\t\t\t\t\t\t\t\t\t\t\t\t\t\t\t<\/p>\n\t\t\t\t\t\t\t\t\t\t\t\t\t\t\t\t\t\t\t\t\t\t\t\t\t<div \n\t\t\t\t\t\t\t\t\t\t\t\t\tstyle=\"width:170px;\"\t\t\t\t\t\t\t\t\t\t\t\t\tclass=\"gllr_single_image_text gllr_single_image_text_under\">&nbsp;<\/div>\n\t\t\t\t\t\t\t\t\t\t\t\t\t\t\t\t\t\t\t\t\t\t\t<\/div><!-- .gllr_image_block -->\n\t\t\t\t\t\t\t\t\t\t\t\t\t\t\t\t\t\t\t\t\t<div class=\"gllr_image_block\">\n\t\t\t\t\t\t\t\t\t\t\t\t<p style=\"\n\t\t\t\t\t\t\t\t\t\t\t\twidth:170px;height:170px;\t\t\t\t\t\t\t\t\t\t\t\t\">\n\t\t\t\t\t\t\t\t\t\t\t\t\t\t\t\t\t\t\t\t\t\t\t\t\t\t\t\t<a data-fancybox=\"gallery_fancybox_4056\" href=\"https:\/\/www.fintamuzeum.hu\/wp-content\/uploads\/2020\/01\/DSC_8579_lo.jpg\" title=\"\" >\n\t\t\t\t\t\t\t\t\t\t\t\t\t\t\t\t<img decoding=\"async\" width=&quot;150&quot; height=&quot;150&quot; style=\"width:150px; height:150px; border-width: 10px; border-color:#F1F1F1;border: 10px solid #F1F1F1\" alt=\"\" title=\"\" src=\"https:\/\/www.fintamuzeum.hu\/wp-content\/uploads\/2020\/01\/DSC_8579_lo-150x150.jpg\" rel=\"https:\/\/www.fintamuzeum.hu\/wp-content\/uploads\/2020\/01\/DSC_8579_lo.jpg\" \/>\t\t\t\t\t\t\t\t\t\t\t\t\t\t\t<\/a>\n\t\t\t\t\t\t\t\t\t\t\t\t\t\t\t\t\t\t\t\t\t\t\t\t\t\t<\/p>\n\t\t\t\t\t\t\t\t\t\t\t\t\t\t\t\t\t\t\t\t\t\t\t\t\t<div \n\t\t\t\t\t\t\t\t\t\t\t\t\tstyle=\"width:170px;\"\t\t\t\t\t\t\t\t\t\t\t\t\tclass=\"gllr_single_image_text gllr_single_image_text_under\">&nbsp;<\/div>\n\t\t\t\t\t\t\t\t\t\t\t\t\t\t\t\t\t\t\t\t\t\t\t<\/div><!-- .gllr_image_block -->\n\t\t\t\t\t\t\t\t\t\t\t\t\t\t\t\t\t\t\t\t\t<\/div><!-- .gllr_image_row -->\n\t\t\t\t\t\t\t\t\t\t\t\t\t\t\t\t\t\t\t<\/div><!-- .gallery.clearfix -->\n\t\t\t\t\t\t\t\t\t\t\t\t\t\t<\/div><!-- .gallery_box_single -->\n\t\t\t\t\t\t<div class=\"gllr_clear\"><\/div>\n\t\t\t\t\t\t<\/p>\n<p>&nbsp;<\/p>\n","protected":false},"excerpt":{"rendered":"<p>&#8222;Sz\u00e9p menyecsk\u00e9k varrt\u00e1k feh\u00e9r patyolatb\u00f3l&#8221; A magyarorsz\u00e1gi feh\u00e9rh\u00edmz\u00e9sek t\u00edpusai A Damjanich J\u00e1nos M\u00fazeum ki\u00e1ll\u00edt\u00e1sa az int\u00e9zm\u00e9ny n\u00e9prajzi gy\u0171jtem\u00e9ny\u00e9nek feh\u00e9rh\u00edmz\u00e9ssel d\u00edsz\u00edtett text\u00edli\u00e1ira \u00e9p\u00fcl. \u00d6ssze\u00e1ll\u00edt\u00e1s\u00e1t t\u00f6bb\u00e9ves munka el\u0151zte meg, amelynek sor\u00e1n a muzeol\u00f3gusok feldolgozt\u00e1k a teljes, mintegy 200 darabos t\u00e1rgycsoportot, a t\u00e1rgyakr\u00f3l &hellip; <a href=\"https:\/\/www.fintamuzeum.hu\/?gallery=szep-menyecskek-varrtak\">Egy kattint\u00e1s ide a folytat\u00e1shoz&#8230;. <span class=\"meta-nav\">&rarr;<\/span><\/a><\/p>\n","protected":false},"author":2,"featured_media":0,"parent":4301,"menu_order":0,"comment_status":"closed","ping_status":"closed","template":"","meta":{"footnotes":""},"class_list":["post-4050","page","type-page","status-publish","hentry"],"_links":{"self":[{"href":"https:\/\/www.fintamuzeum.hu\/index.php?rest_route=\/wp\/v2\/pages\/4050","targetHints":{"allow":["GET"]}}],"collection":[{"href":"https:\/\/www.fintamuzeum.hu\/index.php?rest_route=\/wp\/v2\/pages"}],"about":[{"href":"https:\/\/www.fintamuzeum.hu\/index.php?rest_route=\/wp\/v2\/types\/page"}],"author":[{"embeddable":true,"href":"https:\/\/www.fintamuzeum.hu\/index.php?rest_route=\/wp\/v2\/users\/2"}],"replies":[{"embeddable":true,"href":"https:\/\/www.fintamuzeum.hu\/index.php?rest_route=%2Fwp%2Fv2%2Fcomments&post=4050"}],"version-history":[{"count":2,"href":"https:\/\/www.fintamuzeum.hu\/index.php?rest_route=\/wp\/v2\/pages\/4050\/revisions"}],"predecessor-version":[{"id":4069,"href":"https:\/\/www.fintamuzeum.hu\/index.php?rest_route=\/wp\/v2\/pages\/4050\/revisions\/4069"}],"up":[{"embeddable":true,"href":"https:\/\/www.fintamuzeum.hu\/index.php?rest_route=\/wp\/v2\/pages\/4301"}],"wp:attachment":[{"href":"https:\/\/www.fintamuzeum.hu\/index.php?rest_route=%2Fwp%2Fv2%2Fmedia&parent=4050"}],"curies":[{"name":"wp","href":"https:\/\/api.w.org\/{rel}","templated":true}]}}