{"id":4,"date":"2013-01-22T09:26:58","date_gmt":"2013-01-22T08:26:58","guid":{"rendered":"http:\/\/fintamuseum.no-ip.org\/fintamuzeumwp\/?page_id=4"},"modified":"2020-09-14T15:46:19","modified_gmt":"2020-09-14T13:46:19","slug":"muzeum","status":"publish","type":"page","link":"https:\/\/www.fintamuzeum.hu\/?page_id=4","title":{"rendered":"M\u00fazeumt\u00f6rt\u00e9net"},"content":{"rendered":"<p>T\u00farkeve \u00e9s k\u00f6rnyezete sz\u00e1mos tudom\u00e1nyter\u00fclet kutat\u00f3inak figyelm\u00e9t keltette fel az ut\u00f3bbi \u00e9vsz\u00e1zadban. A hely saj\u00e1toss\u00e1gai kedveztek olyan t\u00e9nyez\u0151k fennmarad\u00e1s\u00e1nak, melyek m\u00e1shol elt\u0171ntek vagy \u00e1talakultak. \u00cdgy m\u00e1r a XX. sz\u00e1zad els\u0151 \u00e9vtized\u00e9ben a Polg\u00e1ri Fi\u00fa- \u00e9s Le\u00e1ny Iskola \u201em\u00fazeumi szob\u00e1j\u00e1ban\u201d ker\u00fcltek elhelyez\u00e9sre, a meg\u0151rz\u00e9sre m\u00e9lt\u00f3nak \u00edt\u00e9lt t\u00e1rgyak. A gy\u0171jtem\u00e9nyt sajnos a vil\u00e1gh\u00e1bor\u00fak idej\u00e9n szinte teljesen sz\u00e9thordt\u00e1k.<br \/>\nM\u00e9rf\u00f6ldk\u0151 a m\u00fazeum t\u00f6rt\u00e9net\u00e9ben az 1929-es \u00e9v, amikor a Finta testv\u00e9rek felaj\u00e1nlott\u00e1k alkot\u00e1saikat a v\u00e1ros sz\u00e1m\u00e1ra, hogy azok egy ott l\u00e9trehozott int\u00e9zm\u00e9nyben egy\u00fctt Finta gy\u0171jtem\u00e9nyk\u00e9nt nyerjenek elhelyez\u00e9st. \u00c9vekkel k\u00e9s\u0151bb 1936-ban a v\u00e1ros hat\u00e1rozatot hozott a m\u00fazeum l\u00e9tes\u00edt\u00e9s\u00e9r\u0151l. Egy, a mai buszp\u00e1lyaudvar ter\u00fclet\u00e9n \u00e1ll\u00f3 \u00e9p\u00fcletbe k\u00f6lt\u00f6zhetett be az ekkor m\u00e1r anyagi gondokkal k\u00fczd\u0151 Finta Gergely. A rendelkez\u00e9sre \u00e1ll\u00f3 h\u00e1rom szoba d\u00f6nt\u0151en az \u0151 szobrait tartalmazta 1941-ig.<br \/>\nEgy \u00e9vtizeddel k\u00e9s\u0151bb egy fiatal pedag\u00f3gus, Dank\u00f3 Imre kezdte meg munk\u00e1j\u00e1t a v\u00e1ros frissen alakult gimn\u00e1zium\u00e1ban. Di\u00e1kjaival megkezdte a n\u00e9prajzi- \u00e9s helyt\u00f6rt\u00e9neti anyag gy\u0171jt\u00e9s\u00e9t, amib\u0151l megny\u00edlt 1951. augusztus 20-\u00e1n az els\u0151 ki\u00e1ll\u00edt\u00e1s. A frissen l\u00e9trehozott int\u00e9zm\u00e9ny, amely ma is m\u0171k\u00f6dik, a t\u00e1mogat\u00f3ja nev\u00e9t felv\u00e9ve V\u00f6r\u00f6s Csillag Termel\u0151sz\u00f6vetkezeti M\u00fazeumk\u00e9nt nyitotta meg kapuit. K\u00e9t \u00e9v m\u0171k\u00f6d\u00e9s ut\u00e1n, a jelenlegi \u00e9p\u00fclet\u00e9ben, T\u00farkevei M\u00fazeum n\u00e9ven \u00e1llami fenntart\u00e1s al\u00e1 ker\u00fclt. El\u0151sz\u00f6r a M\u00fazeumok \u00e9s M\u0171eml\u00e9kek Orsz\u00e1gos k\u00f6zpontja, majd k\u00e9s\u0151bb a M\u0171vel\u0151d\u00e9s\u00fcgyi Miniszt\u00e9rium M\u00fazeumi Oszt\u00e1lya ir\u00e1ny\u00edt\u00e1sa alatt.<\/p>\n<p><code>\t\t\t\t\t\t<div class=\"gallery_box_single\">\n\t\t\t\t\t\t\t\t\t\t\t\t\t\t\t<div class=\"gallery gllr_grid\" data-gllr-columns=\"3\" data-gllr-border-width=\"10\">\n\t\t\t\t\t\t\t\t\t\t\t\t\t\t\t\t\t\t\t\t<div class=\"gllr_image_row\">\n\t\t\t\t\t\t\t\t\t\t\t\t\t\t\t\t\t\t\t\t\t<div class=\"gllr_image_block\">\n\t\t\t\t\t\t\t\t\t\t\t\t<p style=\"\n\t\t\t\t\t\t\t\t\t\t\t\twidth:170px;height:170px;\t\t\t\t\t\t\t\t\t\t\t\t\">\n\t\t\t\t\t\t\t\t\t\t\t\t\t\t\t\t\t\t\t\t\t\t\t\t\t\t\t\t<a data-fancybox=\"gallery_fancybox_706\" href=\"https:\/\/www.fintamuzeum.hu\/wp-content\/uploads\/2013\/01\/muzeumszines.jpg\" title=\"\" >\n\t\t\t\t\t\t\t\t\t\t\t\t\t\t\t\t<img decoding=\"async\" width=&quot;150&quot; height=&quot;150&quot; style=\"width:150px; height:150px; border-width: 10px; border-color:#F1F1F1;border: 10px solid #F1F1F1\" alt=\"\" title=\"\" src=\"https:\/\/www.fintamuzeum.hu\/wp-content\/uploads\/2013\/01\/muzeumszines-150x150.jpg\" rel=\"https:\/\/www.fintamuzeum.hu\/wp-content\/uploads\/2013\/01\/muzeumszines.jpg\" \/>\t\t\t\t\t\t\t\t\t\t\t\t\t\t\t<\/a>\n\t\t\t\t\t\t\t\t\t\t\t\t\t\t\t\t\t\t\t\t\t\t\t\t\t\t<\/p>\n\t\t\t\t\t\t\t\t\t\t\t\t\t\t\t\t\t\t\t\t\t\t\t\t\t<div \n\t\t\t\t\t\t\t\t\t\t\t\t\tstyle=\"width:170px;\"\t\t\t\t\t\t\t\t\t\t\t\t\tclass=\"gllr_single_image_text gllr_single_image_text_under\">&nbsp;<\/div>\n\t\t\t\t\t\t\t\t\t\t\t\t\t\t\t\t\t\t\t\t\t\t\t<\/div><!-- .gllr_image_block -->\n\t\t\t\t\t\t\t\t\t\t\t\t\t\t\t\t\t\t\t\t\t<div class=\"gllr_image_block\">\n\t\t\t\t\t\t\t\t\t\t\t\t<p style=\"\n\t\t\t\t\t\t\t\t\t\t\t\twidth:170px;height:170px;\t\t\t\t\t\t\t\t\t\t\t\t\">\n\t\t\t\t\t\t\t\t\t\t\t\t\t\t\t\t\t\t\t\t\t\t\t\t\t\t\t\t<a data-fancybox=\"gallery_fancybox_706\" href=\"https:\/\/www.fintamuzeum.hu\/wp-content\/uploads\/2013\/01\/muzeumszines2.jpg\" title=\"\" >\n\t\t\t\t\t\t\t\t\t\t\t\t\t\t\t\t<img decoding=\"async\" width=&quot;150&quot; height=&quot;150&quot; style=\"width:150px; height:150px; border-width: 10px; border-color:#F1F1F1;border: 10px solid #F1F1F1\" alt=\"\" title=\"\" src=\"https:\/\/www.fintamuzeum.hu\/wp-content\/uploads\/2013\/01\/muzeumszines2-150x150.jpg\" rel=\"https:\/\/www.fintamuzeum.hu\/wp-content\/uploads\/2013\/01\/muzeumszines2.jpg\" \/>\t\t\t\t\t\t\t\t\t\t\t\t\t\t\t<\/a>\n\t\t\t\t\t\t\t\t\t\t\t\t\t\t\t\t\t\t\t\t\t\t\t\t\t\t<\/p>\n\t\t\t\t\t\t\t\t\t\t\t\t\t\t\t\t\t\t\t\t\t\t\t\t\t<div \n\t\t\t\t\t\t\t\t\t\t\t\t\tstyle=\"width:170px;\"\t\t\t\t\t\t\t\t\t\t\t\t\tclass=\"gllr_single_image_text gllr_single_image_text_under\">&nbsp;<\/div>\n\t\t\t\t\t\t\t\t\t\t\t\t\t\t\t\t\t\t\t\t\t\t\t<\/div><!-- .gllr_image_block -->\n\t\t\t\t\t\t\t\t\t\t\t\t\t\t\t\t\t\t\t\t\t<div class=\"gllr_image_block\">\n\t\t\t\t\t\t\t\t\t\t\t\t<p style=\"\n\t\t\t\t\t\t\t\t\t\t\t\twidth:170px;height:170px;\t\t\t\t\t\t\t\t\t\t\t\t\">\n\t\t\t\t\t\t\t\t\t\t\t\t\t\t\t\t\t\t\t\t\t\t\t\t\t\t\t\t<a data-fancybox=\"gallery_fancybox_706\" href=\"https:\/\/www.fintamuzeum.hu\/wp-content\/uploads\/2013\/01\/keresztgodor.jpg\" title=\"\" >\n\t\t\t\t\t\t\t\t\t\t\t\t\t\t\t\t<img decoding=\"async\" width=&quot;150&quot; height=&quot;150&quot; style=\"width:150px; height:150px; border-width: 10px; border-color:#F1F1F1;border: 10px solid #F1F1F1\" alt=\"\" title=\"\" src=\"https:\/\/www.fintamuzeum.hu\/wp-content\/uploads\/2013\/01\/keresztgodor-150x150.jpg\" rel=\"https:\/\/www.fintamuzeum.hu\/wp-content\/uploads\/2013\/01\/keresztgodor.jpg\" \/>\t\t\t\t\t\t\t\t\t\t\t\t\t\t\t<\/a>\n\t\t\t\t\t\t\t\t\t\t\t\t\t\t\t\t\t\t\t\t\t\t\t\t\t\t<\/p>\n\t\t\t\t\t\t\t\t\t\t\t\t\t\t\t\t\t\t\t\t\t\t\t\t\t<div \n\t\t\t\t\t\t\t\t\t\t\t\t\tstyle=\"width:170px;\"\t\t\t\t\t\t\t\t\t\t\t\t\tclass=\"gllr_single_image_text gllr_single_image_text_under\">&nbsp;<\/div>\n\t\t\t\t\t\t\t\t\t\t\t\t\t\t\t\t\t\t\t\t\t\t\t<\/div><!-- .gllr_image_block -->\n\t\t\t\t\t\t\t\t\t\t\t\t\t\t\t\t\t\t\t\t\t<\/div><!-- .gllr_image_row -->\n\t\t\t\t\t\t\t\t\t\t\t\t\t\t\t\t\t\t\t\t\t\t<div class=\"gllr_image_row\">\n\t\t\t\t\t\t\t\t\t\t\t\t\t\t\t\t\t\t\t\t\t<div class=\"gllr_image_block\">\n\t\t\t\t\t\t\t\t\t\t\t\t<p style=\"\n\t\t\t\t\t\t\t\t\t\t\t\twidth:170px;height:170px;\t\t\t\t\t\t\t\t\t\t\t\t\">\n\t\t\t\t\t\t\t\t\t\t\t\t\t\t\t\t\t\t\t\t\t\t\t\t\t\t\t\t<a data-fancybox=\"gallery_fancybox_706\" href=\"https:\/\/www.fintamuzeum.hu\/wp-content\/uploads\/2013\/01\/muzeumelsoepuletenagy.jpg\" title=\"\" >\n\t\t\t\t\t\t\t\t\t\t\t\t\t\t\t\t<img decoding=\"async\" width=&quot;150&quot; height=&quot;150&quot; style=\"width:150px; height:150px; border-width: 10px; border-color:#F1F1F1;border: 10px solid #F1F1F1\" alt=\"\" title=\"\" src=\"https:\/\/www.fintamuzeum.hu\/wp-content\/uploads\/2013\/01\/muzeumelsoepuletenagy-150x150.jpg\" rel=\"https:\/\/www.fintamuzeum.hu\/wp-content\/uploads\/2013\/01\/muzeumelsoepuletenagy.jpg\" \/>\t\t\t\t\t\t\t\t\t\t\t\t\t\t\t<\/a>\n\t\t\t\t\t\t\t\t\t\t\t\t\t\t\t\t\t\t\t\t\t\t\t\t\t\t<\/p>\n\t\t\t\t\t\t\t\t\t\t\t\t\t\t\t\t\t\t\t\t\t\t\t\t\t<div \n\t\t\t\t\t\t\t\t\t\t\t\t\tstyle=\"width:170px;\"\t\t\t\t\t\t\t\t\t\t\t\t\tclass=\"gllr_single_image_text gllr_single_image_text_under\">&nbsp;<\/div>\n\t\t\t\t\t\t\t\t\t\t\t\t\t\t\t\t\t\t\t\t\t\t\t<\/div><!-- .gllr_image_block -->\n\t\t\t\t\t\t\t\t\t\t\t\t\t\t\t\t\t\t\t\t\t<div class=\"gllr_image_block\">\n\t\t\t\t\t\t\t\t\t\t\t\t<p style=\"\n\t\t\t\t\t\t\t\t\t\t\t\twidth:170px;height:170px;\t\t\t\t\t\t\t\t\t\t\t\t\">\n\t\t\t\t\t\t\t\t\t\t\t\t\t\t\t\t\t\t\t\t\t\t\t\t\t\t\t\t<a data-fancybox=\"gallery_fancybox_706\" href=\"https:\/\/www.fintamuzeum.hu\/wp-content\/uploads\/2013\/01\/144__szepia-1024x681.jpg\" title=\"\" >\n\t\t\t\t\t\t\t\t\t\t\t\t\t\t\t\t<img decoding=\"async\" width=&quot;150&quot; height=&quot;150&quot; style=\"width:150px; height:150px; border-width: 10px; border-color:#F1F1F1;border: 10px solid #F1F1F1\" alt=\"\" title=\"\" src=\"https:\/\/www.fintamuzeum.hu\/wp-content\/uploads\/2013\/01\/144__szepia-150x150.jpg\" rel=\"https:\/\/www.fintamuzeum.hu\/wp-content\/uploads\/2013\/01\/144__szepia.jpg\" \/>\t\t\t\t\t\t\t\t\t\t\t\t\t\t\t<\/a>\n\t\t\t\t\t\t\t\t\t\t\t\t\t\t\t\t\t\t\t\t\t\t\t\t\t\t<\/p>\n\t\t\t\t\t\t\t\t\t\t\t\t\t\t\t\t\t\t\t\t\t\t\t\t\t<div \n\t\t\t\t\t\t\t\t\t\t\t\t\tstyle=\"width:170px;\"\t\t\t\t\t\t\t\t\t\t\t\t\tclass=\"gllr_single_image_text gllr_single_image_text_under\">&nbsp;<\/div>\n\t\t\t\t\t\t\t\t\t\t\t\t\t\t\t\t\t\t\t\t\t\t\t<\/div><!-- .gllr_image_block -->\n\t\t\t\t\t\t\t\t\t\t\t\t\t\t\t\t\t\t\t\t\t<div class=\"gllr_image_block\">\n\t\t\t\t\t\t\t\t\t\t\t\t<p style=\"\n\t\t\t\t\t\t\t\t\t\t\t\twidth:170px;height:170px;\t\t\t\t\t\t\t\t\t\t\t\t\">\n\t\t\t\t\t\t\t\t\t\t\t\t\t\t\t\t\t\t\t\t\t\t\t\t\t\t\t\t<a data-fancybox=\"gallery_fancybox_706\" href=\"https:\/\/www.fintamuzeum.hu\/wp-content\/uploads\/2013\/01\/fintamuzeumudvar-1020x1024.jpg\" title=\"\" >\n\t\t\t\t\t\t\t\t\t\t\t\t\t\t\t\t<img decoding=\"async\" width=&quot;150&quot; height=&quot;150&quot; style=\"width:150px; height:150px; border-width: 10px; border-color:#F1F1F1;border: 10px solid #F1F1F1\" alt=\"\" title=\"\" src=\"https:\/\/www.fintamuzeum.hu\/wp-content\/uploads\/2013\/01\/fintamuzeumudvar-150x150.jpg\" rel=\"https:\/\/www.fintamuzeum.hu\/wp-content\/uploads\/2013\/01\/fintamuzeumudvar.jpg\" \/>\t\t\t\t\t\t\t\t\t\t\t\t\t\t\t<\/a>\n\t\t\t\t\t\t\t\t\t\t\t\t\t\t\t\t\t\t\t\t\t\t\t\t\t\t<\/p>\n\t\t\t\t\t\t\t\t\t\t\t\t\t\t\t\t\t\t\t\t\t\t\t\t\t<div \n\t\t\t\t\t\t\t\t\t\t\t\t\tstyle=\"width:170px;\"\t\t\t\t\t\t\t\t\t\t\t\t\tclass=\"gllr_single_image_text gllr_single_image_text_under\">&nbsp;<\/div>\n\t\t\t\t\t\t\t\t\t\t\t\t\t\t\t\t\t\t\t\t\t\t\t<\/div><!-- .gllr_image_block -->\n\t\t\t\t\t\t\t\t\t\t\t\t\t\t\t\t\t\t\t\t\t<\/div><!-- .gllr_image_row -->\n\t\t\t\t\t\t\t\t\t\t\t\t\t\t\t\t\t\t\t<\/div><!-- .gallery.clearfix -->\n\t\t\t\t\t\t\t\t\t\t\t\t\t\t<\/div><!-- .gallery_box_single -->\n\t\t\t\t\t\t<div class=\"gllr_clear\"><\/div>\n\t\t\t\t\t\t<\/code><br \/>\nAz int\u00e9zm\u00e9ny alap\u00edt\u00f3ja 1954-ben \u00e1tadta a vezet\u00e9st ut\u00f3dj\u00e1nak, Veres \u00c9v\u00e1nak, akit\u0151l k\u00e9t \u00e9vvel k\u00e9s\u0151bb Dr. Gy\u00f6rffy Lajos vette \u00e1t. \u0150 m\u00e1r 1936-ban is, v\u00e1rosi tisztvisel\u0151k\u00e9nt szorgalmazta az els\u0151 Finta M\u00fazeum \u00fcgy\u00e9t. Ism\u00e9t felvette a kapcsolatot Finta S\u00e1ndorral, aki 1957-ben megism\u00e9telte a kor\u00e1bban, testv\u00e9rei nev\u00e9ben is tett felaj\u00e1nl\u00e1s\u00e1t a m\u00fazeum sz\u00e1m\u00e1ra. Hal\u00e1la azonban megakad\u00e1lyozta ebben, \u00edgy \u00f6zvegye teljes\u00edtette v\u00e9gakarat\u00e1t. A hagyat\u00e9k hazasz\u00e1ll\u00edt\u00e1s\u00e1nak k\u00f6lts\u00e9g\u00e9t a Magyar \u00c1llam fedezte. A T\u00farkevei M\u00fazeum \u00e9p\u00fclete akkori form\u00e1j\u00e1ban nem volt alkalmas az anyag bemutat\u00e1s\u00e1ra, \u00edgy egy modern ki\u00e1ll\u00edt\u00f3csarnokot emeltek hozz\u00e1, a M\u0171vel\u0151d\u00e9s\u00fcgyi Miniszt\u00e9rium j\u00f3volt\u00e1b\u00f3l. Finta Gergely szobrai m\u00e1r az \u00f6tvenes \u00e9vek v\u00e9g\u00e9n beker\u00fcltek a gy\u0171jtem\u00e9nybe, \u00edgy S\u00e1ndor anyag\u00e1val egy\u00fctt alkott\u00e1k az els\u0151 \u00e1lland\u00f3 Finta ki\u00e1ll\u00edt\u00e1st, ami 1967. \u00e1prilis 23-\u00e1n ker\u00fclt megnyit\u00e1sra. B\u00e1r az akkor m\u00e9g \u00e9l\u0151 Finta S\u00e1muel szobrai k\u00e9s\u0151bb ker\u00fcltek a m\u00fazeumba, az int\u00e9zm\u00e9ny hivatalosan, ekkort\u00f3l viseli a m\u0171v\u00e9sz triumvir\u00e1tus csal\u00e1di nev\u00e9t.<br \/>\n1967. \u00e1prilis 23-t\u00f3l a Finta testv\u00e9rek t\u00e1rlata eg\u00e9szen 1998. febru\u00e1r 15-ig v\u00e1rta l\u00e1togat\u00f3it v\u00e1ltozatlan form\u00e1ban. Ezt megel\u0151z\u0151en m\u00e9g a hatvanas \u00e9vek elej\u00e9n az int\u00e9zm\u00e9ny, a frissen l\u00e9trehozott Szolnok Megyei M\u00fazeumszervezet tagja lett.<br \/>\nDr. Gy\u00f6rffy Lajos 1956-t\u00f3l eg\u00e9szen 1980-ig vezette a m\u00fazeumot. Az \u00e9p\u00fclet b\u0151v\u00edt\u00e9se \u00e9s a Finta hagyat\u00e9k megszerz\u00e9se mellett sz\u00e1mos m\u00e1s \u00e9rt\u00e9kes t\u00e1rgy gy\u0171jtem\u00e9nybe ker\u00fcl\u00e9se f\u0171z\u0151dik a nev\u00e9hez. Az 1936-ban a Bokros-halomn\u00e1l zajl\u00f3 g\u00e1t\u00e9p\u00edt\u00e9s sor\u00e1n el\u0151ker\u00fclt honfoglal\u00e1s-kori leletek \u00e9s a T\u00farkevei tarsolylemez megment\u00e9se, neki k\u00f6sz\u00f6nhet\u0151. A T\u00farp\u00e1szt\u00f3i ez\u00fcstkincslelet egy r\u00e9sze is az \u0151 igazgat\u00e1sa alatt ker\u00fclt a m\u00fazeumba 1959-ben. Mindezek mellett sz\u00e1mos n\u00e9prajzi, t\u00f6rt\u00e9nelmi \u00e9s k\u00e9pz\u0151m\u0171v\u00e9szeti t\u00e1rggyal b\u0151v\u00edtette a Finta M\u00fazeum anyag\u00e1t. Tev\u00e9kenys\u00e9ge alatt a k\u00f6zm\u0171vel\u0151d\u00e9s is egyre jobban el\u0151t\u00e9rbe ker\u00fclt. Rendszeress\u00e9 v\u00e1ltak a helyi alkot\u00f3k munk\u00e1it bemutat\u00f3 k\u00e9pz\u0151m\u0171v\u00e9szeti t\u00e1rlatok, ismeretterjeszt\u0151 el\u0151ad\u00e1sok \u00e9s szakk\u00f6ri bemutat\u00f3k. Els\u0151 alkalommal szerkesztette a m\u00fazeum jubileumi eml\u00e9kk\u00f6nyv\u00e9t, \u00e9s elv\u00e9gezte a szolnoki szandzs\u00e1k 1571-es ad\u00f3\u00f6ssze\u00edr\u00e1s\u00e1nak magyar ford\u00edt\u00e1s\u00e1t. 1980-ban adta \u00e1t az igazgat\u00f3i posztot Feh\u00e9rv\u00e1ri B\u00e9l\u00e1nak aki k\u00e9t \u00e9vig vezette a m\u00fazeumot. A Kevi K\u00f6r tagjak\u00e9nt a k\u00e9pz\u0151m\u0171v\u00e9szeti profilt hangs\u00falyozta az int\u00e9zm\u00e9ny \u00e9l\u00e9n is.<br \/>\n1982 \u0151sz\u00e9n Dr. \u00d6rsi Julianna vette \u00e1t a Finta M\u00fazeum ir\u00e1ny\u00edt\u00e1s\u00e1t. Tev\u00e9kenys\u00e9ge alatt kezd\u0151d\u00f6tt meg \u00e9s teljesedett ki a modern technikai eszk\u00f6z\u00f6k haszn\u00e1lata, valamint a civil szervezetek bevon\u00e1sa az int\u00e9zm\u00e9ny m\u0171k\u00f6dtet\u00e9s\u00e9be. Az 1980-as \u00e9vek elej\u00e9n, ism\u00e9t id\u0151szer\u0171v\u00e9 v\u00e1lt az \u00e9p\u00fclet b\u0151v\u00edt\u00e9se, fejleszt\u00e9se. A ki\u00e1ll\u00edt\u00f3csarnok meg\u00e9p\u00edt\u00e9sekor figyelmet ford\u00edtottak ugyan arra is, hogy a pinc\u00e9ben megfelel\u0151 rakt\u00e1rhelyis\u00e9gek ker\u00fcljenek kialak\u00edt\u00e1sra, de ez nem v\u00e1ltotta be a hozz\u00e1 f\u0171z\u00f6tt rem\u00e9nyeket. A helyzet megold\u00e1s\u00e1ra 1983 tel\u00e9n, az udvaron egy barakk\u00e9p\u00fcletet emeltek a n\u00e9prajzi t\u00e1rgyak rakt\u00e1roz\u00e1s\u00e1ra. A t\u00f6bbi gy\u0171jtem\u00e9nyegys\u00e9g azonban tov\u00e1bbra is az \u00e9p\u00fcletben nyert elhelyez\u00e9st. \u00d6t terem \u00e1llt rendelkez\u00e9sre az \u00e1lland\u00f3 \u00e9s id\u0151szaki ki\u00e1ll\u00edt\u00e1sok sz\u00e1m\u00e1ra. Az irod\u00e1kban volt elhelyezve a m\u00fazeum k\u00f6nyvt\u00e1ra, adatt\u00e1ra \u00e9s fot\u00f3t\u00e1ra. 1984-t\u0151l m\u00e1r valamennyi helyis\u00e9g g\u00e1zf\u0171t\u00e9ssel rendelkezett.<br \/>\n1990-ben a M\u0171vel\u0151d\u00e9s\u00fcgyi Miniszt\u00e9rium t\u00e1jm\u00fazeumi rangra emelte a Finta M\u00fazeumot. Az ezt k\u00f6vet\u0151 \u00e9vekben itt ker\u00fclt szerkeszt\u00e9sre a helyi \u00fajs\u00e1g is. Az \u00e9p\u00fclet b\u0151v\u00edt\u00e9se \u00e9s az \u00faj \u00e1lland\u00f3 ki\u00e1ll\u00edt\u00e1s rendez\u00e9se azonban k\u00fcl\u00f6nb\u00f6z\u0151 okok miatt az \u00e9vtized utols\u00f3 harmad\u00e1ig v\u00e1ratott mag\u00e1ra. 1998-ban kezd\u0151d\u00f6tt el az \u00e9p\u00fclet fel\u00faj\u00edt\u00e1sa, \u00e9s az addig lapos tet\u0151vel fedett ki\u00e1ll\u00edt\u00f3 csarnok tet\u0151ter\u00e9nek kialak\u00edt\u00e1sa, mely a k\u00f6vetkez\u0151 \u00e9v v\u00e9g\u00e9n ker\u00fclt \u00e1tad\u00e1sra. Ekkor ker\u00fclt bont\u00e1sra az udvaron \u00e1ll\u00f3, id\u0151k\u00f6zben elavult barakk\u00e9p\u00fclet is. Az \u00e1lland\u00f3 ki\u00e1ll\u00edt\u00e1s azonban anyagi okok miatt csak h\u00e1rom k\u00fcl\u00f6nb\u00f6z\u0151 blokkban ker\u00fclt megval\u00f3s\u00edt\u00e1sra, mely v\u00e9g\u00fcl egy teljes tematikus egys\u00e9get alkotott a kor\u00e1bbi \u00f6t helyett imm\u00e1r kilenc teremben. A rakt\u00e1rak \u00e9s az id\u0151szaki ki\u00e1ll\u00edt\u00e1sok a v\u00e1ros \u00e1ltal fel\u00faj\u00edtott, \u00e9s a m\u00fazeum rendelkez\u00e9s\u00e9re bocs\u00e1tott Vad\u00e1sz P\u00e1l Ki\u00e1ll\u00edt\u00f3teremben nyertek elhelyez\u00e9st 2001-t\u0151l.<br \/>\nA fel\u00faj\u00edt\u00e1s folytat\u00e1s\u00e1ra \u00e9s a tov\u00e1bbi nagyobb szab\u00e1s\u00fa fejleszt\u00e9sekre 2006 v\u00e9g\u00e9n ker\u00fclt sor. Megt\u00f6rt\u00e9nt a ki\u00e1ll\u00edt\u00f3 csarnok tet\u0151ter\u00e9ben az irod\u00e1k, a k\u00f6z\u00f6ss\u00e9gi t\u00e9r \u00e9s a kiszolg\u00e1l\u00f3 helyis\u00e9gek kialak\u00edt\u00e1sa. A kor\u00e1bbi barakk\u00e9p\u00fclet hely\u00e9n kerti pavilon \u00e9p\u00fclt, mely tavaszt\u00f3l \u0151szig m\u00fazeumpedag\u00f3giai foglalkoz\u00e1soknak \u00e9s szabadt\u00e9ri rendezv\u00e9nyeknek ad otthont.<br \/>\nDr. \u00d6rsi Julianna mindezeken t\u00fal, m\u00e1s ter\u00fcleten is jelent\u0151s eredm\u00e9nyeket \u00e9rt el maga \u00e9s a m\u00fazeum sz\u00e1m\u00e1ra. K\u00e9t nagy t\u00e1rsadalomkutat\u00e1si projektet vezetett le. Az els\u0151 \u201eA lok\u00e1lis k\u00f6z\u00f6ss\u00e9gek, v\u00e9rs\u00e9gi csoportok \u00e9s az egy\u00e9n helye, szerepe a v\u00e1ltoz\u00f3 t\u00e1rsadalomban\u201d 2001-2004 k\u00f6z\u00f6tt, a m\u00e1sodik \u201eA nemzed\u00e9kek kutat\u00f3\u00faton\u2026\u201d 2006-2008 k\u00f6z\u00f6tt zajlott. 2008. \u00e1prilis 28-\u00e1n huszonhat \u00e9v ut\u00e1n adta \u00e1t az int\u00e9zm\u00e9ny ir\u00e1ny\u00edt\u00e1s\u00e1t. Szem\u00e9lye t\u00f6bb, mint negyed sz\u00e1zadon kereszt\u00fcl meghat\u00e1rozta a Finta M\u00fazeum profilj\u00e1t, ami ut\u00f3dj\u00e1t \u00e9s munkat\u00e1rsait, a mai napig is jelent\u0151s feladat el\u00e9 \u00e1ll\u00edtja. A vezet\u0151v\u00e1lt\u00e1s a szem\u00e9lyi v\u00e1ltoz\u00e1sokon t\u00fal \u00f3hatatlanul bizonyos m\u00e9rt\u00e9k\u0171 szeml\u00e9let \u00e9s arculatv\u00e1lt\u00e1st is mag\u00e1val hozott, t\u00f6rekedve a kor\u00e1bbi eredm\u00e9nyek megtart\u00e1s\u00e1ra. A k\u00e9ts\u00e9gtelen\u00fcl fontos tudom\u00e1nyos profil mellett a l\u00e1togat\u00f3 k\u00f6z\u00f6ns\u00e9ggel, az oktat\u00e1si int\u00e9zm\u00e9nyekkel \u00e9s a v\u00e1rossal val\u00f3 kapcsolat er\u0151s\u00edt\u00e9se ker\u00fclt el\u0151t\u00e9rbe.<br \/>\nA k\u00f6vetelm\u00e9nyeknek megfelel\u0151en elind\u00edtottuk a m\u00fazeum \u00e1tfog\u00f3 digitaliz\u00e1l\u00e1si programj\u00e1t. A k\u00f6vetkez\u0151 \u00e9vben m\u00e1r valamennyi nyilv\u00e1ntart\u00e1s \u00e9s a teljes fot\u00f3t\u00e1r feldolgoz\u00e1sra ker\u00fclt, melynek anyaga az int\u00e9zm\u00e9ny emelet\u00e9n tal\u00e1lhat\u00f3 k\u00f6z\u00f6ss\u00e9gi teremb\u0151l \u00e9s az internetr\u0151l is el\u00e9rhet\u0151.<br \/>\nSzinte egy teljes \u00e9ven \u00e1t zajlott a folyamat, melynek sor\u00e1n Dr. \u00d6rsi Julianna \u00e1tadta a Finta M\u00fazeum\u00e9rt Alap\u00edtv\u00e1ny k\u00e9pviselet\u00e9t ut\u00f3dj\u00e1nak, \u00edgy a civil szervezet m\u00e9g hat\u00e9konyabban tudja t\u00e1mogatni a m\u00fazeumot. Beszerz\u00e9seit ezt k\u00f6vet\u0151en a dokument\u00e1ci\u00f3hoz \u00e9s a digitaliz\u00e1l\u00e1shoz sz\u00fcks\u00e9ges technikai eszk\u00f6z\u00f6kre koncentr\u00e1lta.<br \/>\nAz elm\u00falt \u00e9vek tapasztalatai azt mutatt\u00e1k, hogy sz\u00fcks\u00e9ges egy teljes arculat kidolgoz\u00e1sa. Bevezett\u00fck egy \u00faj jelk\u00e9p haszn\u00e1lat\u00e1t, amely a m\u00fazeum\u00e9p\u00fclet utcafrontj\u00e1nak tornyos sziluettje. T\u00f6bbek k\u00f6z\u00f6tt ez d\u00edsz\u00edti a m\u00fazeumi egyen p\u00f3l\u00f3 elej\u00e9t is. Kiadv\u00e1nyaink, eml\u00e9kt\u00e1rgyaink a m\u00fazeum sz\u00edn\u00e9hez hasonl\u00f3 z\u00f6ld \u00e1rnyalatot kapnak.<br \/>\n2010-ben a v\u00e1ros seg\u00edts\u00e9g\u00e9vel megt\u00f6rt\u00e9nt a Vad\u00e1sz P\u00e1l Ki\u00e1ll\u00edt\u00f3terem udvar\u00e1nak rendez\u00e9se, a d\u00fcledez\u0151 mell\u00e9k\u00e9p\u00fcletek lebont\u00e1sa \u00e9s a ny\u00edl\u00e1sz\u00e1r\u00f3k fest\u00e9se. Ut\u00f3bbi a Finta M\u00fazeumban is ekkor lett elv\u00e9gezve. Tov\u00e1bbi \u00e9p\u00edtkez\u00e9sekre a \u201eJ\u00e1szkunkapit\u00e1nyok Nyom\u00e1ban\u201d projekt adott lehet\u0151s\u00e9get. A m\u00fazeum kerti pavilonja a falain\u00e1l k\u00f6rben \u00fcl\u0151padozattal lett ell\u00e1tva. A kemenc\u00e9n\u00e9l k\u00e9t udvari filag\u00f3ria v\u00e1rja a pihenni sz\u00e1nd\u00e9koz\u00f3 l\u00e1togat\u00f3kat. A mozg\u00e1ss\u00e9r\u00fcltek sz\u00e1m\u00e1ra k\u00e9sz\u00fclt r\u00e1mpa is \u2013 az el\u0151\u00edr\u00e1soknak megfelel\u0151en \u2013 \u00e1talak\u00edt\u00e1sra ker\u00fclt. Az \u00e9p\u00fclet terasza, szabadt\u00e9ri sz\u00ednpada lefed\u00e9sre ker\u00fclt megfelel\u0151 vil\u00e1g\u00edt\u00e1s kialak\u00edt\u00e1s\u00e1val. Az \u00e1lland\u00f3 ki\u00e1ll\u00edt\u00e1s bej\u00e1rat\u00e1n\u00e1l a l\u00e9pcs\u0151h\u00e1zban stabil f\u00e9mvitrin ker\u00fclt elhelyez\u00e9sre, melyben kism\u00e9ret\u0171 l\u00e1tv\u00e1nyrakt\u00e1r kapott helyet. Maga a t\u00e1rlat akad\u00e1lymentes\u00edtett inform\u00e1ci\u00f3s pulttal \u00e9s elektronikus t\u00e1rlatvezet\u0151 rendszerrel b\u0151v\u00fclt.<br \/>\nAz \u00e9v m\u00e1sodik fel\u00e9ben indult a \u201eNagykun f\u00f6ld\u00f6n, T\u00farkev\u00e9n&#8230;\u201d c\u00edm\u0171 projekt, amely lehet\u0151v\u00e9 tette egy m\u00fazeumpedag\u00f3giai programsorozat megval\u00f3s\u00edt\u00e1s\u00e1t \u00e9s k\u00e9t koroszt\u00e1ly sz\u00e1m\u00e1ra foglalkoztat\u00f3f\u00fczetek megjelentet\u00e9s\u00e9t. Az emeleten egy nagyobb csoportok, oszt\u00e1lyok befogad\u00e1s\u00e1ra alkalmas oktat\u00f3-foglalkoztat\u00f3 terem is kialak\u00edt\u00e1sra ker\u00fclt. Itt lehet\u0151s\u00e9g van el\u0151ad\u00e1sok \u00e9s k\u00e9zm\u0171ves foglalkoz\u00e1sok megtart\u00e1s\u00e1ra egyar\u00e1nt, melyek a programnak k\u00f6sz\u00f6nhet\u0151en rendszeresen ker\u00fcltek megrendez\u00e9sre. A helyis\u00e9g adotts\u00e1gai lehet\u0151v\u00e9 tett\u00e9k, hogy a nyilv\u00e1nos sz\u00e1m\u00edt\u00f3g\u00e9p termin\u00e1lok is helyet kaphassanak, a digitaliz\u00e1lt gy\u0171jtem\u00e9nyi egys\u00e9gek \u00edgy ma m\u00e1r innen \u00e9rhet\u0151ek el. A projekthez kapcsol\u00f3d\u00f3 programok jelent\u0151s r\u00e9sze a k\u00f6vetkez\u0151 \u00e9vben zajlott, amikor Finta M\u00fazeum fenn\u00e1ll\u00e1s\u00e1nak 60. \u00e9vfordul\u00f3j\u00e1t is \u00fcnnepelte.<\/p>\n<p><code>\t\t\t\t\t\t<div class=\"gallery_box_single\">\n\t\t\t\t\t\t\t\t\t\t\t\t\t\t\t<div class=\"gallery gllr_grid\" data-gllr-columns=\"3\" data-gllr-border-width=\"10\">\n\t\t\t\t\t\t\t\t\t\t\t\t\t\t\t\t\t\t\t\t<div class=\"gllr_image_row\">\n\t\t\t\t\t\t\t\t\t\t\t\t\t\t\t\t\t\t\t\t\t<div class=\"gllr_image_block\">\n\t\t\t\t\t\t\t\t\t\t\t\t<p style=\"\n\t\t\t\t\t\t\t\t\t\t\t\twidth:170px;height:170px;\t\t\t\t\t\t\t\t\t\t\t\t\">\n\t\t\t\t\t\t\t\t\t\t\t\t\t\t\t\t\t\t\t\t\t\t\t\t\t\t\t\t<a data-fancybox=\"gallery_fancybox_714\" href=\"https:\/\/www.fintamuzeum.hu\/wp-content\/uploads\/2013\/01\/Finta_muzeum_udvar800.jpg\" title=\"\" >\n\t\t\t\t\t\t\t\t\t\t\t\t\t\t\t\t<img decoding=\"async\" width=&quot;150&quot; height=&quot;150&quot; style=\"width:150px; height:150px; border-width: 10px; border-color:#F1F1F1;border: 10px solid #F1F1F1\" alt=\"\" title=\"\" src=\"https:\/\/www.fintamuzeum.hu\/wp-content\/uploads\/2013\/01\/Finta_muzeum_udvar800-150x150.jpg\" rel=\"https:\/\/www.fintamuzeum.hu\/wp-content\/uploads\/2013\/01\/Finta_muzeum_udvar800.jpg\" \/>\t\t\t\t\t\t\t\t\t\t\t\t\t\t\t<\/a>\n\t\t\t\t\t\t\t\t\t\t\t\t\t\t\t\t\t\t\t\t\t\t\t\t\t\t<\/p>\n\t\t\t\t\t\t\t\t\t\t\t\t\t\t\t\t\t\t\t\t\t\t\t\t\t<div \n\t\t\t\t\t\t\t\t\t\t\t\t\tstyle=\"width:170px;\"\t\t\t\t\t\t\t\t\t\t\t\t\tclass=\"gllr_single_image_text gllr_single_image_text_under\">&nbsp;<\/div>\n\t\t\t\t\t\t\t\t\t\t\t\t\t\t\t\t\t\t\t\t\t\t\t<\/div><!-- .gllr_image_block -->\n\t\t\t\t\t\t\t\t\t\t\t\t\t\t\t\t\t\t\t\t\t<div class=\"gllr_image_block\">\n\t\t\t\t\t\t\t\t\t\t\t\t<p style=\"\n\t\t\t\t\t\t\t\t\t\t\t\twidth:170px;height:170px;\t\t\t\t\t\t\t\t\t\t\t\t\">\n\t\t\t\t\t\t\t\t\t\t\t\t\t\t\t\t\t\t\t\t\t\t\t\t\t\t\t\t<a data-fancybox=\"gallery_fancybox_714\" href=\"https:\/\/www.fintamuzeum.hu\/wp-content\/uploads\/2013\/01\/FM_retusaltlo.JPG\" title=\"\" >\n\t\t\t\t\t\t\t\t\t\t\t\t\t\t\t\t<img decoding=\"async\" width=&quot;150&quot; height=&quot;150&quot; style=\"width:150px; height:150px; border-width: 10px; border-color:#F1F1F1;border: 10px solid #F1F1F1\" alt=\"\" title=\"\" src=\"https:\/\/www.fintamuzeum.hu\/wp-content\/uploads\/2013\/01\/FM_retusaltlo-150x150.jpg\" rel=\"https:\/\/www.fintamuzeum.hu\/wp-content\/uploads\/2013\/01\/FM_retusaltlo.JPG\" \/>\t\t\t\t\t\t\t\t\t\t\t\t\t\t\t<\/a>\n\t\t\t\t\t\t\t\t\t\t\t\t\t\t\t\t\t\t\t\t\t\t\t\t\t\t<\/p>\n\t\t\t\t\t\t\t\t\t\t\t\t\t\t\t\t\t\t\t\t\t\t\t\t\t<div \n\t\t\t\t\t\t\t\t\t\t\t\t\tstyle=\"width:170px;\"\t\t\t\t\t\t\t\t\t\t\t\t\tclass=\"gllr_single_image_text gllr_single_image_text_under\">&nbsp;<\/div>\n\t\t\t\t\t\t\t\t\t\t\t\t\t\t\t\t\t\t\t\t\t\t\t<\/div><!-- .gllr_image_block -->\n\t\t\t\t\t\t\t\t\t\t\t\t\t\t\t\t\t\t\t\t\t<div class=\"gllr_image_block\">\n\t\t\t\t\t\t\t\t\t\t\t\t<p style=\"\n\t\t\t\t\t\t\t\t\t\t\t\twidth:170px;height:170px;\t\t\t\t\t\t\t\t\t\t\t\t\">\n\t\t\t\t\t\t\t\t\t\t\t\t\t\t\t\t\t\t\t\t\t\t\t\t\t\t\t\t<a data-fancybox=\"gallery_fancybox_714\" href=\"https:\/\/www.fintamuzeum.hu\/wp-content\/uploads\/2013\/01\/DSCF0823lo.JPG\" title=\"\" >\n\t\t\t\t\t\t\t\t\t\t\t\t\t\t\t\t<img decoding=\"async\" width=&quot;150&quot; height=&quot;150&quot; style=\"width:150px; height:150px; border-width: 10px; border-color:#F1F1F1;border: 10px solid #F1F1F1\" alt=\"\" title=\"\" src=\"https:\/\/www.fintamuzeum.hu\/wp-content\/uploads\/2013\/01\/DSCF0823lo-150x150.jpg\" rel=\"https:\/\/www.fintamuzeum.hu\/wp-content\/uploads\/2013\/01\/DSCF0823lo.JPG\" \/>\t\t\t\t\t\t\t\t\t\t\t\t\t\t\t<\/a>\n\t\t\t\t\t\t\t\t\t\t\t\t\t\t\t\t\t\t\t\t\t\t\t\t\t\t<\/p>\n\t\t\t\t\t\t\t\t\t\t\t\t\t\t\t\t\t\t\t\t\t\t\t\t\t<div \n\t\t\t\t\t\t\t\t\t\t\t\t\tstyle=\"width:170px;\"\t\t\t\t\t\t\t\t\t\t\t\t\tclass=\"gllr_single_image_text gllr_single_image_text_under\">&nbsp;<\/div>\n\t\t\t\t\t\t\t\t\t\t\t\t\t\t\t\t\t\t\t\t\t\t\t<\/div><!-- .gllr_image_block -->\n\t\t\t\t\t\t\t\t\t\t\t\t\t\t\t\t\t\t\t\t\t<\/div><!-- .gllr_image_row -->\n\t\t\t\t\t\t\t\t\t\t\t\t\t\t\t\t\t\t\t\t\t\t<div class=\"gllr_image_row\">\n\t\t\t\t\t\t\t\t\t\t\t\t\t\t\t\t\t\t\t\t\t<div class=\"gllr_image_block\">\n\t\t\t\t\t\t\t\t\t\t\t\t<p style=\"\n\t\t\t\t\t\t\t\t\t\t\t\twidth:170px;height:170px;\t\t\t\t\t\t\t\t\t\t\t\t\">\n\t\t\t\t\t\t\t\t\t\t\t\t\t\t\t\t\t\t\t\t\t\t\t\t\t\t\t\t<a data-fancybox=\"gallery_fancybox_714\" href=\"https:\/\/www.fintamuzeum.hu\/wp-content\/uploads\/2013\/01\/DSCF0816lo.JPG\" title=\"\" >\n\t\t\t\t\t\t\t\t\t\t\t\t\t\t\t\t<img decoding=\"async\" width=&quot;150&quot; height=&quot;150&quot; style=\"width:150px; height:150px; border-width: 10px; border-color:#F1F1F1;border: 10px solid #F1F1F1\" alt=\"\" title=\"\" src=\"https:\/\/www.fintamuzeum.hu\/wp-content\/uploads\/2013\/01\/DSCF0816lo-150x150.jpg\" rel=\"https:\/\/www.fintamuzeum.hu\/wp-content\/uploads\/2013\/01\/DSCF0816lo.JPG\" \/>\t\t\t\t\t\t\t\t\t\t\t\t\t\t\t<\/a>\n\t\t\t\t\t\t\t\t\t\t\t\t\t\t\t\t\t\t\t\t\t\t\t\t\t\t<\/p>\n\t\t\t\t\t\t\t\t\t\t\t\t\t\t\t\t\t\t\t\t\t\t\t\t\t<div \n\t\t\t\t\t\t\t\t\t\t\t\t\tstyle=\"width:170px;\"\t\t\t\t\t\t\t\t\t\t\t\t\tclass=\"gllr_single_image_text gllr_single_image_text_under\">&nbsp;<\/div>\n\t\t\t\t\t\t\t\t\t\t\t\t\t\t\t\t\t\t\t\t\t\t\t<\/div><!-- .gllr_image_block -->\n\t\t\t\t\t\t\t\t\t\t\t\t\t\t\t\t\t\t\t\t\t<div class=\"gllr_image_block\">\n\t\t\t\t\t\t\t\t\t\t\t\t<p style=\"\n\t\t\t\t\t\t\t\t\t\t\t\twidth:170px;height:170px;\t\t\t\t\t\t\t\t\t\t\t\t\">\n\t\t\t\t\t\t\t\t\t\t\t\t\t\t\t\t\t\t\t\t\t\t\t\t\t\t\t\t<a data-fancybox=\"gallery_fancybox_714\" href=\"https:\/\/www.fintamuzeum.hu\/wp-content\/uploads\/2013\/01\/DSCF0812lo.JPG\" title=\"\" >\n\t\t\t\t\t\t\t\t\t\t\t\t\t\t\t\t<img decoding=\"async\" width=&quot;150&quot; height=&quot;150&quot; style=\"width:150px; height:150px; border-width: 10px; border-color:#F1F1F1;border: 10px solid #F1F1F1\" alt=\"\" title=\"\" src=\"https:\/\/www.fintamuzeum.hu\/wp-content\/uploads\/2013\/01\/DSCF0812lo-150x150.jpg\" rel=\"https:\/\/www.fintamuzeum.hu\/wp-content\/uploads\/2013\/01\/DSCF0812lo.JPG\" \/>\t\t\t\t\t\t\t\t\t\t\t\t\t\t\t<\/a>\n\t\t\t\t\t\t\t\t\t\t\t\t\t\t\t\t\t\t\t\t\t\t\t\t\t\t<\/p>\n\t\t\t\t\t\t\t\t\t\t\t\t\t\t\t\t\t\t\t\t\t\t\t\t\t<div \n\t\t\t\t\t\t\t\t\t\t\t\t\tstyle=\"width:170px;\"\t\t\t\t\t\t\t\t\t\t\t\t\tclass=\"gllr_single_image_text gllr_single_image_text_under\">&nbsp;<\/div>\n\t\t\t\t\t\t\t\t\t\t\t\t\t\t\t\t\t\t\t\t\t\t\t<\/div><!-- .gllr_image_block -->\n\t\t\t\t\t\t\t\t\t\t\t\t\t\t\t\t\t\t\t\t\t<div class=\"gllr_image_block\">\n\t\t\t\t\t\t\t\t\t\t\t\t<p style=\"\n\t\t\t\t\t\t\t\t\t\t\t\twidth:170px;height:170px;\t\t\t\t\t\t\t\t\t\t\t\t\">\n\t\t\t\t\t\t\t\t\t\t\t\t\t\t\t\t\t\t\t\t\t\t\t\t\t\t\t\t<a data-fancybox=\"gallery_fancybox_714\" href=\"https:\/\/www.fintamuzeum.hu\/wp-content\/uploads\/2013\/01\/DSCF0800.JPG\" title=\"\" >\n\t\t\t\t\t\t\t\t\t\t\t\t\t\t\t\t<img decoding=\"async\" width=&quot;150&quot; height=&quot;150&quot; style=\"width:150px; height:150px; border-width: 10px; border-color:#F1F1F1;border: 10px solid #F1F1F1\" alt=\"\" title=\"\" src=\"https:\/\/www.fintamuzeum.hu\/wp-content\/uploads\/2013\/01\/DSCF0800-150x150.jpg\" rel=\"https:\/\/www.fintamuzeum.hu\/wp-content\/uploads\/2013\/01\/DSCF0800.JPG\" \/>\t\t\t\t\t\t\t\t\t\t\t\t\t\t\t<\/a>\n\t\t\t\t\t\t\t\t\t\t\t\t\t\t\t\t\t\t\t\t\t\t\t\t\t\t<\/p>\n\t\t\t\t\t\t\t\t\t\t\t\t\t\t\t\t\t\t\t\t\t\t\t\t\t<div \n\t\t\t\t\t\t\t\t\t\t\t\t\tstyle=\"width:170px;\"\t\t\t\t\t\t\t\t\t\t\t\t\tclass=\"gllr_single_image_text gllr_single_image_text_under\">&nbsp;<\/div>\n\t\t\t\t\t\t\t\t\t\t\t\t\t\t\t\t\t\t\t\t\t\t\t<\/div><!-- .gllr_image_block -->\n\t\t\t\t\t\t\t\t\t\t\t\t\t\t\t\t\t\t\t\t\t<\/div><!-- .gllr_image_row -->\n\t\t\t\t\t\t\t\t\t\t\t\t\t\t\t\t\t\t\t<\/div><!-- .gallery.clearfix -->\n\t\t\t\t\t\t\t\t\t\t\t\t\t\t<\/div><!-- .gallery_box_single -->\n\t\t\t\t\t\t<div class=\"gllr_clear\"><\/div>\n\t\t\t\t\t\t<\/code><\/p>\n","protected":false},"excerpt":{"rendered":"<p>T\u00farkeve \u00e9s k\u00f6rnyezete sz\u00e1mos tudom\u00e1nyter\u00fclet kutat\u00f3inak figyelm\u00e9t keltette fel az ut\u00f3bbi \u00e9vsz\u00e1zadban. A hely saj\u00e1toss\u00e1gai kedveztek olyan t\u00e9nyez\u0151k fennmarad\u00e1s\u00e1nak, melyek m\u00e1shol elt\u0171ntek vagy \u00e1talakultak. \u00cdgy m\u00e1r a XX. sz\u00e1zad els\u0151 \u00e9vtized\u00e9ben a Polg\u00e1ri Fi\u00fa- \u00e9s Le\u00e1ny Iskola \u201em\u00fazeumi szob\u00e1j\u00e1ban\u201d ker\u00fcltek &hellip; <a href=\"https:\/\/www.fintamuzeum.hu\/?gallery=finta-muzeum-epuletkepek\">Egy kattint\u00e1s ide a folytat\u00e1shoz&#8230;. <span class=\"meta-nav\">&rarr;<\/span><\/a><\/p>\n","protected":false},"author":1,"featured_media":992,"parent":4324,"menu_order":0,"comment_status":"closed","ping_status":"closed","template":"","meta":{"footnotes":""},"class_list":["post-4","page","type-page","status-publish","has-post-thumbnail","hentry"],"_links":{"self":[{"href":"https:\/\/www.fintamuzeum.hu\/index.php?rest_route=\/wp\/v2\/pages\/4","targetHints":{"allow":["GET"]}}],"collection":[{"href":"https:\/\/www.fintamuzeum.hu\/index.php?rest_route=\/wp\/v2\/pages"}],"about":[{"href":"https:\/\/www.fintamuzeum.hu\/index.php?rest_route=\/wp\/v2\/types\/page"}],"author":[{"embeddable":true,"href":"https:\/\/www.fintamuzeum.hu\/index.php?rest_route=\/wp\/v2\/users\/1"}],"replies":[{"embeddable":true,"href":"https:\/\/www.fintamuzeum.hu\/index.php?rest_route=%2Fwp%2Fv2%2Fcomments&post=4"}],"version-history":[{"count":17,"href":"https:\/\/www.fintamuzeum.hu\/index.php?rest_route=\/wp\/v2\/pages\/4\/revisions"}],"predecessor-version":[{"id":4327,"href":"https:\/\/www.fintamuzeum.hu\/index.php?rest_route=\/wp\/v2\/pages\/4\/revisions\/4327"}],"up":[{"embeddable":true,"href":"https:\/\/www.fintamuzeum.hu\/index.php?rest_route=\/wp\/v2\/pages\/4324"}],"wp:featuredmedia":[{"embeddable":true,"href":"https:\/\/www.fintamuzeum.hu\/index.php?rest_route=\/wp\/v2\/media\/992"}],"wp:attachment":[{"href":"https:\/\/www.fintamuzeum.hu\/index.php?rest_route=%2Fwp%2Fv2%2Fmedia&parent=4"}],"curies":[{"name":"wp","href":"https:\/\/api.w.org\/{rel}","templated":true}]}}