{"id":3781,"date":"2019-01-15T11:26:13","date_gmt":"2019-01-15T10:26:13","guid":{"rendered":"http:\/\/www.fintamuzeum.hu\/?page_id=3781"},"modified":"2020-09-14T11:45:48","modified_gmt":"2020-09-14T09:45:48","slug":"mihaly-istvan","status":"publish","type":"page","link":"https:\/\/www.fintamuzeum.hu\/?page_id=3781","title":{"rendered":"Mih\u00e1ly Istv\u00e1n (T\u00farkeve, 1886. szeptember 24-T\u00farkeve, 1970. janu\u00e1r 20.)"},"content":{"rendered":"<p>R\u00e9szlet Mih\u00e1ly Istv\u00e1n \u00f6n\u00e9letrajz\u00e1b\u00f3l:<\/p>\n<p><a href=\"https:\/\/www.fintamuzeum.hu\/wp-content\/uploads\/2019\/01\/mihalyistvan.jpg\"><img loading=\"lazy\" decoding=\"async\" class=\"wp-image-3782 alignleft\" src=\"https:\/\/www.fintamuzeum.hu\/wp-content\/uploads\/2019\/01\/mihalyistvan.jpg\" alt=\"\" width=\"168\" height=\"250\" srcset=\"https:\/\/www.fintamuzeum.hu\/wp-content\/uploads\/2019\/01\/mihalyistvan.jpg 400w, https:\/\/www.fintamuzeum.hu\/wp-content\/uploads\/2019\/01\/mihalyistvan-202x300.jpg 202w\" sizes=\"auto, (max-width: 168px) 100vw, 168px\" \/><\/a>Amennyire vissza tudok eml\u00e9kezni, m\u00e1r faragcs\u00e1ltam kardot, pusk\u00e1t \u00e9s s\u00e1rb\u00f3l cs\u00e9pl\u0151g\u00e9peket mint\u00e1ztam. Nagyobbacska koromban m\u00e1r ceruz\u00e1val pap\u00edrra rajzolgattam, majd sz\u00ednes ironokat haszn\u00e1ltam \u00e9s akvarell fest\u00e9kekkel is festegettem.<br \/>\nElemi iskol\u00e1im elv\u00e9gz\u00e9se ut\u00e1n sz\u00fcleim figyelm\u00e9t felh\u00edvt\u00e1k tan\u00edt\u00f3im arra, hogy nagyon tehets\u00e9ges vagyok \u00e9s \u00e9rdemes a tov\u00e1bbtanul\u00e1sra. Ekkor Kupa \u00c1rp\u00e1d aj\u00e1nlat\u00e1ra Budapestre vittek a sz\u00fcleim, hogy a rajzol\u00e1sban \u00e9s fest\u00e9sben szakszer\u0171 oktat\u00e1st nyerjek. \u00cdgy ker\u00fcltem a F\u0151v\u00e1rosi Iparrajziskol\u00e1ba, ahol k\u00e9t \u00e9vi oktat\u00e1s ut\u00e1n jelesen v\u00e9geztem. Tan\u00e1raim magasztalt\u00e1k tehets\u00e9gemet \u00e9s az Iparm\u0171v\u00e9szeti F\u0151iskol\u00e1ra aj\u00e1nlott\u00e1k tanulm\u00e1nyaim folytat\u00e1s\u00e1t. \u00c9n azonban az \u00e1llami sz\u00ednh\u00e1zakhoz akartam menni \u00e1ll\u00e1s v\u00e9gett, mert id\u0151k\u00f6zben a sz\u00fcleim t\u00f6nkrementek.<br \/>\nEkkor sz\u00fcleim Budapestre k\u00f6lt\u00f6ztek \u00e9s \u00e9desaty\u00e1m a v\u00e1g\u00f3h\u00eddon helyezkedett el. Ekkor hat\u00e1rozt\u00e1k el sz\u00fcleim, hogy minden\u00e1ron az iparm\u0171v\u00e9szeti iskol\u00e1ba visznek. Ott a felv\u00e9teli vizsg\u00e1t kit\u00fcntet\u00e9ssel le is tettem. Havonta 20 korona \u00e1llami \u00f6szt\u00f6nd\u00edjat kaptam 5 \u00e9ven \u00e1t. Nem volt olyan f\u00e9l\u00e9vi iskolai p\u00e1ly\u00e1zat, melyen I. vagy II. d\u00edjat ne kaptam volna t\u00f6bb tant\u00e1rgyb\u00f3l. Ezenk\u00edv\u00fcl sz\u00e1mtalan p\u00e1ly\u00e1zaton nyertem els\u0151 d\u00edjat. A h\u00e1rom h\u00f3napos iskolai sz\u00fcnetekben a M\u0171eml\u00e9kek Orsz\u00e1gos Bizotts\u00e1ga r\u00e9sz\u00e9re r\u00e9gi templomok fresk\u00f3inak lem\u00e1sol\u00e1s\u00e1val b\u00edztak meg. Egy ny\u00e1ron pedig az \u00e1llam 6 h\u00e9tig tart\u00f3 k\u00fclf\u00f6ldi tanulm\u00e1ny\u00fatra Ven\u00e9zi\u00e1ba adott \u00f6szt\u00f6nd\u00edjat.<br \/>\n1908-ban elv\u00e9geztem az Iparm\u0171v\u00e9szeti F\u0151iskol\u00e1t, jeles v\u00e9gbizony\u00edtv\u00e1nnyal \u00e9s k\u00e9pes\u00edt\u0151 oklev\u00e9llel. Ezut\u00e1n P\u00f6sty\u00e9nbe mentem, ahova egyik tan\u00e1rom h\u00edvott, hogy az \u00e1ltala elv\u00e1llalt r\u00f3mai katolikus templom falfestm\u00e9nyeit tervezzem meg \u00e9s fessem meg. Ennek az elv\u00e9gz\u00e9se ut\u00e1n egy \u00e9vi katonai szolg\u00e1latra bevonultam. Leszerel\u00e9s ut\u00e1n 1400 korona \u00e9vi \u00e1llami \u00f6szt\u00f6nd\u00edjat kaptam 3 \u00e9ven \u00e1t foly\u00f3s\u00edtva k\u00fclf\u00f6ldi tanulm\u00e1ny\u00fatra.<br \/>\nP\u00e1r h\u00e9tig B\u00e9csben, f\u00e9l\u00e9vig Drezd\u00e1ban, m\u00e1sf\u00e9l \u00e9vig Berlinben voltam. Mikor Drezd\u00e1ban Bisold \u00e9s Rade nev\u0171 tan\u00e1raim megl\u00e1tt\u00e1k, hogy festek azt mondt\u00e1k, hogy mi\u00e9rt j\u00f6tt hozz\u00e1nk, hiszen nek\u00fcnk kellene mag\u00e1t\u00f3l tanulni.<br \/>\nBerlini tart\u00f3zkod\u00e1som ideje alatt egy 30 db k\u00e9pb\u0151l \u00e1ll\u00f3 kollekt\u00edv ki\u00e1ll\u00edt\u00e1st rendeztem, melyet mind eladtam. Azt\u00e1n a sz\u00ednpadi technika elsaj\u00e1t\u00edt\u00e1sa v\u00e9gett egy nagy sz\u00ednh\u00e1zi felszerel\u00e9si gy\u00e1rban helyezkedtem el 200 m\u00e1rka havi fizet\u00e9ssel. A berlini tart\u00f3zkod\u00e1som v\u00e9ge fel\u00e9 a honv\u00e1gy annyira gy\u00f6t\u00f6rt, hogy Ujv\u00e1ry Ign\u00e1c tan\u00e1rom, akivel \u00e1lland\u00f3an leveleztem, azt \u00edrta, hogy \u0151t megb\u00edzt\u00e1k az \u00c1llami Sz\u00ednh\u00e1zak d\u00edszlet-tervez\u00e9ssel \u00e9s ha kedvem van azonnal akcept\u00e1l maga mell\u00e9.<br \/>\nEredeti tervem szerint Berlinb\u0151l M\u00fcnchenbe, onnan P\u00e1rizsba, majd R\u00f3m\u00e1ba \u00e9s befejez\u00e9s\u00fcl Ven\u00e9zi\u00e1ba akartam menni, harmadik tanulm\u00e1nyi \u00e9vemben, de \u00e9n azonban hazautaztam Budapestre, ahol elfoglaltam \u00e1ll\u00e1somat 6 korona napid\u00edj mellett, de boldogan, mert haz\u00e1mban \u00e9lhettem.<br \/>\nUjv\u00e1ry m\u00e9g nem volt a sz\u00ednh\u00e1zi technik\u00e1ban el\u00e9g gyakorlott, ez\u00e9rt K\u00e9m\u00e9ndy Jen\u0151 szcenikai* f\u0151fel\u00fcgyel\u0151 \u00e1lland\u00f3an intrik\u00e1lt ellene, ami miatt Ujv\u00e1ry nemsok\u00e1ra megv\u00e1lt az \u00e1llami sz\u00ednh\u00e1zt\u00f3l.<br \/>\n1914-ben a h\u00e1bor\u00fa kit\u00f6r\u00e9se ut\u00e1n mindj\u00e1rt beh\u00edvtak katon\u00e1nak, ahonnan a harct\u00e9rre mentem. A harct\u00e9rr\u0151l 1915-ben t\u00fcd\u0151cs\u00facshurut, l\u00e9gnyom\u00e1s \u00e9s idegbaj miatt a budapesti Csob\u00e1b utcai hadik\u00f3rh\u00e1zba ker\u00fcltem, ahol hossz\u00fa ideig gy\u00f3gykezel\u00e9s alatt \u00e1lltam, mely ut\u00e1n 35\u200a%-os hadirokkantnak nyilv\u00e1n\u00edtottak, \u00e9s a hadseregt\u0151l elbocs\u00e1jtottak. Ekkor r\u00e9gi polg\u00e1ri \u00e1ll\u00e1som elfoglal\u00e1s\u00e1ra jelentkeztem, azonban 7 h\u00f3nap m\u00falt\u00e1val ism\u00e9t fel\u00fclvizsg\u00e1latra h\u00edvtak be, melyen a Hadt\u00f6rt\u00e9nelmi Csoporthoz osztottak be. Itt hetenk\u00e9nt egy-egy elesett tiszt f\u00e9nyk\u00e9p\u00e9t adt\u00e1k megfest\u00e9sre, melyet vas\u00e1rnaponk\u00e9nt be is fejeztem.<br \/>\nA rendelkez\u00e9semre \u00e1ll\u00f3 h\u00e9tk\u00f6znapokon a r\u00e9gi polg\u00e1ri foglalkoz\u00e1somat \u0171ztem. Ezut\u00e1n Szegedre k\u00f6lt\u00f6ztem, ahol a sz\u00ednh\u00e1z szcenikai* f\u0151fel\u00fcgyel\u0151je \u00e9s tervez\u0151je lettem. A szegedi lapok nagy elismer\u00e9ssel \u00edrtak minden d\u00edszletemr\u0151l, azonban a konjunkt\u00fara miatt \u2013 feles\u00e9gem unszol\u00e1sra \u2013 a v\u00e1ros k\u00f6zigazgat\u00e1s\u00e1n\u00e1l v\u00e1llaltam \u00e1ll\u00e1st. Itt 1951-ig, nyugd\u00edjaz\u00e1somig voltam.<br \/>\nSzegeden kollekt\u00edv ki\u00e1ll\u00edt\u00e1sokat rendeztem, melyen minden esetben n\u00e9h\u00e1ny k\u00e9pet eladtam. Tagja lettem a K\u00e9pz\u0151m\u0171v\u00e9szek Egyes\u00fcl\u00e9s\u00e9nek, k\u00e9s\u0151bb m\u0171v\u00e9szi szakad\u00e1s miatt a Szegedi K\u00e9pz\u0151m\u0171v\u00e9szc\u00e9h aleln\u00f6ke lettem.<br \/>\nSok ki\u00e1ll\u00edt\u00e1st rendeztem \u00e9s a lapok is nagy elismer\u00e9ssel \u00edrtak k\u00e9peimr\u0151l. Az \u00e1llam is v\u00e1s\u00e1rolt t\u0151lem. Egy alkalommal Erd\u00e9lyi Mih\u00e1ly kart\u00e1rsam azt a kijelent\u00e9st tette, hogy Mih\u00e1ly csak ritk\u00e1n fest, m\u00e9gis sokkal jobb k\u00e9peket, mint a t\u00f6bbiek, akik sok k\u00e9pet festenek.<br \/>\nKedves kevi testv\u00e9reim! Meggy\u0151z\u0151d\u00e9sem, hogy T\u00farkeve lakoss\u00e1ga tehets\u00e9gben a magyar nemzet sz\u00edne-vir\u00e1ga, mely predesztin\u00e1lva van, hogy \u00e9lcsapata legyen a nemzetnek. Ez\u00e9rt elhat\u00e1roztam, hogy m\u0171v\u00e9szi hagyat\u00e9komat T\u00farkev\u00e9nek aj\u00e1nd\u00e9kozom, \u00e9s h\u00e1tral\u00e9v\u0151 \u00e9letem minden perc\u00e9ben csak ez\u00e9rt a nagy c\u00e9l\u00e9rt k\u00fczd\u00f6k.<\/p>\n<p>Velence, 1957. m\u00e1rcius 15.<\/p>\n\t\t\t\t\t\t<div class=\"gallery_box_single\">\n\t\t\t\t\t\t\t\t\t\t\t\t\t\t\t<div class=\"gallery gllr_grid\" data-gllr-columns=\"3\" data-gllr-border-width=\"10\">\n\t\t\t\t\t\t\t\t\t\t\t\t\t\t\t\t\t\t\t\t<div class=\"gllr_image_row\">\n\t\t\t\t\t\t\t\t\t\t\t\t\t\t\t\t\t\t\t\t\t<div class=\"gllr_image_block\">\n\t\t\t\t\t\t\t\t\t\t\t\t<p style=\"\n\t\t\t\t\t\t\t\t\t\t\t\twidth:170px;height:170px;\t\t\t\t\t\t\t\t\t\t\t\t\">\n\t\t\t\t\t\t\t\t\t\t\t\t\t\t\t\t\t\t\t\t\t\t\t\t\t\t\t\t<a data-fancybox=\"gallery_fancybox_3795\" href=\"https:\/\/www.fintamuzeum.hu\/wp-content\/uploads\/2019\/01\/DSC_4192_lo.jpg\" title=\"\" >\n\t\t\t\t\t\t\t\t\t\t\t\t\t\t\t\t<img decoding=\"async\" width=&quot;150&quot; height=&quot;150&quot; style=\"width:150px; height:150px; border-width: 10px; border-color:#F1F1F1;border: 10px solid #F1F1F1\" alt=\"\" title=\"\" src=\"https:\/\/www.fintamuzeum.hu\/wp-content\/uploads\/2019\/01\/DSC_4192_lo-150x150.jpg\" rel=\"https:\/\/www.fintamuzeum.hu\/wp-content\/uploads\/2019\/01\/DSC_4192_lo.jpg\" \/>\t\t\t\t\t\t\t\t\t\t\t\t\t\t\t<\/a>\n\t\t\t\t\t\t\t\t\t\t\t\t\t\t\t\t\t\t\t\t\t\t\t\t\t\t<\/p>\n\t\t\t\t\t\t\t\t\t\t\t\t\t\t\t\t\t\t\t\t\t\t\t\t\t<div \n\t\t\t\t\t\t\t\t\t\t\t\t\tstyle=\"width:170px;\"\t\t\t\t\t\t\t\t\t\t\t\t\tclass=\"gllr_single_image_text gllr_single_image_text_under\">&nbsp;<\/div>\n\t\t\t\t\t\t\t\t\t\t\t\t\t\t\t\t\t\t\t\t\t\t\t<\/div><!-- .gllr_image_block -->\n\t\t\t\t\t\t\t\t\t\t\t\t\t\t\t\t\t\t\t\t\t<div class=\"gllr_image_block\">\n\t\t\t\t\t\t\t\t\t\t\t\t<p style=\"\n\t\t\t\t\t\t\t\t\t\t\t\twidth:170px;height:170px;\t\t\t\t\t\t\t\t\t\t\t\t\">\n\t\t\t\t\t\t\t\t\t\t\t\t\t\t\t\t\t\t\t\t\t\t\t\t\t\t\t\t<a data-fancybox=\"gallery_fancybox_3795\" href=\"https:\/\/www.fintamuzeum.hu\/wp-content\/uploads\/2019\/01\/DSC_4197_lo.jpg\" title=\"\" >\n\t\t\t\t\t\t\t\t\t\t\t\t\t\t\t\t<img decoding=\"async\" width=&quot;150&quot; height=&quot;150&quot; style=\"width:150px; height:150px; border-width: 10px; border-color:#F1F1F1;border: 10px solid #F1F1F1\" alt=\"\" title=\"\" src=\"https:\/\/www.fintamuzeum.hu\/wp-content\/uploads\/2019\/01\/DSC_4197_lo-150x150.jpg\" rel=\"https:\/\/www.fintamuzeum.hu\/wp-content\/uploads\/2019\/01\/DSC_4197_lo.jpg\" \/>\t\t\t\t\t\t\t\t\t\t\t\t\t\t\t<\/a>\n\t\t\t\t\t\t\t\t\t\t\t\t\t\t\t\t\t\t\t\t\t\t\t\t\t\t<\/p>\n\t\t\t\t\t\t\t\t\t\t\t\t\t\t\t\t\t\t\t\t\t\t\t\t\t<div \n\t\t\t\t\t\t\t\t\t\t\t\t\tstyle=\"width:170px;\"\t\t\t\t\t\t\t\t\t\t\t\t\tclass=\"gllr_single_image_text gllr_single_image_text_under\">&nbsp;<\/div>\n\t\t\t\t\t\t\t\t\t\t\t\t\t\t\t\t\t\t\t\t\t\t\t<\/div><!-- .gllr_image_block -->\n\t\t\t\t\t\t\t\t\t\t\t\t\t\t\t\t\t\t\t\t\t<div class=\"gllr_image_block\">\n\t\t\t\t\t\t\t\t\t\t\t\t<p style=\"\n\t\t\t\t\t\t\t\t\t\t\t\twidth:170px;height:170px;\t\t\t\t\t\t\t\t\t\t\t\t\">\n\t\t\t\t\t\t\t\t\t\t\t\t\t\t\t\t\t\t\t\t\t\t\t\t\t\t\t\t<a data-fancybox=\"gallery_fancybox_3795\" href=\"https:\/\/www.fintamuzeum.hu\/wp-content\/uploads\/2019\/01\/DSC_4160_lo.jpg\" title=\"\" >\n\t\t\t\t\t\t\t\t\t\t\t\t\t\t\t\t<img decoding=\"async\" width=&quot;150&quot; height=&quot;150&quot; style=\"width:150px; height:150px; border-width: 10px; border-color:#F1F1F1;border: 10px solid #F1F1F1\" alt=\"\" title=\"\" src=\"https:\/\/www.fintamuzeum.hu\/wp-content\/uploads\/2019\/01\/DSC_4160_lo-150x150.jpg\" rel=\"https:\/\/www.fintamuzeum.hu\/wp-content\/uploads\/2019\/01\/DSC_4160_lo.jpg\" \/>\t\t\t\t\t\t\t\t\t\t\t\t\t\t\t<\/a>\n\t\t\t\t\t\t\t\t\t\t\t\t\t\t\t\t\t\t\t\t\t\t\t\t\t\t<\/p>\n\t\t\t\t\t\t\t\t\t\t\t\t\t\t\t\t\t\t\t\t\t\t\t\t\t<div \n\t\t\t\t\t\t\t\t\t\t\t\t\tstyle=\"width:170px;\"\t\t\t\t\t\t\t\t\t\t\t\t\tclass=\"gllr_single_image_text gllr_single_image_text_under\">&nbsp;<\/div>\n\t\t\t\t\t\t\t\t\t\t\t\t\t\t\t\t\t\t\t\t\t\t\t<\/div><!-- .gllr_image_block -->\n\t\t\t\t\t\t\t\t\t\t\t\t\t\t\t\t\t\t\t\t\t<\/div><!-- .gllr_image_row -->\n\t\t\t\t\t\t\t\t\t\t\t\t\t\t\t\t\t\t\t\t\t\t<div class=\"gllr_image_row\">\n\t\t\t\t\t\t\t\t\t\t\t\t\t\t\t\t\t\t\t\t\t<div class=\"gllr_image_block\">\n\t\t\t\t\t\t\t\t\t\t\t\t<p style=\"\n\t\t\t\t\t\t\t\t\t\t\t\twidth:170px;height:170px;\t\t\t\t\t\t\t\t\t\t\t\t\">\n\t\t\t\t\t\t\t\t\t\t\t\t\t\t\t\t\t\t\t\t\t\t\t\t\t\t\t\t<a data-fancybox=\"gallery_fancybox_3795\" href=\"https:\/\/www.fintamuzeum.hu\/wp-content\/uploads\/2019\/01\/DSC_4142_lo.jpg\" title=\"\" >\n\t\t\t\t\t\t\t\t\t\t\t\t\t\t\t\t<img decoding=\"async\" width=&quot;150&quot; height=&quot;150&quot; style=\"width:150px; height:150px; border-width: 10px; border-color:#F1F1F1;border: 10px solid #F1F1F1\" alt=\"\" title=\"\" src=\"https:\/\/www.fintamuzeum.hu\/wp-content\/uploads\/2019\/01\/DSC_4142_lo-150x150.jpg\" rel=\"https:\/\/www.fintamuzeum.hu\/wp-content\/uploads\/2019\/01\/DSC_4142_lo.jpg\" \/>\t\t\t\t\t\t\t\t\t\t\t\t\t\t\t<\/a>\n\t\t\t\t\t\t\t\t\t\t\t\t\t\t\t\t\t\t\t\t\t\t\t\t\t\t<\/p>\n\t\t\t\t\t\t\t\t\t\t\t\t\t\t\t\t\t\t\t\t\t\t\t\t\t<div \n\t\t\t\t\t\t\t\t\t\t\t\t\tstyle=\"width:170px;\"\t\t\t\t\t\t\t\t\t\t\t\t\tclass=\"gllr_single_image_text gllr_single_image_text_under\">&nbsp;<\/div>\n\t\t\t\t\t\t\t\t\t\t\t\t\t\t\t\t\t\t\t\t\t\t\t<\/div><!-- .gllr_image_block -->\n\t\t\t\t\t\t\t\t\t\t\t\t\t\t\t\t\t\t\t\t\t<div class=\"gllr_image_block\">\n\t\t\t\t\t\t\t\t\t\t\t\t<p style=\"\n\t\t\t\t\t\t\t\t\t\t\t\twidth:170px;height:170px;\t\t\t\t\t\t\t\t\t\t\t\t\">\n\t\t\t\t\t\t\t\t\t\t\t\t\t\t\t\t\t\t\t\t\t\t\t\t\t\t\t\t<a data-fancybox=\"gallery_fancybox_3795\" href=\"https:\/\/www.fintamuzeum.hu\/wp-content\/uploads\/2019\/01\/DSC_4133_lo.jpg\" title=\"\" >\n\t\t\t\t\t\t\t\t\t\t\t\t\t\t\t\t<img decoding=\"async\" width=&quot;150&quot; height=&quot;150&quot; style=\"width:150px; height:150px; border-width: 10px; border-color:#F1F1F1;border: 10px solid #F1F1F1\" alt=\"\" title=\"\" src=\"https:\/\/www.fintamuzeum.hu\/wp-content\/uploads\/2019\/01\/DSC_4133_lo-150x150.jpg\" rel=\"https:\/\/www.fintamuzeum.hu\/wp-content\/uploads\/2019\/01\/DSC_4133_lo.jpg\" \/>\t\t\t\t\t\t\t\t\t\t\t\t\t\t\t<\/a>\n\t\t\t\t\t\t\t\t\t\t\t\t\t\t\t\t\t\t\t\t\t\t\t\t\t\t<\/p>\n\t\t\t\t\t\t\t\t\t\t\t\t\t\t\t\t\t\t\t\t\t\t\t\t\t<div \n\t\t\t\t\t\t\t\t\t\t\t\t\tstyle=\"width:170px;\"\t\t\t\t\t\t\t\t\t\t\t\t\tclass=\"gllr_single_image_text gllr_single_image_text_under\">&nbsp;<\/div>\n\t\t\t\t\t\t\t\t\t\t\t\t\t\t\t\t\t\t\t\t\t\t\t<\/div><!-- .gllr_image_block -->\n\t\t\t\t\t\t\t\t\t\t\t\t\t\t\t\t\t\t\t\t\t<div class=\"gllr_image_block\">\n\t\t\t\t\t\t\t\t\t\t\t\t<p style=\"\n\t\t\t\t\t\t\t\t\t\t\t\twidth:170px;height:170px;\t\t\t\t\t\t\t\t\t\t\t\t\">\n\t\t\t\t\t\t\t\t\t\t\t\t\t\t\t\t\t\t\t\t\t\t\t\t\t\t\t\t<a data-fancybox=\"gallery_fancybox_3795\" href=\"https:\/\/www.fintamuzeum.hu\/wp-content\/uploads\/2019\/01\/DSC_4130_lo.jpg\" title=\"\" >\n\t\t\t\t\t\t\t\t\t\t\t\t\t\t\t\t<img decoding=\"async\" width=&quot;150&quot; height=&quot;150&quot; style=\"width:150px; height:150px; border-width: 10px; border-color:#F1F1F1;border: 10px solid #F1F1F1\" alt=\"\" title=\"\" src=\"https:\/\/www.fintamuzeum.hu\/wp-content\/uploads\/2019\/01\/DSC_4130_lo-150x150.jpg\" rel=\"https:\/\/www.fintamuzeum.hu\/wp-content\/uploads\/2019\/01\/DSC_4130_lo.jpg\" \/>\t\t\t\t\t\t\t\t\t\t\t\t\t\t\t<\/a>\n\t\t\t\t\t\t\t\t\t\t\t\t\t\t\t\t\t\t\t\t\t\t\t\t\t\t<\/p>\n\t\t\t\t\t\t\t\t\t\t\t\t\t\t\t\t\t\t\t\t\t\t\t\t\t<div \n\t\t\t\t\t\t\t\t\t\t\t\t\tstyle=\"width:170px;\"\t\t\t\t\t\t\t\t\t\t\t\t\tclass=\"gllr_single_image_text gllr_single_image_text_under\">&nbsp;<\/div>\n\t\t\t\t\t\t\t\t\t\t\t\t\t\t\t\t\t\t\t\t\t\t\t<\/div><!-- .gllr_image_block -->\n\t\t\t\t\t\t\t\t\t\t\t\t\t\t\t\t\t\t\t\t\t<\/div><!-- .gllr_image_row -->\n\t\t\t\t\t\t\t\t\t\t\t\t\t\t\t\t\t\t\t<\/div><!-- .gallery.clearfix -->\n\t\t\t\t\t\t\t\t\t\t\t\t\t\t<\/div><!-- .gallery_box_single -->\n\t\t\t\t\t\t<div class=\"gllr_clear\"><\/div>\n\t\t\t\t\t\t\n","protected":false},"excerpt":{"rendered":"<p>R\u00e9szlet Mih\u00e1ly Istv\u00e1n \u00f6n\u00e9letrajz\u00e1b\u00f3l: Amennyire vissza tudok eml\u00e9kezni, m\u00e1r faragcs\u00e1ltam kardot, pusk\u00e1t \u00e9s s\u00e1rb\u00f3l cs\u00e9pl\u0151g\u00e9peket mint\u00e1ztam. Nagyobbacska koromban m\u00e1r ceruz\u00e1val pap\u00edrra rajzolgattam, majd sz\u00ednes ironokat haszn\u00e1ltam \u00e9s akvarell fest\u00e9kekkel is festegettem. Elemi iskol\u00e1im elv\u00e9gz\u00e9se ut\u00e1n sz\u00fcleim figyelm\u00e9t felh\u00edvt\u00e1k tan\u00edt\u00f3im arra, &hellip; <a href=\"https:\/\/www.fintamuzeum.hu\/?gallery=mihaly-istvan-emlekkiallitas-megnyito\">Egy kattint\u00e1s ide a folytat\u00e1shoz&#8230;. <span class=\"meta-nav\">&rarr;<\/span><\/a><\/p>\n","protected":false},"author":2,"featured_media":0,"parent":4299,"menu_order":0,"comment_status":"closed","ping_status":"closed","template":"","meta":{"footnotes":""},"class_list":["post-3781","page","type-page","status-publish","hentry"],"_links":{"self":[{"href":"https:\/\/www.fintamuzeum.hu\/index.php?rest_route=\/wp\/v2\/pages\/3781","targetHints":{"allow":["GET"]}}],"collection":[{"href":"https:\/\/www.fintamuzeum.hu\/index.php?rest_route=\/wp\/v2\/pages"}],"about":[{"href":"https:\/\/www.fintamuzeum.hu\/index.php?rest_route=\/wp\/v2\/types\/page"}],"author":[{"embeddable":true,"href":"https:\/\/www.fintamuzeum.hu\/index.php?rest_route=\/wp\/v2\/users\/2"}],"replies":[{"embeddable":true,"href":"https:\/\/www.fintamuzeum.hu\/index.php?rest_route=%2Fwp%2Fv2%2Fcomments&post=3781"}],"version-history":[{"count":6,"href":"https:\/\/www.fintamuzeum.hu\/index.php?rest_route=\/wp\/v2\/pages\/3781\/revisions"}],"predecessor-version":[{"id":3804,"href":"https:\/\/www.fintamuzeum.hu\/index.php?rest_route=\/wp\/v2\/pages\/3781\/revisions\/3804"}],"up":[{"embeddable":true,"href":"https:\/\/www.fintamuzeum.hu\/index.php?rest_route=\/wp\/v2\/pages\/4299"}],"wp:attachment":[{"href":"https:\/\/www.fintamuzeum.hu\/index.php?rest_route=%2Fwp%2Fv2%2Fmedia&parent=3781"}],"curies":[{"name":"wp","href":"https:\/\/api.w.org\/{rel}","templated":true}]}}