{"id":3492,"date":"2018-04-24T15:16:05","date_gmt":"2018-04-24T13:16:05","guid":{"rendered":"http:\/\/www.fintamuzeum.hu\/?page_id=3492"},"modified":"2020-09-14T13:52:16","modified_gmt":"2020-09-14T11:52:16","slug":"nagykunsag-a-xxi-szazadban-kabai-laszlo-kepzomuvesz-tanar-fotokiallitasa","status":"publish","type":"page","link":"https:\/\/www.fintamuzeum.hu\/?page_id=3492","title":{"rendered":"P\u00e1sztor\u00e9let a Nagykuns\u00e1gon a XXI. sz\u00e1zadban &#8211; Kabai L\u00e1szl\u00f3 k\u00e9pz\u0151m\u0171v\u00e9sz-tan\u00e1r fot\u00f3ki\u00e1ll\u00edt\u00e1sa"},"content":{"rendered":"<h1>Szakmai \u00f6n\u00e9letrajz<a href=\"https:\/\/www.fintamuzeum.hu\/wp-content\/uploads\/2018\/04\/portre02.jpg\"><img loading=\"lazy\" decoding=\"async\" class=\" wp-image-3495 alignright\" src=\"https:\/\/www.fintamuzeum.hu\/wp-content\/uploads\/2018\/04\/portre02-209x300.jpg\" alt=\"portre02\" width=\"200\" height=\"286\" \/><\/a><\/h1>\n<p>Karcagon \u00e9lek \u00e9s itt is sz\u00fclettem, 1959-ben. A fotogr\u00e1fi\u00e1val akt\u00edvabban 2005-t\u0151l foglalkozom, amikor a kaposv\u00e1ri m\u0171v\u00e9szeti f\u0151iskol\u00e1n, tanulm\u00e1nyaim sor\u00e1n behat\u00f3bban is volt m\u00f3dom ezzel a m\u0171fajjal megismerkedni. Mint alkot\u00f3 az elm\u00falt id\u0151szakban sz\u00e1mos fotogr\u00e1fiai m\u0171fajt \u00e9s technik\u00e1t pr\u00f3b\u00e1ltam ki, eg\u00e9szen a kemogr\u00e1fi\u00e1t\u00f3l a lyukkamer\u00e1s felv\u00e9telekig. Az ut\u00f3bbi n\u00e9gy-\u00f6t \u00e9vben fordultam a l\u00edrikus dokumentarista illetve az elvontabb, geometrikus absztrakci\u00f3 (ekvivalens) fel\u00e9 hajl\u00f3 fotogr\u00e1fi\u00e1k k\u00e9sz\u00edt\u00e9s\u00e9hez. Ezzel egyidej\u0171leg kezdtem el fot\u00f3p\u00e1ly\u00e1zatokon csoportos \u00e9s egy\u00e9ni ki\u00e1ll\u00edt\u00e1sokon r\u00e9szt venni. 2014-ben lettem tagja a Magyar Fot\u00f3m\u0171v\u00e9szek Vil\u00e1gsz\u00f6vets\u00e9g\u00e9nek. 2014-ben a J\u00e1sz-Nagykun Szolnok Megyei M\u0171v\u00e9szeti D\u00edjjal ismert\u00e9k el munk\u00e1ss\u00e1gomat.<\/p>\n<h2>Tanulm\u00e1nyok:<\/h2>\n<ul>\n<li>2010-2011 Ny\u00edregyh\u00e1zi F\u0151iskola<br \/>\nB\u00f6lcs\u00e9szettudom\u00e1nyi \u00e9s M\u0171v\u00e9szeti F\u0151iskolai Kar<br \/>\nVizu\u00e1lis- \u00e9s k\u00f6rnyezetkult\u00fara mesterk\u00e9pz\u00e9si szak<\/li>\n<li>2005-2009 Kaposv\u00e1ri Egyetem M\u0171v\u00e9szeti F\u0151iskolai Kar<br \/>\nRajz-vizu\u00e1lis kommunik\u00e1ci\u00f3 szak<\/li>\n<\/ul>\n<h2>Tags\u00e1g:<\/h2>\n<ul>\n<li>2014 Magyar Fot\u00f3m\u0171v\u00e9szek Vil\u00e1gsz\u00f6vets\u00e9ge<\/li>\n<\/ul>\n<h2>D\u00edjak:<\/h2>\n<ul>\n<li>2014 J\u00e1sz-Nagykun Szolnok Megyei M\u0171v\u00e9szeti D\u00edj<\/li>\n<li>2010 J\u00e1sz-Nagykun Szolnok Megye M\u0171v\u00e9szeti K\u00f6zalap\u00edtv\u00e1ny Elismer\u0151 D\u00edja<\/li>\n<\/ul>\n<h2>Egy\u00e9ni Ki\u00e1ll\u00edt\u00e1sok:<\/h2>\n<ul>\n<li>\u201e\u00c9g \u00e9s f\u00f6ld k\u00f6z\u00f6tt\u201d Hotel Cumania Gal\u00e9ria, Kis\u00fajsz\u00e1ll\u00e1s 2014<\/li>\n<li>\u201e\u00c9g \u00e9s f\u00f6ld k\u00f6z\u00f6tt\u201d Kiss P\u00e1l M\u00fazeum, Tiszaf\u00fcred 2014<\/li>\n<li>\u201e\u00c9g \u00e9s f\u00f6ld k\u00f6z\u00f6tt\u201d Gy\u00f6rffy Istv\u00e1n Nagykun M\u00fazeum, Karcag 2013<\/li>\n<\/ul>\n<h2>Csoportos ki\u00e1ll\u00edt\u00e1sok:<\/h2>\n<ul>\n<li>\u201eA f\u00e9nyk\u00e9pez\u00e9s \u00f6r\u00f6me\u201d Kis\u00fajsz\u00e1ll\u00e1si Vigad\u00f3, Kis\u00fajsz\u00e1ll\u00e1s 2018<\/li>\n<li>A N\u0150 \u00f6tvenszer Kis\u00fajsz\u00e1ll\u00e1si Vigad\u00f3, Kis\u00fajsz\u00e1ll\u00e1s 2017<\/li>\n<li>\u201eA f\u00e9nyk\u00e9pez\u00e9s \u00f6r\u00f6me\u201d Kis\u00fajsz\u00e1ll\u00e1si Vigad\u00f3, Kis\u00fajsz\u00e1ll\u00e1s 2017<\/li>\n<li>\u201eKis\u00fajsz\u00e1ll\u00e1s 300 \u00e9v ut\u00e1n\u201d Kis\u00fajsz\u00e1ll\u00e1si Vigad\u00f3, Kis\u00fajsz\u00e1ll\u00e1s 2017<\/li>\n<li>XXII. \u201eAlf\u00f6ldi t\u00e1jak, emberek\u201d Ipolyi Arnold K\u00f6nyvt\u00e1r, M\u00fazeum \u00e9s Kultur\u00e1lis K\u00f6zpont, T\u00f6r\u00f6kszentmikl\u00f3s 2017<\/li>\n<li>XVI. NEMZETK\u00d6ZI MAGYAR FOT\u00d3P\u00c1LY\u00c1ZAT Radisson Blu B\u00e9ke Hotel, Budapest 2016<\/li>\n<li>XIX. J\u00e1szkun Fot\u00f3szalon Aba-Nov\u00e1k Ag\u00f3ra Kultur\u00e1lis K\u00f6zpont, Szolnok 2016<\/li>\n<li>XIV. Nemzetk\u00f6zi Magyar Fot\u00f3p\u00e1ly\u00e1zat Radisson Blu B\u00e9ke Hotel, Budapest 2016<\/li>\n<li>5. H\u00e1zunk \u2013 Haz\u00e1nk Kossuth M\u0171vel\u0151d\u00e9si K\u00f6zpont, Dabas 2016<\/li>\n<li>XVIII. Szentesi Aktfot\u00f3 Bienn\u00e1l\u00e9 M\u0171vel\u0151d\u00e9si K\u00f6zpont, Szentes 2015<\/li>\n<li>\u201eA f\u00e9nyk\u00e9pez\u00e9s \u00f6r\u00f6me\u201d M\u0171vel\u0151d\u00e9si K\u00f6zpont \u00e9s K\u00f6nyvt\u00e1r, Kis\u00fajsz\u00e1ll\u00e1s 2015<\/li>\n<li>XX. Alf\u00f6ldi Fot\u00f3szalon M\u0171vel\u0151d\u00e9si \u00e9s Ifj\u00fas\u00e1gi H\u00e1z, Szentes 2014<\/li>\n<li>1st International Salon of Art Photo \u201eCarpathian Drag 2014\u201d 2014<\/li>\n<li>XIV. Nemzetk\u00f6zi Magyar Fot\u00f3p\u00e1ly\u00e1zat Radisson Blu B\u00e9ke Hotel, Budapest 2014<\/li>\n<li>XIX. J\u00e1szkun Fot\u00f3szalon Aba-Nov\u00e1k Ag\u00f3ra Kultur\u00e1lis K\u00f6zpont, Szolnok 2014<\/li>\n<li>VI. Nemzetk\u00f6zi Fot\u00f3p\u00e1ly\u00e1zat, Kiskunf\u00e9legyh\u00e1za 2014<\/li>\n<li>4. H\u00e1zunk \u2013 Haz\u00e1nk Kossuth M\u0171vel\u0151d\u00e9si K\u00f6zpont, Dabas 2014<\/li>\n<li>X. Orsz\u00e1gos Vasutas Fot\u00f3p\u00e1ly\u00e1zat, Szeged 2014<\/li>\n<li>\u201eA f\u00e9nyk\u00e9pez\u00e9s \u00f6r\u00f6me\u201d M\u0171vel\u0151d\u00e9si K\u00f6zpont \u00e9s K\u00f6nyvt\u00e1r, Kis\u00fajsz\u00e1ll\u00e1s 2014<\/li>\n<\/ul>\n<h2>M\u0171vek K\u00f6zgy\u0171jtem\u00e9nyekben:<\/h2>\n<ul>\n<li>Gy\u00f6rffy Istv\u00e1n Nagykun M\u00fazeum Karcag<\/li>\n<\/ul>\n<h2>Honlap:<\/h2>\n<p><a href=\"https:\/\/www.mfvsz.com\/component\/jsn\/kabailaszlo?Itemid=591\">www.mfvsz.com\/kabailaszlo<\/a><br \/>\n<a href=\"http:\/\/www.kabai-laszlo-fotografia.eoldal.hu\/\">www.kabai-laszlo-fotografia.eoldal.hu<\/a><br \/>\n<a href=\"www.facebook.com\/59kabai.laszlo\">www.facebook.com\/59kabai.laszlo<\/a><\/p>\n<h2>El\u00e9rhet\u0151s\u00e9gek:<\/h2>\n<p>5300 Karcag, Kert\u00e9sz J.u.3. 1.lh.III\/11.<br \/>\n06 59 313 574, 06 30 205 0052, 06 70 945 3391<br \/>\nkabai-l@freemail.hu, kabai.laszlo59@gmail.com, kabai.laszlo59@t-online.hu<br \/>\nKabai L\u00e1szl\u00f3<\/p>\n<p>A megnyit\u00f3 k\u00e9pei:<\/p>\n\t\t\t\t\t\t<div class=\"gallery_box_single\">\n\t\t\t\t\t\t\t\t\t\t\t\t\t\t\t<div class=\"gallery gllr_grid\" data-gllr-columns=\"3\" data-gllr-border-width=\"10\">\n\t\t\t\t\t\t\t\t\t\t\t\t\t\t\t\t\t\t\t\t<div class=\"gllr_image_row\">\n\t\t\t\t\t\t\t\t\t\t\t\t\t\t\t\t\t\t\t\t\t<div class=\"gllr_image_block\">\n\t\t\t\t\t\t\t\t\t\t\t\t<p style=\"\n\t\t\t\t\t\t\t\t\t\t\t\twidth:170px;height:170px;\t\t\t\t\t\t\t\t\t\t\t\t\">\n\t\t\t\t\t\t\t\t\t\t\t\t\t\t\t\t\t\t\t\t\t\t\t\t\t\t\t\t<a data-fancybox=\"gallery_fancybox_3507\" href=\"https:\/\/www.fintamuzeum.hu\/wp-content\/uploads\/2018\/05\/DSC_2288_lo.jpg\" title=\"\" >\n\t\t\t\t\t\t\t\t\t\t\t\t\t\t\t\t<img decoding=\"async\" width=&quot;150&quot; height=&quot;150&quot; style=\"width:150px; height:150px; border-width: 10px; border-color:#F1F1F1;border: 10px solid #F1F1F1\" alt=\"\" title=\"\" src=\"https:\/\/www.fintamuzeum.hu\/wp-content\/uploads\/2018\/05\/DSC_2288_lo-150x150.jpg\" rel=\"https:\/\/www.fintamuzeum.hu\/wp-content\/uploads\/2018\/05\/DSC_2288_lo.jpg\" \/>\t\t\t\t\t\t\t\t\t\t\t\t\t\t\t<\/a>\n\t\t\t\t\t\t\t\t\t\t\t\t\t\t\t\t\t\t\t\t\t\t\t\t\t\t<\/p>\n\t\t\t\t\t\t\t\t\t\t\t\t\t\t\t\t\t\t\t\t\t\t\t\t\t<div \n\t\t\t\t\t\t\t\t\t\t\t\t\tstyle=\"width:170px;\"\t\t\t\t\t\t\t\t\t\t\t\t\tclass=\"gllr_single_image_text gllr_single_image_text_under\">&nbsp;<\/div>\n\t\t\t\t\t\t\t\t\t\t\t\t\t\t\t\t\t\t\t\t\t\t\t<\/div><!-- .gllr_image_block -->\n\t\t\t\t\t\t\t\t\t\t\t\t\t\t\t\t\t\t\t\t\t<div class=\"gllr_image_block\">\n\t\t\t\t\t\t\t\t\t\t\t\t<p style=\"\n\t\t\t\t\t\t\t\t\t\t\t\twidth:170px;height:170px;\t\t\t\t\t\t\t\t\t\t\t\t\">\n\t\t\t\t\t\t\t\t\t\t\t\t\t\t\t\t\t\t\t\t\t\t\t\t\t\t\t\t<a data-fancybox=\"gallery_fancybox_3507\" href=\"https:\/\/www.fintamuzeum.hu\/wp-content\/uploads\/2018\/05\/DSC_2269_lo.jpg\" title=\"\" >\n\t\t\t\t\t\t\t\t\t\t\t\t\t\t\t\t<img decoding=\"async\" width=&quot;150&quot; height=&quot;150&quot; style=\"width:150px; height:150px; border-width: 10px; border-color:#F1F1F1;border: 10px solid #F1F1F1\" alt=\"\" title=\"\" src=\"https:\/\/www.fintamuzeum.hu\/wp-content\/uploads\/2018\/05\/DSC_2269_lo-150x150.jpg\" rel=\"https:\/\/www.fintamuzeum.hu\/wp-content\/uploads\/2018\/05\/DSC_2269_lo.jpg\" \/>\t\t\t\t\t\t\t\t\t\t\t\t\t\t\t<\/a>\n\t\t\t\t\t\t\t\t\t\t\t\t\t\t\t\t\t\t\t\t\t\t\t\t\t\t<\/p>\n\t\t\t\t\t\t\t\t\t\t\t\t\t\t\t\t\t\t\t\t\t\t\t\t\t<div \n\t\t\t\t\t\t\t\t\t\t\t\t\tstyle=\"width:170px;\"\t\t\t\t\t\t\t\t\t\t\t\t\tclass=\"gllr_single_image_text gllr_single_image_text_under\">&nbsp;<\/div>\n\t\t\t\t\t\t\t\t\t\t\t\t\t\t\t\t\t\t\t\t\t\t\t<\/div><!-- .gllr_image_block -->\n\t\t\t\t\t\t\t\t\t\t\t\t\t\t\t\t\t\t\t\t\t<div class=\"gllr_image_block\">\n\t\t\t\t\t\t\t\t\t\t\t\t<p style=\"\n\t\t\t\t\t\t\t\t\t\t\t\twidth:170px;height:170px;\t\t\t\t\t\t\t\t\t\t\t\t\">\n\t\t\t\t\t\t\t\t\t\t\t\t\t\t\t\t\t\t\t\t\t\t\t\t\t\t\t\t<a data-fancybox=\"gallery_fancybox_3507\" href=\"https:\/\/www.fintamuzeum.hu\/wp-content\/uploads\/2018\/05\/DSC_2265_lo.jpg\" title=\"\" >\n\t\t\t\t\t\t\t\t\t\t\t\t\t\t\t\t<img decoding=\"async\" width=&quot;150&quot; height=&quot;150&quot; style=\"width:150px; height:150px; border-width: 10px; border-color:#F1F1F1;border: 10px solid #F1F1F1\" alt=\"\" title=\"\" src=\"https:\/\/www.fintamuzeum.hu\/wp-content\/uploads\/2018\/05\/DSC_2265_lo-150x150.jpg\" rel=\"https:\/\/www.fintamuzeum.hu\/wp-content\/uploads\/2018\/05\/DSC_2265_lo.jpg\" \/>\t\t\t\t\t\t\t\t\t\t\t\t\t\t\t<\/a>\n\t\t\t\t\t\t\t\t\t\t\t\t\t\t\t\t\t\t\t\t\t\t\t\t\t\t<\/p>\n\t\t\t\t\t\t\t\t\t\t\t\t\t\t\t\t\t\t\t\t\t\t\t\t\t<div \n\t\t\t\t\t\t\t\t\t\t\t\t\tstyle=\"width:170px;\"\t\t\t\t\t\t\t\t\t\t\t\t\tclass=\"gllr_single_image_text gllr_single_image_text_under\">&nbsp;<\/div>\n\t\t\t\t\t\t\t\t\t\t\t\t\t\t\t\t\t\t\t\t\t\t\t<\/div><!-- .gllr_image_block -->\n\t\t\t\t\t\t\t\t\t\t\t\t\t\t\t\t\t\t\t\t\t<\/div><!-- .gllr_image_row -->\n\t\t\t\t\t\t\t\t\t\t\t\t\t\t\t\t\t\t\t\t\t\t<div class=\"gllr_image_row\">\n\t\t\t\t\t\t\t\t\t\t\t\t\t\t\t\t\t\t\t\t\t<div class=\"gllr_image_block\">\n\t\t\t\t\t\t\t\t\t\t\t\t<p style=\"\n\t\t\t\t\t\t\t\t\t\t\t\twidth:170px;height:170px;\t\t\t\t\t\t\t\t\t\t\t\t\">\n\t\t\t\t\t\t\t\t\t\t\t\t\t\t\t\t\t\t\t\t\t\t\t\t\t\t\t\t<a data-fancybox=\"gallery_fancybox_3507\" href=\"https:\/\/www.fintamuzeum.hu\/wp-content\/uploads\/2018\/05\/DSC_2258_lo.jpg\" title=\"\" >\n\t\t\t\t\t\t\t\t\t\t\t\t\t\t\t\t<img decoding=\"async\" width=&quot;150&quot; height=&quot;150&quot; style=\"width:150px; height:150px; border-width: 10px; border-color:#F1F1F1;border: 10px solid #F1F1F1\" alt=\"\" title=\"\" src=\"https:\/\/www.fintamuzeum.hu\/wp-content\/uploads\/2018\/05\/DSC_2258_lo-150x150.jpg\" rel=\"https:\/\/www.fintamuzeum.hu\/wp-content\/uploads\/2018\/05\/DSC_2258_lo.jpg\" \/>\t\t\t\t\t\t\t\t\t\t\t\t\t\t\t<\/a>\n\t\t\t\t\t\t\t\t\t\t\t\t\t\t\t\t\t\t\t\t\t\t\t\t\t\t<\/p>\n\t\t\t\t\t\t\t\t\t\t\t\t\t\t\t\t\t\t\t\t\t\t\t\t\t<div \n\t\t\t\t\t\t\t\t\t\t\t\t\tstyle=\"width:170px;\"\t\t\t\t\t\t\t\t\t\t\t\t\tclass=\"gllr_single_image_text gllr_single_image_text_under\">&nbsp;<\/div>\n\t\t\t\t\t\t\t\t\t\t\t\t\t\t\t\t\t\t\t\t\t\t\t<\/div><!-- .gllr_image_block -->\n\t\t\t\t\t\t\t\t\t\t\t\t\t\t\t\t\t\t\t\t\t<div class=\"gllr_image_block\">\n\t\t\t\t\t\t\t\t\t\t\t\t<p style=\"\n\t\t\t\t\t\t\t\t\t\t\t\twidth:170px;height:170px;\t\t\t\t\t\t\t\t\t\t\t\t\">\n\t\t\t\t\t\t\t\t\t\t\t\t\t\t\t\t\t\t\t\t\t\t\t\t\t\t\t\t<a data-fancybox=\"gallery_fancybox_3507\" href=\"https:\/\/www.fintamuzeum.hu\/wp-content\/uploads\/2018\/05\/DSC_2255_lo.jpg\" title=\"\" >\n\t\t\t\t\t\t\t\t\t\t\t\t\t\t\t\t<img decoding=\"async\" width=&quot;150&quot; height=&quot;150&quot; style=\"width:150px; height:150px; border-width: 10px; border-color:#F1F1F1;border: 10px solid #F1F1F1\" alt=\"\" title=\"\" src=\"https:\/\/www.fintamuzeum.hu\/wp-content\/uploads\/2018\/05\/DSC_2255_lo-150x150.jpg\" rel=\"https:\/\/www.fintamuzeum.hu\/wp-content\/uploads\/2018\/05\/DSC_2255_lo.jpg\" \/>\t\t\t\t\t\t\t\t\t\t\t\t\t\t\t<\/a>\n\t\t\t\t\t\t\t\t\t\t\t\t\t\t\t\t\t\t\t\t\t\t\t\t\t\t<\/p>\n\t\t\t\t\t\t\t\t\t\t\t\t\t\t\t\t\t\t\t\t\t\t\t\t\t<div \n\t\t\t\t\t\t\t\t\t\t\t\t\tstyle=\"width:170px;\"\t\t\t\t\t\t\t\t\t\t\t\t\tclass=\"gllr_single_image_text gllr_single_image_text_under\">&nbsp;<\/div>\n\t\t\t\t\t\t\t\t\t\t\t\t\t\t\t\t\t\t\t\t\t\t\t<\/div><!-- .gllr_image_block -->\n\t\t\t\t\t\t\t\t\t\t\t\t\t\t\t\t\t\t\t\t\t<div class=\"gllr_image_block\">\n\t\t\t\t\t\t\t\t\t\t\t\t<p style=\"\n\t\t\t\t\t\t\t\t\t\t\t\twidth:170px;height:170px;\t\t\t\t\t\t\t\t\t\t\t\t\">\n\t\t\t\t\t\t\t\t\t\t\t\t\t\t\t\t\t\t\t\t\t\t\t\t\t\t\t\t<a data-fancybox=\"gallery_fancybox_3507\" href=\"https:\/\/www.fintamuzeum.hu\/wp-content\/uploads\/2018\/05\/DSC_2246_lo.jpg\" title=\"\" >\n\t\t\t\t\t\t\t\t\t\t\t\t\t\t\t\t<img decoding=\"async\" width=&quot;150&quot; height=&quot;150&quot; style=\"width:150px; height:150px; border-width: 10px; border-color:#F1F1F1;border: 10px solid #F1F1F1\" alt=\"\" title=\"\" src=\"https:\/\/www.fintamuzeum.hu\/wp-content\/uploads\/2018\/05\/DSC_2246_lo-150x150.jpg\" rel=\"https:\/\/www.fintamuzeum.hu\/wp-content\/uploads\/2018\/05\/DSC_2246_lo.jpg\" \/>\t\t\t\t\t\t\t\t\t\t\t\t\t\t\t<\/a>\n\t\t\t\t\t\t\t\t\t\t\t\t\t\t\t\t\t\t\t\t\t\t\t\t\t\t<\/p>\n\t\t\t\t\t\t\t\t\t\t\t\t\t\t\t\t\t\t\t\t\t\t\t\t\t<div \n\t\t\t\t\t\t\t\t\t\t\t\t\tstyle=\"width:170px;\"\t\t\t\t\t\t\t\t\t\t\t\t\tclass=\"gllr_single_image_text gllr_single_image_text_under\">&nbsp;<\/div>\n\t\t\t\t\t\t\t\t\t\t\t\t\t\t\t\t\t\t\t\t\t\t\t<\/div><!-- .gllr_image_block -->\n\t\t\t\t\t\t\t\t\t\t\t\t\t\t\t\t\t\t\t\t\t<\/div><!-- .gllr_image_row -->\n\t\t\t\t\t\t\t\t\t\t\t\t\t\t\t\t\t\t\t\t\t\t<div class=\"gllr_image_row\">\n\t\t\t\t\t\t\t\t\t\t\t\t\t\t\t\t\t\t\t\t\t<div class=\"gllr_image_block\">\n\t\t\t\t\t\t\t\t\t\t\t\t<p style=\"\n\t\t\t\t\t\t\t\t\t\t\t\twidth:170px;height:170px;\t\t\t\t\t\t\t\t\t\t\t\t\">\n\t\t\t\t\t\t\t\t\t\t\t\t\t\t\t\t\t\t\t\t\t\t\t\t\t\t\t\t<a data-fancybox=\"gallery_fancybox_3507\" href=\"https:\/\/www.fintamuzeum.hu\/wp-content\/uploads\/2018\/05\/DSC_2244_lo.jpg\" title=\"\" >\n\t\t\t\t\t\t\t\t\t\t\t\t\t\t\t\t<img decoding=\"async\" width=&quot;150&quot; height=&quot;150&quot; style=\"width:150px; height:150px; border-width: 10px; border-color:#F1F1F1;border: 10px solid #F1F1F1\" alt=\"\" title=\"\" src=\"https:\/\/www.fintamuzeum.hu\/wp-content\/uploads\/2018\/05\/DSC_2244_lo-150x150.jpg\" rel=\"https:\/\/www.fintamuzeum.hu\/wp-content\/uploads\/2018\/05\/DSC_2244_lo.jpg\" \/>\t\t\t\t\t\t\t\t\t\t\t\t\t\t\t<\/a>\n\t\t\t\t\t\t\t\t\t\t\t\t\t\t\t\t\t\t\t\t\t\t\t\t\t\t<\/p>\n\t\t\t\t\t\t\t\t\t\t\t\t\t\t\t\t\t\t\t\t\t\t\t\t\t<div \n\t\t\t\t\t\t\t\t\t\t\t\t\tstyle=\"width:170px;\"\t\t\t\t\t\t\t\t\t\t\t\t\tclass=\"gllr_single_image_text gllr_single_image_text_under\">&nbsp;<\/div>\n\t\t\t\t\t\t\t\t\t\t\t\t\t\t\t\t\t\t\t\t\t\t\t<\/div><!-- .gllr_image_block -->\n\t\t\t\t\t\t\t\t\t\t\t\t\t\t\t\t\t\t\t\t\t<div class=\"gllr_image_block\">\n\t\t\t\t\t\t\t\t\t\t\t\t<p style=\"\n\t\t\t\t\t\t\t\t\t\t\t\twidth:170px;height:170px;\t\t\t\t\t\t\t\t\t\t\t\t\">\n\t\t\t\t\t\t\t\t\t\t\t\t\t\t\t\t\t\t\t\t\t\t\t\t\t\t\t\t<a data-fancybox=\"gallery_fancybox_3507\" href=\"https:\/\/www.fintamuzeum.hu\/wp-content\/uploads\/2018\/05\/DSC_2232_lo.jpg\" title=\"\" >\n\t\t\t\t\t\t\t\t\t\t\t\t\t\t\t\t<img decoding=\"async\" width=&quot;150&quot; height=&quot;150&quot; style=\"width:150px; height:150px; border-width: 10px; border-color:#F1F1F1;border: 10px solid #F1F1F1\" alt=\"\" title=\"\" src=\"https:\/\/www.fintamuzeum.hu\/wp-content\/uploads\/2018\/05\/DSC_2232_lo-150x150.jpg\" rel=\"https:\/\/www.fintamuzeum.hu\/wp-content\/uploads\/2018\/05\/DSC_2232_lo.jpg\" \/>\t\t\t\t\t\t\t\t\t\t\t\t\t\t\t<\/a>\n\t\t\t\t\t\t\t\t\t\t\t\t\t\t\t\t\t\t\t\t\t\t\t\t\t\t<\/p>\n\t\t\t\t\t\t\t\t\t\t\t\t\t\t\t\t\t\t\t\t\t\t\t\t\t<div \n\t\t\t\t\t\t\t\t\t\t\t\t\tstyle=\"width:170px;\"\t\t\t\t\t\t\t\t\t\t\t\t\tclass=\"gllr_single_image_text gllr_single_image_text_under\">&nbsp;<\/div>\n\t\t\t\t\t\t\t\t\t\t\t\t\t\t\t\t\t\t\t\t\t\t\t<\/div><!-- .gllr_image_block -->\n\t\t\t\t\t\t\t\t\t\t\t\t\t\t\t\t\t\t\t\t\t<div class=\"gllr_image_block\">\n\t\t\t\t\t\t\t\t\t\t\t\t<p style=\"\n\t\t\t\t\t\t\t\t\t\t\t\twidth:170px;height:170px;\t\t\t\t\t\t\t\t\t\t\t\t\">\n\t\t\t\t\t\t\t\t\t\t\t\t\t\t\t\t\t\t\t\t\t\t\t\t\t\t\t\t<a data-fancybox=\"gallery_fancybox_3507\" href=\"https:\/\/www.fintamuzeum.hu\/wp-content\/uploads\/2018\/05\/DSC_2229_lo.jpg\" title=\"\" >\n\t\t\t\t\t\t\t\t\t\t\t\t\t\t\t\t<img decoding=\"async\" width=&quot;150&quot; height=&quot;150&quot; style=\"width:150px; height:150px; border-width: 10px; border-color:#F1F1F1;border: 10px solid #F1F1F1\" alt=\"\" title=\"\" src=\"https:\/\/www.fintamuzeum.hu\/wp-content\/uploads\/2018\/05\/DSC_2229_lo-150x150.jpg\" rel=\"https:\/\/www.fintamuzeum.hu\/wp-content\/uploads\/2018\/05\/DSC_2229_lo.jpg\" \/>\t\t\t\t\t\t\t\t\t\t\t\t\t\t\t<\/a>\n\t\t\t\t\t\t\t\t\t\t\t\t\t\t\t\t\t\t\t\t\t\t\t\t\t\t<\/p>\n\t\t\t\t\t\t\t\t\t\t\t\t\t\t\t\t\t\t\t\t\t\t\t\t\t<div \n\t\t\t\t\t\t\t\t\t\t\t\t\tstyle=\"width:170px;\"\t\t\t\t\t\t\t\t\t\t\t\t\tclass=\"gllr_single_image_text gllr_single_image_text_under\">&nbsp;<\/div>\n\t\t\t\t\t\t\t\t\t\t\t\t\t\t\t\t\t\t\t\t\t\t\t<\/div><!-- .gllr_image_block -->\n\t\t\t\t\t\t\t\t\t\t\t\t\t\t\t\t\t\t\t\t\t<\/div><!-- .gllr_image_row -->\n\t\t\t\t\t\t\t\t\t\t\t\t\t\t\t\t\t\t\t\t\t\t<div class=\"gllr_image_row\">\n\t\t\t\t\t\t\t\t\t\t\t\t\t\t\t\t\t\t\t\t\t<div class=\"gllr_image_block\">\n\t\t\t\t\t\t\t\t\t\t\t\t<p style=\"\n\t\t\t\t\t\t\t\t\t\t\t\twidth:170px;height:170px;\t\t\t\t\t\t\t\t\t\t\t\t\">\n\t\t\t\t\t\t\t\t\t\t\t\t\t\t\t\t\t\t\t\t\t\t\t\t\t\t\t\t<a data-fancybox=\"gallery_fancybox_3507\" href=\"https:\/\/www.fintamuzeum.hu\/wp-content\/uploads\/2018\/05\/DSC_2203_lo.jpg\" title=\"\" >\n\t\t\t\t\t\t\t\t\t\t\t\t\t\t\t\t<img decoding=\"async\" width=&quot;150&quot; height=&quot;150&quot; style=\"width:150px; height:150px; border-width: 10px; border-color:#F1F1F1;border: 10px solid #F1F1F1\" alt=\"\" title=\"\" src=\"https:\/\/www.fintamuzeum.hu\/wp-content\/uploads\/2018\/05\/DSC_2203_lo-150x150.jpg\" rel=\"https:\/\/www.fintamuzeum.hu\/wp-content\/uploads\/2018\/05\/DSC_2203_lo.jpg\" \/>\t\t\t\t\t\t\t\t\t\t\t\t\t\t\t<\/a>\n\t\t\t\t\t\t\t\t\t\t\t\t\t\t\t\t\t\t\t\t\t\t\t\t\t\t<\/p>\n\t\t\t\t\t\t\t\t\t\t\t\t\t\t\t\t\t\t\t\t\t\t\t\t\t<div \n\t\t\t\t\t\t\t\t\t\t\t\t\tstyle=\"width:170px;\"\t\t\t\t\t\t\t\t\t\t\t\t\tclass=\"gllr_single_image_text gllr_single_image_text_under\">&nbsp;<\/div>\n\t\t\t\t\t\t\t\t\t\t\t\t\t\t\t\t\t\t\t\t\t\t\t<\/div><!-- .gllr_image_block -->\n\t\t\t\t\t\t\t\t\t\t\t\t\t\t\t\t\t\t\t\t\t<div class=\"gllr_image_block\">\n\t\t\t\t\t\t\t\t\t\t\t\t<p style=\"\n\t\t\t\t\t\t\t\t\t\t\t\twidth:170px;height:170px;\t\t\t\t\t\t\t\t\t\t\t\t\">\n\t\t\t\t\t\t\t\t\t\t\t\t\t\t\t\t\t\t\t\t\t\t\t\t\t\t\t\t<a data-fancybox=\"gallery_fancybox_3507\" href=\"https:\/\/www.fintamuzeum.hu\/wp-content\/uploads\/2018\/05\/DSC_2194_lo.jpg\" title=\"\" >\n\t\t\t\t\t\t\t\t\t\t\t\t\t\t\t\t<img decoding=\"async\" width=&quot;150&quot; height=&quot;150&quot; style=\"width:150px; height:150px; border-width: 10px; border-color:#F1F1F1;border: 10px solid #F1F1F1\" alt=\"\" title=\"\" src=\"https:\/\/www.fintamuzeum.hu\/wp-content\/uploads\/2018\/05\/DSC_2194_lo-150x150.jpg\" rel=\"https:\/\/www.fintamuzeum.hu\/wp-content\/uploads\/2018\/05\/DSC_2194_lo.jpg\" \/>\t\t\t\t\t\t\t\t\t\t\t\t\t\t\t<\/a>\n\t\t\t\t\t\t\t\t\t\t\t\t\t\t\t\t\t\t\t\t\t\t\t\t\t\t<\/p>\n\t\t\t\t\t\t\t\t\t\t\t\t\t\t\t\t\t\t\t\t\t\t\t\t\t<div \n\t\t\t\t\t\t\t\t\t\t\t\t\tstyle=\"width:170px;\"\t\t\t\t\t\t\t\t\t\t\t\t\tclass=\"gllr_single_image_text gllr_single_image_text_under\">&nbsp;<\/div>\n\t\t\t\t\t\t\t\t\t\t\t\t\t\t\t\t\t\t\t\t\t\t\t<\/div><!-- .gllr_image_block -->\n\t\t\t\t\t\t\t\t\t\t\t\t\t\t\t\t\t\t\t\t\t<div class=\"gllr_image_block\">\n\t\t\t\t\t\t\t\t\t\t\t\t<p style=\"\n\t\t\t\t\t\t\t\t\t\t\t\twidth:170px;height:170px;\t\t\t\t\t\t\t\t\t\t\t\t\">\n\t\t\t\t\t\t\t\t\t\t\t\t\t\t\t\t\t\t\t\t\t\t\t\t\t\t\t\t<a data-fancybox=\"gallery_fancybox_3507\" href=\"https:\/\/www.fintamuzeum.hu\/wp-content\/uploads\/2018\/05\/DSC_2190_lo.jpg\" title=\"\" >\n\t\t\t\t\t\t\t\t\t\t\t\t\t\t\t\t<img decoding=\"async\" width=&quot;150&quot; height=&quot;150&quot; style=\"width:150px; height:150px; border-width: 10px; border-color:#F1F1F1;border: 10px solid #F1F1F1\" alt=\"\" title=\"\" src=\"https:\/\/www.fintamuzeum.hu\/wp-content\/uploads\/2018\/05\/DSC_2190_lo-150x150.jpg\" rel=\"https:\/\/www.fintamuzeum.hu\/wp-content\/uploads\/2018\/05\/DSC_2190_lo.jpg\" \/>\t\t\t\t\t\t\t\t\t\t\t\t\t\t\t<\/a>\n\t\t\t\t\t\t\t\t\t\t\t\t\t\t\t\t\t\t\t\t\t\t\t\t\t\t<\/p>\n\t\t\t\t\t\t\t\t\t\t\t\t\t\t\t\t\t\t\t\t\t\t\t\t\t<div \n\t\t\t\t\t\t\t\t\t\t\t\t\tstyle=\"width:170px;\"\t\t\t\t\t\t\t\t\t\t\t\t\tclass=\"gllr_single_image_text gllr_single_image_text_under\">&nbsp;<\/div>\n\t\t\t\t\t\t\t\t\t\t\t\t\t\t\t\t\t\t\t\t\t\t\t<\/div><!-- .gllr_image_block -->\n\t\t\t\t\t\t\t\t\t\t\t\t\t\t\t\t\t\t\t\t\t<\/div><!-- .gllr_image_row -->\n\t\t\t\t\t\t\t\t\t\t\t\t\t\t\t\t\t\t\t<\/div><!-- .gallery.clearfix -->\n\t\t\t\t\t\t\t\t\t\t\t\t\t\t<\/div><!-- .gallery_box_single -->\n\t\t\t\t\t\t<div class=\"gllr_clear\"><\/div>\n\t\t\t\t\t\t\n<p>&nbsp;<\/p>\n","protected":false},"excerpt":{"rendered":"<p>Szakmai \u00f6n\u00e9letrajz Karcagon \u00e9lek \u00e9s itt is sz\u00fclettem, 1959-ben. A fotogr\u00e1fi\u00e1val akt\u00edvabban 2005-t\u0151l foglalkozom, amikor a kaposv\u00e1ri m\u0171v\u00e9szeti f\u0151iskol\u00e1n, tanulm\u00e1nyaim sor\u00e1n behat\u00f3bban is volt m\u00f3dom ezzel a m\u0171fajjal megismerkedni. Mint alkot\u00f3 az elm\u00falt id\u0151szakban sz\u00e1mos fotogr\u00e1fiai m\u0171fajt \u00e9s technik\u00e1t pr\u00f3b\u00e1ltam &hellip; <a href=\"https:\/\/www.fintamuzeum.hu\/?gallery=kabai-laszlo-pasztorelet-a-nagykunsagban-a-xxi-szazadban-megnyito\">Egy kattint\u00e1s ide a folytat\u00e1shoz&#8230;. <span class=\"meta-nav\">&rarr;<\/span><\/a><\/p>\n","protected":false},"author":2,"featured_media":0,"parent":4297,"menu_order":0,"comment_status":"closed","ping_status":"closed","template":"","meta":{"footnotes":""},"class_list":["post-3492","page","type-page","status-publish","hentry"],"_links":{"self":[{"href":"https:\/\/www.fintamuzeum.hu\/index.php?rest_route=\/wp\/v2\/pages\/3492","targetHints":{"allow":["GET"]}}],"collection":[{"href":"https:\/\/www.fintamuzeum.hu\/index.php?rest_route=\/wp\/v2\/pages"}],"about":[{"href":"https:\/\/www.fintamuzeum.hu\/index.php?rest_route=\/wp\/v2\/types\/page"}],"author":[{"embeddable":true,"href":"https:\/\/www.fintamuzeum.hu\/index.php?rest_route=\/wp\/v2\/users\/2"}],"replies":[{"embeddable":true,"href":"https:\/\/www.fintamuzeum.hu\/index.php?rest_route=%2Fwp%2Fv2%2Fcomments&post=3492"}],"version-history":[{"count":6,"href":"https:\/\/www.fintamuzeum.hu\/index.php?rest_route=\/wp\/v2\/pages\/3492\/revisions"}],"predecessor-version":[{"id":3528,"href":"https:\/\/www.fintamuzeum.hu\/index.php?rest_route=\/wp\/v2\/pages\/3492\/revisions\/3528"}],"up":[{"embeddable":true,"href":"https:\/\/www.fintamuzeum.hu\/index.php?rest_route=\/wp\/v2\/pages\/4297"}],"wp:attachment":[{"href":"https:\/\/www.fintamuzeum.hu\/index.php?rest_route=%2Fwp%2Fv2%2Fmedia&parent=3492"}],"curies":[{"name":"wp","href":"https:\/\/api.w.org\/{rel}","templated":true}]}}