{"id":1880,"date":"2015-03-19T11:29:42","date_gmt":"2015-03-19T10:29:42","guid":{"rendered":"http:\/\/www.fintamuzeum.hu\/?page_id=1880"},"modified":"2020-09-14T13:51:48","modified_gmt":"2020-09-14T11:51:48","slug":"1880-2","status":"publish","type":"page","link":"https:\/\/www.fintamuzeum.hu\/?page_id=1880","title":{"rendered":"Nem enged\u00fcnk a 48-b\u00f3l"},"content":{"rendered":"<p>T\u00f6bb mint f\u00e9l \u00e9vsz\u00e1zaddal az 1848-49-es szabads\u00e1gharc ut\u00e1n Kolozsv\u00e1ri Orsz\u00e1gos T\u00f6rt\u00e9nelmi Ereklyem\u00fazeum felh\u00edv\u00e1st tett k\u00f6zz\u00e9 mely szerint a m\u00e9g \u00e9l\u0151 1848-49-es honv\u00e9dek fot\u00f3ib\u00f3l egy nagyszab\u00e1s\u00fa ki\u00e1ll\u00edt\u00e1st k\u00edv\u00e1nt rendezni. Ehhez Plohn J\u00f3zsef h\u00f3dmez\u0151v\u00e1s\u00e1rhelyi f\u00e9nyk\u00e9p\u00e9sz t\u00f6bb mint sz\u00e1z\u00f6tven portr\u00e9t k\u00e9sz\u00edtett el. A Tornyai J\u00e1nos M\u00fazeum \u00e9s K\u00f6zm\u0171vel\u0151d\u00e9si K\u00f6zpont seg\u00edts\u00e9g\u00e9vel ennek egy r\u00e9sze tekinthet\u0151 meg a Vad\u00e1sz P\u00e1l Ki\u00e1ll\u00edt\u00f3teremben.<\/p>\n\t\t\t\t\t\t<div class=\"gallery_box_single\">\n\t\t\t\t\t\t\t\t\t\t\t\t\t\t\t<div class=\"gallery gllr_grid\" data-gllr-columns=\"3\" data-gllr-border-width=\"10\">\n\t\t\t\t\t\t\t\t\t\t\t\t\t\t\t\t\t\t\t\t<div class=\"gllr_image_row\">\n\t\t\t\t\t\t\t\t\t\t\t\t\t\t\t\t\t\t\t\t\t<div class=\"gllr_image_block\">\n\t\t\t\t\t\t\t\t\t\t\t\t<p style=\"\n\t\t\t\t\t\t\t\t\t\t\t\twidth:170px;height:170px;\t\t\t\t\t\t\t\t\t\t\t\t\">\n\t\t\t\t\t\t\t\t\t\t\t\t\t\t\t\t\t\t\t\t\t\t\t\t\t\t\t\t<a data-fancybox=\"gallery_fancybox_1869\" href=\"https:\/\/www.fintamuzeum.hu\/wp-content\/uploads\/2015\/03\/DSC_0009lo.jpg\" title=\"\" >\n\t\t\t\t\t\t\t\t\t\t\t\t\t\t\t\t<img decoding=\"async\" width=&quot;150&quot; height=&quot;150&quot; style=\"width:150px; height:150px; border-width: 10px; border-color:#F1F1F1;border: 10px solid #F1F1F1\" alt=\"\" title=\"\" src=\"https:\/\/www.fintamuzeum.hu\/wp-content\/uploads\/2015\/03\/DSC_0009lo-150x150.jpg\" rel=\"https:\/\/www.fintamuzeum.hu\/wp-content\/uploads\/2015\/03\/DSC_0009lo.jpg\" \/>\t\t\t\t\t\t\t\t\t\t\t\t\t\t\t<\/a>\n\t\t\t\t\t\t\t\t\t\t\t\t\t\t\t\t\t\t\t\t\t\t\t\t\t\t<\/p>\n\t\t\t\t\t\t\t\t\t\t\t\t\t\t\t\t\t\t\t\t\t\t\t\t\t<div \n\t\t\t\t\t\t\t\t\t\t\t\t\tstyle=\"width:170px;\"\t\t\t\t\t\t\t\t\t\t\t\t\tclass=\"gllr_single_image_text gllr_single_image_text_under\">&nbsp;<\/div>\n\t\t\t\t\t\t\t\t\t\t\t\t\t\t\t\t\t\t\t\t\t\t\t<\/div><!-- .gllr_image_block -->\n\t\t\t\t\t\t\t\t\t\t\t\t\t\t\t\t\t\t\t\t\t<div class=\"gllr_image_block\">\n\t\t\t\t\t\t\t\t\t\t\t\t<p style=\"\n\t\t\t\t\t\t\t\t\t\t\t\twidth:170px;height:170px;\t\t\t\t\t\t\t\t\t\t\t\t\">\n\t\t\t\t\t\t\t\t\t\t\t\t\t\t\t\t\t\t\t\t\t\t\t\t\t\t\t\t<a data-fancybox=\"gallery_fancybox_1869\" href=\"https:\/\/www.fintamuzeum.hu\/wp-content\/uploads\/2015\/03\/DSC_0013lo.jpg\" title=\"\" >\n\t\t\t\t\t\t\t\t\t\t\t\t\t\t\t\t<img decoding=\"async\" width=&quot;150&quot; height=&quot;150&quot; style=\"width:150px; height:150px; border-width: 10px; border-color:#F1F1F1;border: 10px solid #F1F1F1\" alt=\"\" title=\"\" src=\"https:\/\/www.fintamuzeum.hu\/wp-content\/uploads\/2015\/03\/DSC_0013lo-150x150.jpg\" rel=\"https:\/\/www.fintamuzeum.hu\/wp-content\/uploads\/2015\/03\/DSC_0013lo.jpg\" \/>\t\t\t\t\t\t\t\t\t\t\t\t\t\t\t<\/a>\n\t\t\t\t\t\t\t\t\t\t\t\t\t\t\t\t\t\t\t\t\t\t\t\t\t\t<\/p>\n\t\t\t\t\t\t\t\t\t\t\t\t\t\t\t\t\t\t\t\t\t\t\t\t\t<div \n\t\t\t\t\t\t\t\t\t\t\t\t\tstyle=\"width:170px;\"\t\t\t\t\t\t\t\t\t\t\t\t\tclass=\"gllr_single_image_text gllr_single_image_text_under\">&nbsp;<\/div>\n\t\t\t\t\t\t\t\t\t\t\t\t\t\t\t\t\t\t\t\t\t\t\t<\/div><!-- .gllr_image_block -->\n\t\t\t\t\t\t\t\t\t\t\t\t\t\t\t\t\t\t\t\t\t<div class=\"gllr_image_block\">\n\t\t\t\t\t\t\t\t\t\t\t\t<p style=\"\n\t\t\t\t\t\t\t\t\t\t\t\twidth:170px;height:170px;\t\t\t\t\t\t\t\t\t\t\t\t\">\n\t\t\t\t\t\t\t\t\t\t\t\t\t\t\t\t\t\t\t\t\t\t\t\t\t\t\t\t<a data-fancybox=\"gallery_fancybox_1869\" href=\"https:\/\/www.fintamuzeum.hu\/wp-content\/uploads\/2015\/03\/DSC_0048lo.jpg\" title=\"\" >\n\t\t\t\t\t\t\t\t\t\t\t\t\t\t\t\t<img decoding=\"async\" width=&quot;150&quot; height=&quot;150&quot; style=\"width:150px; height:150px; border-width: 10px; border-color:#F1F1F1;border: 10px solid #F1F1F1\" alt=\"\" title=\"\" src=\"https:\/\/www.fintamuzeum.hu\/wp-content\/uploads\/2015\/03\/DSC_0048lo-150x150.jpg\" rel=\"https:\/\/www.fintamuzeum.hu\/wp-content\/uploads\/2015\/03\/DSC_0048lo.jpg\" \/>\t\t\t\t\t\t\t\t\t\t\t\t\t\t\t<\/a>\n\t\t\t\t\t\t\t\t\t\t\t\t\t\t\t\t\t\t\t\t\t\t\t\t\t\t<\/p>\n\t\t\t\t\t\t\t\t\t\t\t\t\t\t\t\t\t\t\t\t\t\t\t\t\t<div \n\t\t\t\t\t\t\t\t\t\t\t\t\tstyle=\"width:170px;\"\t\t\t\t\t\t\t\t\t\t\t\t\tclass=\"gllr_single_image_text gllr_single_image_text_under\">&nbsp;<\/div>\n\t\t\t\t\t\t\t\t\t\t\t\t\t\t\t\t\t\t\t\t\t\t\t<\/div><!-- .gllr_image_block -->\n\t\t\t\t\t\t\t\t\t\t\t\t\t\t\t\t\t\t\t\t\t<\/div><!-- .gllr_image_row -->\n\t\t\t\t\t\t\t\t\t\t\t\t\t\t\t\t\t\t\t\t\t\t<div class=\"gllr_image_row\">\n\t\t\t\t\t\t\t\t\t\t\t\t\t\t\t\t\t\t\t\t\t<div class=\"gllr_image_block\">\n\t\t\t\t\t\t\t\t\t\t\t\t<p style=\"\n\t\t\t\t\t\t\t\t\t\t\t\twidth:170px;height:170px;\t\t\t\t\t\t\t\t\t\t\t\t\">\n\t\t\t\t\t\t\t\t\t\t\t\t\t\t\t\t\t\t\t\t\t\t\t\t\t\t\t\t<a data-fancybox=\"gallery_fancybox_1869\" href=\"https:\/\/www.fintamuzeum.hu\/wp-content\/uploads\/2015\/03\/DSCF8496lo.JPG\" title=\"\" >\n\t\t\t\t\t\t\t\t\t\t\t\t\t\t\t\t<img decoding=\"async\" width=&quot;150&quot; height=&quot;150&quot; style=\"width:150px; height:150px; border-width: 10px; border-color:#F1F1F1;border: 10px solid #F1F1F1\" alt=\"\" title=\"\" src=\"https:\/\/www.fintamuzeum.hu\/wp-content\/uploads\/2015\/03\/DSCF8496lo-150x150.jpg\" rel=\"https:\/\/www.fintamuzeum.hu\/wp-content\/uploads\/2015\/03\/DSCF8496lo.JPG\" \/>\t\t\t\t\t\t\t\t\t\t\t\t\t\t\t<\/a>\n\t\t\t\t\t\t\t\t\t\t\t\t\t\t\t\t\t\t\t\t\t\t\t\t\t\t<\/p>\n\t\t\t\t\t\t\t\t\t\t\t\t\t\t\t\t\t\t\t\t\t\t\t\t\t<div \n\t\t\t\t\t\t\t\t\t\t\t\t\tstyle=\"width:170px;\"\t\t\t\t\t\t\t\t\t\t\t\t\tclass=\"gllr_single_image_text gllr_single_image_text_under\">&nbsp;<\/div>\n\t\t\t\t\t\t\t\t\t\t\t\t\t\t\t\t\t\t\t\t\t\t\t<\/div><!-- .gllr_image_block -->\n\t\t\t\t\t\t\t\t\t\t\t\t\t\t\t\t\t\t\t\t\t<div class=\"gllr_image_block\">\n\t\t\t\t\t\t\t\t\t\t\t\t<p style=\"\n\t\t\t\t\t\t\t\t\t\t\t\twidth:170px;height:170px;\t\t\t\t\t\t\t\t\t\t\t\t\">\n\t\t\t\t\t\t\t\t\t\t\t\t\t\t\t\t\t\t\t\t\t\t\t\t\t\t\t\t<a data-fancybox=\"gallery_fancybox_1869\" href=\"https:\/\/www.fintamuzeum.hu\/wp-content\/uploads\/2015\/03\/DSC_0050lo.jpg\" title=\"\" >\n\t\t\t\t\t\t\t\t\t\t\t\t\t\t\t\t<img decoding=\"async\" width=&quot;150&quot; height=&quot;150&quot; style=\"width:150px; height:150px; border-width: 10px; border-color:#F1F1F1;border: 10px solid #F1F1F1\" alt=\"\" title=\"\" src=\"https:\/\/www.fintamuzeum.hu\/wp-content\/uploads\/2015\/03\/DSC_0050lo-150x150.jpg\" rel=\"https:\/\/www.fintamuzeum.hu\/wp-content\/uploads\/2015\/03\/DSC_0050lo.jpg\" \/>\t\t\t\t\t\t\t\t\t\t\t\t\t\t\t<\/a>\n\t\t\t\t\t\t\t\t\t\t\t\t\t\t\t\t\t\t\t\t\t\t\t\t\t\t<\/p>\n\t\t\t\t\t\t\t\t\t\t\t\t\t\t\t\t\t\t\t\t\t\t\t\t\t<div \n\t\t\t\t\t\t\t\t\t\t\t\t\tstyle=\"width:170px;\"\t\t\t\t\t\t\t\t\t\t\t\t\tclass=\"gllr_single_image_text gllr_single_image_text_under\">&nbsp;<\/div>\n\t\t\t\t\t\t\t\t\t\t\t\t\t\t\t\t\t\t\t\t\t\t\t<\/div><!-- .gllr_image_block -->\n\t\t\t\t\t\t\t\t\t\t\t\t\t\t\t\t\t\t\t\t\t<div class=\"gllr_image_block\">\n\t\t\t\t\t\t\t\t\t\t\t\t<p style=\"\n\t\t\t\t\t\t\t\t\t\t\t\twidth:170px;height:170px;\t\t\t\t\t\t\t\t\t\t\t\t\">\n\t\t\t\t\t\t\t\t\t\t\t\t\t\t\t\t\t\t\t\t\t\t\t\t\t\t\t\t<a data-fancybox=\"gallery_fancybox_1869\" href=\"https:\/\/www.fintamuzeum.hu\/wp-content\/uploads\/2015\/03\/DSCF8503lo.JPG\" title=\"\" >\n\t\t\t\t\t\t\t\t\t\t\t\t\t\t\t\t<img decoding=\"async\" width=&quot;150&quot; height=&quot;150&quot; style=\"width:150px; height:150px; border-width: 10px; border-color:#F1F1F1;border: 10px solid #F1F1F1\" alt=\"\" title=\"\" src=\"https:\/\/www.fintamuzeum.hu\/wp-content\/uploads\/2015\/03\/DSCF8503lo-150x150.jpg\" rel=\"https:\/\/www.fintamuzeum.hu\/wp-content\/uploads\/2015\/03\/DSCF8503lo.JPG\" \/>\t\t\t\t\t\t\t\t\t\t\t\t\t\t\t<\/a>\n\t\t\t\t\t\t\t\t\t\t\t\t\t\t\t\t\t\t\t\t\t\t\t\t\t\t<\/p>\n\t\t\t\t\t\t\t\t\t\t\t\t\t\t\t\t\t\t\t\t\t\t\t\t\t<div \n\t\t\t\t\t\t\t\t\t\t\t\t\tstyle=\"width:170px;\"\t\t\t\t\t\t\t\t\t\t\t\t\tclass=\"gllr_single_image_text gllr_single_image_text_under\">&nbsp;<\/div>\n\t\t\t\t\t\t\t\t\t\t\t\t\t\t\t\t\t\t\t\t\t\t\t<\/div><!-- .gllr_image_block -->\n\t\t\t\t\t\t\t\t\t\t\t\t\t\t\t\t\t\t\t\t\t<\/div><!-- .gllr_image_row -->\n\t\t\t\t\t\t\t\t\t\t\t\t\t\t\t\t\t\t\t<\/div><!-- .gallery.clearfix -->\n\t\t\t\t\t\t\t\t\t\t\t\t\t\t<\/div><!-- .gallery_box_single -->\n\t\t\t\t\t\t<div class=\"gllr_clear\"><\/div>\n\t\t\t\t\t\t\n","protected":false},"excerpt":{"rendered":"<p>T\u00f6bb mint f\u00e9l \u00e9vsz\u00e1zaddal az 1848-49-es szabads\u00e1gharc ut\u00e1n Kolozsv\u00e1ri Orsz\u00e1gos T\u00f6rt\u00e9nelmi Ereklyem\u00fazeum felh\u00edv\u00e1st tett k\u00f6zz\u00e9 mely szerint a m\u00e9g \u00e9l\u0151 1848-49-es honv\u00e9dek fot\u00f3ib\u00f3l egy nagyszab\u00e1s\u00fa ki\u00e1ll\u00edt\u00e1st k\u00edv\u00e1nt rendezni. Ehhez Plohn J\u00f3zsef h\u00f3dmez\u0151v\u00e1s\u00e1rhelyi f\u00e9nyk\u00e9p\u00e9sz t\u00f6bb mint sz\u00e1z\u00f6tven portr\u00e9t k\u00e9sz\u00edtett el. A &hellip; <a href=\"https:\/\/www.fintamuzeum.hu\/?gallery=nem-engedunk-a-48-bol-plohn-megnyito\">Egy kattint\u00e1s ide a folytat\u00e1shoz&#8230;. <span class=\"meta-nav\">&rarr;<\/span><\/a><\/p>\n","protected":false},"author":2,"featured_media":0,"parent":4291,"menu_order":0,"comment_status":"closed","ping_status":"closed","template":"","meta":{"footnotes":""},"class_list":["post-1880","page","type-page","status-publish","hentry"],"_links":{"self":[{"href":"https:\/\/www.fintamuzeum.hu\/index.php?rest_route=\/wp\/v2\/pages\/1880","targetHints":{"allow":["GET"]}}],"collection":[{"href":"https:\/\/www.fintamuzeum.hu\/index.php?rest_route=\/wp\/v2\/pages"}],"about":[{"href":"https:\/\/www.fintamuzeum.hu\/index.php?rest_route=\/wp\/v2\/types\/page"}],"author":[{"embeddable":true,"href":"https:\/\/www.fintamuzeum.hu\/index.php?rest_route=\/wp\/v2\/users\/2"}],"replies":[{"embeddable":true,"href":"https:\/\/www.fintamuzeum.hu\/index.php?rest_route=%2Fwp%2Fv2%2Fcomments&post=1880"}],"version-history":[{"count":2,"href":"https:\/\/www.fintamuzeum.hu\/index.php?rest_route=\/wp\/v2\/pages\/1880\/revisions"}],"predecessor-version":[{"id":1920,"href":"https:\/\/www.fintamuzeum.hu\/index.php?rest_route=\/wp\/v2\/pages\/1880\/revisions\/1920"}],"up":[{"embeddable":true,"href":"https:\/\/www.fintamuzeum.hu\/index.php?rest_route=\/wp\/v2\/pages\/4291"}],"wp:attachment":[{"href":"https:\/\/www.fintamuzeum.hu\/index.php?rest_route=%2Fwp%2Fv2%2Fmedia&parent=1880"}],"curies":[{"name":"wp","href":"https:\/\/api.w.org\/{rel}","templated":true}]}}